{"id":763,"date":"2018-07-25T16:10:03","date_gmt":"2018-07-25T16:10:03","guid":{"rendered":"https:\/\/www.rumo17.pt\/?post_type=project&#038;p=763"},"modified":"2024-08-05T19:12:29","modified_gmt":"2024-08-05T19:12:29","slug":"congresso-secretaria-geral-ibero-americana","status":"publish","type":"project","link":"https:\/\/carrilho.studio\/en\/project\/congresso-secretaria-geral-ibero-americana\/","title":{"rendered":"ENCONTRO Secretaria-geral Ibero-americana"},"content":{"rendered":"<div class=\"et_d4_element et_pb_section et_pb_section_0  et_pb_css_mix_blend_mode et_section_regular et_block_section\" >\n\t\t\t\t\n\t\t\t\t\n\t\t\t\t\n\t\t\t\t<span class=\"et_pb_background_pattern\"><\/span>\n\t\t\t\t\n\t\t\t\t\n\t\t\t\t<div class=\"et_d4_element et_pb_row et_pb_row_0  et_pb_css_mix_blend_mode et_block_row\">\n\t\t\t\t<div class=\"et_d4_element et_pb_column_4_4 et_pb_column et_pb_column_0  et_pb_css_mix_blend_mode et-last-child et_block_column\">\n\t\t\t\t\n\t\t\t\t\n\t\t\t\t\n\t\t\t\t\n\t\t\t\t<div class=\"et_pb_module et_d4_element et_pb_text et_pb_text_0  et_pb_text_align_left et_pb_bg_layout_light\">\n\t\t\t\t\n\t\t\t\t\n\t\t\t\t\n\t\t\t\t\n\t\t\t\t<div class=\"et_pb_text_inner\"><h3 style=\"text-align: center;\">Secretaria-Geral Ibero-Americana<\/h3>\n<h2 style=\"text-align: center;\">5\u00ba Encontro C\u00edvico<\/h2>\n<h4 style=\"text-align: center;\"><span style=\"text-decoration: underline;\"><a href=\"\/en\/a-equipa\/#umovoacavalo\">Um Ovo a Cavalo<\/a> <\/span>| 2009<\/h4><\/div>\n\t\t\t<\/div>\n\t\t\t<\/div>\n\t\t\t\t\n\t\t\t\t\n\t\t\t\t\n\t\t\t\t\n\t\t\t<\/div>\n\t\t\t\t\n\t\t\t\t\n\t\t\t<\/div><div class=\"et_d4_element et_pb_section et_pb_section_1 et_pb_with_background  et_pb_css_mix_blend_mode et_section_regular et_block_section\" >\n\t\t\t\t\n\t\t\t\t\n\t\t\t\t\n\t\t\t\t\n\t\t\t\t\n\t\t\t\t\n\t\t\t\t<div class=\"et_d4_element et_pb_row et_pb_row_1 et_animated  et_pb_css_mix_blend_mode et_block_row\">\n\t\t\t\t<div class=\"et_d4_element et_pb_column_1_2 et_pb_column et_pb_column_1  et_pb_css_mix_blend_mode et_block_column\">\n\t\t\t\t\n\t\t\t\t\n\t\t\t\t\n\t\t\t\t\n\t\t\t\t<div class=\"et_pb_module et_d4_element et_pb_toggle et_pb_toggle_0 et_pb_toggle_item  et_pb_text_align_left et_pb_toggle_close\">\n\t\t\t\t\n\t\t\t\t\n\t\t\t\t\n\t\t\t\t\n\t\t\t\t<h5 class=\"et_pb_toggle_title\">DESAFIOS<\/h5>\n\t\t\t\t<div class=\"et_pb_toggle_content clearfix\">Adapta\u00e7\u00e3o de uma imagem \u00e0s diversas pe\u00e7as de comunica\u00e7\u00e3o.\r\n\r\nDecora\u00e7\u00e3o de v\u00e1rias salas de hotel, com pe\u00e7as auto sustent\u00e1veis (sem colagens ou pregos)\r<\/div>\n\t\t\t<\/div><div class=\"et_pb_module et_d4_element et_pb_toggle et_pb_toggle_1 et_pb_toggle_item  et_pb_text_align_left et_pb_toggle_close\">\n\t\t\t\t\n\t\t\t\t\n\t\t\t\t\n\t\t\t\t\n\t\t\t\t<h5 class=\"et_pb_toggle_title\">CONTEXTO<\/h5>\n\t\t\t\t<div class=\"et_pb_toggle_content clearfix\">O 5\u00ba Encontro C\u00edvico Ibero-Americano, em Lisboa, e teve uma aten\u00e7\u00e3o medi\u00e1tica importante (nomeadamente nos telejornais).\r\n\r\nA sala do encontro servia tamb\u00e9m de ponto para confer\u00eancias de imprensa.\r<\/div>\n\t\t\t<\/div><div class=\"et_pb_module et_d4_element et_pb_toggle et_pb_toggle_2 et_pb_toggle_item  et_pb_text_align_left et_pb_toggle_close\">\n\t\t\t\t\n\t\t\t\t\n\t\t\t\t\n\t\t\t\t\n\t\t\t\t<h5 class=\"et_pb_toggle_title\">SOLU\u00c7\u00c3O<\/h5>\n\t\t\t\t<div class=\"et_pb_toggle_content clearfix\">A pe\u00e7a de comunica\u00e7\u00e3o principal era o tel\u00e3o da sala 280x700cm (um background para as v\u00e1rias confer\u00eancias de imprensa).\r\n\r\nO material escolhido foi um tecido sem brilho, esticado em bastidores de alum\u00ednio, sem costuras, para n\u00e3o reflectir a luz de flash ou projetores v\u00eddeo. A estrutura estava apoiada em p\u00e9s muito discretos, pois n\u00e3o podia sequer encostar \u00e0 parede da sala.\r\n\r\nNo resto do hotel foram distribu\u00eddas pe\u00e7as com as mesmas caracter\u00edsticas (<em>m\u00f3veis, auto-sustentadas, sem recurso a colagem, ou utiliza\u00e7\u00e3o de pregos<\/em>).\r<\/div>\n\t\t\t<\/div>\n\t\t\t<\/div><div class=\"et_d4_element et_pb_column_1_2 et_pb_column et_pb_column_2  et_pb_css_mix_blend_mode et-last-child et_block_column\">\n\t\t\t\t\n\t\t\t\t\n\t\t\t\t\n\t\t\t\t\n\t\t\t\t<div class=\"et_pb_module et_d4_element et_pb_text et_pb_text_1  et_pb_text_align_left et_pb_bg_layout_light\">\n\t\t\t\t\n\t\t\t\t\n\t\t\t\t\n\t\t\t\t\n\t\t\t\t<div class=\"et_pb_text_inner\">A sua institui\u00e7\u00e3o promove eventos, congressos, conven\u00e7\u00f5es ou confer\u00eancias de imprensa?\r\n\r\nLogotema, incentivos \u00e0 inscri\u00e7\u00e3o, apoio aos congressista e oradores, decora\u00e7\u00e3o gr\u00e1fica do palco, p\u00falpito, mesa oradores, template de powerpoint para as comunica\u00e7\u00f5es e edi\u00e7\u00e3o das conclus\u00f5es.\r\n\r\nCONTACTE-NOS\r<\/div>\n\t\t\t<\/div>\n\t\t\t<\/div>\n\t\t\t\t\n\t\t\t\t\n\t\t\t\t\n\t\t\t\t\n\t\t\t<\/div>\n\t\t\t\t\n\t\t\t\t\n\t\t\t<\/div><div class=\"et_d4_element et_pb_section et_pb_section_2 et_pb_with_background  et_pb_css_mix_blend_mode et_section_regular et_block_section\" >\n\t\t\t\t\n\t\t\t\t\n\t\t\t\t\n\t\t\t\t\n\t\t\t\t\n\t\t\t\t\n\t\t\t\t<div class=\"et_d4_element et_pb_row et_pb_row_2 et_animated  et_pb_css_mix_blend_mode et_block_row\">\n\t\t\t\t<div class=\"et_d4_element et_pb_column_1_2 et_pb_column et_pb_column_3  et_pb_css_mix_blend_mode et_block_column\">\n\t\t\t\t\n\t\t\t\t\n\t\t\t\t\n\t\t\t\t\n\t\t\t\t<div class=\"et_pb_with_border et_pb_module et_d4_element et_pb_image et_pb_image_0 et_pb_image_sticky\">\n\t\t\t\t\n\t\t\t\t\n\t\t\t\t\n\t\t\t\t\n\t\t\t\t<span class=\"et_pb_image_wrap has-box-shadow-overlay\"><div class=\"box-shadow-overlay\"><\/div><img loading=\"lazy\" decoding=\"async\" width=\"550\" height=\"393\" src=\"https:\/\/www.rumo17.pt\/wp-content\/uploads\/2018\/07\/4-SG-I-A-5-Encontro-Civico-2009.jpg\" alt=\"\" title=\"\" srcset=\"https:\/\/carrilho.studio\/wp-content\/uploads\/2018\/07\/4-SG-I-A-5-Encontro-Civico-2009.jpg 550w, https:\/\/carrilho.studio\/wp-content\/uploads\/2018\/07\/4-SG-I-A-5-Encontro-Civico-2009-300x214.jpg 300w\" sizes=\"(max-width: 550px) 100vw, 550px\" class=\"wp-image-767\" \/><\/span>\n\t\t\t<\/div><div class=\"et_pb_module et_d4_element et_pb_text et_pb_text_2  et_pb_text_align_left et_pb_bg_layout_light\">\n\t\t\t\t\n\t\t\t\t\n\t\t\t\t\n\t\t\t\t\n\t\t\t\t<div class=\"et_pb_text_inner\">Cartaz\r<\/div>\n\t\t\t<\/div><div class=\"et_pb_with_border et_pb_module et_d4_element et_pb_image et_pb_image_1 et_pb_image_sticky\">\n\t\t\t\t\n\t\t\t\t\n\t\t\t\t\n\t\t\t\t\n\t\t\t\t<span class=\"et_pb_image_wrap has-box-shadow-overlay\"><div class=\"box-shadow-overlay\"><\/div><img loading=\"lazy\" decoding=\"async\" width=\"550\" height=\"393\" src=\"https:\/\/www.rumo17.pt\/wp-content\/uploads\/2018\/07\/3-SG-I-A-5-Encontro-Civico-2009.jpg\" alt=\"\" title=\"\" srcset=\"https:\/\/carrilho.studio\/wp-content\/uploads\/2018\/07\/3-SG-I-A-5-Encontro-Civico-2009.jpg 550w, https:\/\/carrilho.studio\/wp-content\/uploads\/2018\/07\/3-SG-I-A-5-Encontro-Civico-2009-300x214.jpg 300w\" sizes=\"(max-width: 550px) 100vw, 550px\" class=\"wp-image-766\" \/><\/span>\n\t\t\t<\/div><div class=\"et_pb_module et_d4_element et_pb_text et_pb_text_3  et_pb_text_align_left et_pb_bg_layout_light\">\n\t\t\t\t\n\t\t\t\t\n\t\t\t\t\n\t\t\t\t\n\t\t\t\t<div class=\"et_pb_text_inner\">Material de apoio ao congressista\r<\/div>\n\t\t\t<\/div>\n\t\t\t<\/div><div class=\"et_d4_element et_pb_column_1_2 et_pb_column et_pb_column_4  et_pb_css_mix_blend_mode et-last-child et_block_column\">\n\t\t\t\t\n\t\t\t\t\n\t\t\t\t\n\t\t\t\t\n\t\t\t\t<div class=\"et_pb_with_border et_pb_module et_d4_element et_pb_image et_pb_image_2 et_pb_image_sticky\">\n\t\t\t\t\n\t\t\t\t\n\t\t\t\t\n\t\t\t\t\n\t\t\t\t<span class=\"et_pb_image_wrap has-box-shadow-overlay\"><div class=\"box-shadow-overlay\"><\/div><img loading=\"lazy\" decoding=\"async\" width=\"550\" height=\"393\" src=\"https:\/\/www.rumo17.pt\/wp-content\/uploads\/2018\/07\/2-SG-I-A-5-Encontro-Civico-2009.jpg\" alt=\"\" title=\"\" srcset=\"https:\/\/carrilho.studio\/wp-content\/uploads\/2018\/07\/2-SG-I-A-5-Encontro-Civico-2009.jpg 550w, https:\/\/carrilho.studio\/wp-content\/uploads\/2018\/07\/2-SG-I-A-5-Encontro-Civico-2009-300x214.jpg 300w\" sizes=\"(max-width: 550px) 100vw, 550px\" class=\"wp-image-765\" \/><\/span>\n\t\t\t<\/div><div class=\"et_pb_module et_d4_element et_pb_text et_pb_text_4  et_pb_text_align_left et_pb_bg_layout_light\">\n\t\t\t\t\n\t\t\t\t\n\t\t\t\t\n\t\t\t\t\n\t\t\t\t<div class=\"et_pb_text_inner\">Tel\u00e3o auto-sustentado\r<\/div>\n\t\t\t<\/div><div class=\"et_pb_with_border et_pb_module et_d4_element et_pb_image et_pb_image_3 et_pb_image_sticky\">\n\t\t\t\t\n\t\t\t\t\n\t\t\t\t\n\t\t\t\t\n\t\t\t\t<span class=\"et_pb_image_wrap has-box-shadow-overlay\"><div class=\"box-shadow-overlay\"><\/div><img loading=\"lazy\" decoding=\"async\" width=\"550\" height=\"393\" src=\"https:\/\/www.rumo17.pt\/wp-content\/uploads\/2018\/07\/5-SG-I-A-5-Encontro-Civico-2009.jpg\" alt=\"\" title=\"\" srcset=\"https:\/\/carrilho.studio\/wp-content\/uploads\/2018\/07\/5-SG-I-A-5-Encontro-Civico-2009.jpg 550w, https:\/\/carrilho.studio\/wp-content\/uploads\/2018\/07\/5-SG-I-A-5-Encontro-Civico-2009-300x214.jpg 300w\" sizes=\"(max-width: 550px) 100vw, 550px\" class=\"wp-image-768\" \/><\/span>\n\t\t\t<\/div><div class=\"et_pb_module et_d4_element et_pb_text et_pb_text_5  et_pb_text_align_left et_pb_bg_layout_light\">\n\t\t\t\t\n\t\t\t\t\n\t\t\t\t\n\t\t\t\t\n\t\t\t\t<div class=\"et_pb_text_inner\">Sinal\u00e9tica e t\u00f3tens para a zona de coffee break\r<\/div>\n\t\t\t<\/div>\n\t\t\t<\/div>\n\t\t\t\t\n\t\t\t\t\n\t\t\t\t\n\t\t\t\t\n\t\t\t<\/div>\n\t\t\t\t\n\t\t\t\t\n\t\t\t<\/div><div class=\"et_d4_element et_pb_section et_pb_section_3 et_pb_with_background  et_pb_css_mix_blend_mode et_section_regular et_block_section\" >\n\t\t\t\t\n\t\t\t\t\n\t\t\t\t\n\t\t\t\t\n\t\t\t\t\n\t\t\t\t\n\t\t\t\t<div class=\"et_d4_element et_pb_row et_pb_row_3 et_animated  et_pb_css_mix_blend_mode et_block_row\">\n\t\t\t\t<div class=\"et_d4_element et_pb_column_4_4 et_pb_column et_pb_column_5  et_pb_css_mix_blend_mode et-last-child et_block_column\">\n\t\t\t\t\n\t\t\t\t\n\t\t\t\t\n\t\t\t\t\n\t\t\t\t<div class=\"et_pb_with_border et_pb_module et_d4_element et_pb_text et_pb_text_6  et_pb_text_align_left et_pb_bg_layout_light\">\n\t\t\t\t\n\t\t\t\t\n\t\t\t\t\n\t\t\t\t\n\t\t\t\t<div class=\"et_pb_text_inner\"><p>Projetos Similares<\/p><\/div>\n\t\t\t<\/div><div class=\"et_pb_with_border et_pb_module et_d4_element et_pb_portfolio_0 et_animated  et_pb_css_mix_blend_mode  et_pb_text_align_center et_pb_bg_layout_light et_pb_portfolio_grid clearfix\">\n\t\t\t\t<div class=\"et_pb_ajax_pagination_container\">\n\t\t\t\t\t\n\t\t\t\t\t\n\t\t\t\t\t\n\t\t\t\t\t\n\t\t\t\t\t<div class=\"et_pb_portfolio_grid_items et_pb_grid_items\">\n\t\t\t\t\t\t\t\t\t\t<div id=\"post-684\" class=\"post-684 project type-project status-publish has-post-thumbnail hentry project_category-congressos-e-eventos project_tag-medicina-chinesa et_pb_portfolio_item et_pb_portfolio_item_0_0 et_pb_grid_item\">\n\n\t\t\t\t\t\t\t\t\t\t<a href=\"https:\/\/carrilho.studio\/en\/project\/congresso-internacional-appa-pefots-2012\/\" title=\"International APPA Congress \u2013 PEFOTS 2012\">\n\t\t\t\t\t\t\t\t\t\t\t\t\t<span class=\"et_portfolio_image\">\n\t\t\t\t\t\t\t\t<img loading=\"lazy\" decoding=\"async\" src=\"https:\/\/carrilho.studio\/wp-content\/uploads\/2018\/07\/2-PEFOTS-APPA-Congresso-2012-400x284.jpg\" alt=\"CONGRESSO Internacional APPA &#8211; PEFOTS 2012\" width=\"400\" height=\"284\" srcset=\"https:\/\/carrilho.studio\/wp-content\/uploads\/2018\/07\/2-PEFOTS-APPA-Congresso-2012.jpg 479w, https:\/\/carrilho.studio\/wp-content\/uploads\/2018\/07\/2-PEFOTS-APPA-Congresso-2012-400x284.jpg 480w\" sizes=\"(max-width:479px) 479px, 100vw\" \/>\t\t\t\t\t\t\t\t<span class=\"et_overlay et_pb_inline_icon\" data-icon=\"\uf06e\"><\/span>\t\t\t\t\t\t\t<\/span>\n\t\t\t\t\t\t\t\t\t\t\t<\/a>\n\t\t\t\t\t\n\t\t\t\t\t<h6 class=\"et_pb_module_header\"><a href=\"https:\/\/carrilho.studio\/en\/project\/congresso-internacional-appa-pefots-2012\/\" title=\"International APPA Congress \u2013 PEFOTS 2012\">International APPA Congress \u2013 PEFOTS 2012<\/a><\/h6>\n\t\t\t\t<\/div>\n\t\t\t\t\t\t\t\t<div id=\"post-336735\" class=\"post-336735 project type-project status-publish has-post-thumbnail hentry project_category-revistas project_tag-gremio-lusitano et_pb_portfolio_item et_pb_portfolio_item_0_1 et_pb_grid_item\">\n\n\t\t\t\t\t\t\t\t\t\t<a href=\"https:\/\/carrilho.studio\/en\/project\/gremio-lusitano-design-editorial-revista\/\" title=\"Gr\u00e9mio Lusitano &#8211; Design Editorial da Revista\">\n\t\t\t\t\t\t\t\t\t\t\t\t\t<span class=\"et_portfolio_image\">\n\t\t\t\t\t\t\t\t<img loading=\"lazy\" decoding=\"async\" src=\"https:\/\/carrilho.studio\/wp-content\/uploads\/Gremio-Lusitano-26-400x284.jpg\" alt=\"Gr\u00e9mio Lusitano &#8211; Design Editorial da Revista\" width=\"400\" height=\"284\" srcset=\"https:\/\/carrilho.studio\/wp-content\/uploads\/Gremio-Lusitano-26.jpg 479w, https:\/\/carrilho.studio\/wp-content\/uploads\/Gremio-Lusitano-26-400x284.jpg 480w\" sizes=\"(max-width:479px) 479px, 100vw\" \/>\t\t\t\t\t\t\t\t<span class=\"et_overlay et_pb_inline_icon\" data-icon=\"\uf06e\"><\/span>\t\t\t\t\t\t\t<\/span>\n\t\t\t\t\t\t\t\t\t\t\t<\/a>\n\t\t\t\t\t\n\t\t\t\t\t<h6 class=\"et_pb_module_header\"><a href=\"https:\/\/carrilho.studio\/en\/project\/gremio-lusitano-design-editorial-revista\/\" title=\"Gr\u00e9mio Lusitano &#8211; Design Editorial da Revista\">Gr\u00e9mio Lusitano &#8211; Design Editorial da Revista<\/a><\/h6>\n\t\t\t\t<\/div>\n\t\t\t\t\t\t\t\t<div id=\"post-336601\" class=\"post-336601 project type-project status-publish has-post-thumbnail hentry project_category-congressos-e-eventos project_tag-sindicato-dos-oficiais-de-justica et_pb_portfolio_item et_pb_portfolio_item_0_2 et_pb_grid_item\">\n\n\t\t\t\t\t\t\t\t\t\t<a href=\"https:\/\/carrilho.studio\/en\/project\/sindicato-dos-oficiais-de-justica-1-o-congresso\/\" title=\"Sheriffs&#039; Union \u2013 1st Congress\">\n\t\t\t\t\t\t\t\t\t\t\t\t\t<span class=\"et_portfolio_image\">\n\t\t\t\t\t\t\t\t<img loading=\"lazy\" decoding=\"async\" src=\"https:\/\/carrilho.studio\/wp-content\/uploads\/Sindicato_OJ_0006_Prposta-01-400x284.jpg\" alt=\"Sindicato dos Oficiais de Justi\u00e7a &#8211; 1.\u00ba Congresso\" width=\"400\" height=\"284\" srcset=\"https:\/\/carrilho.studio\/wp-content\/uploads\/Sindicato_OJ_0006_Prposta-01.jpg 479w, https:\/\/carrilho.studio\/wp-content\/uploads\/Sindicato_OJ_0006_Prposta-01-400x284.jpg 480w\" sizes=\"(max-width:479px) 479px, 100vw\" \/>\t\t\t\t\t\t\t\t<span class=\"et_overlay et_pb_inline_icon\" data-icon=\"\uf06e\"><\/span>\t\t\t\t\t\t\t<\/span>\n\t\t\t\t\t\t\t\t\t\t\t<\/a>\n\t\t\t\t\t\n\t\t\t\t\t<h6 class=\"et_pb_module_header\"><a href=\"https:\/\/carrilho.studio\/en\/project\/sindicato-dos-oficiais-de-justica-1-o-congresso\/\" title=\"Sheriffs&#039; Union \u2013 1st Congress\">Sheriffs' Union \u2013 1st Congress<\/a><\/h6>\n\t\t\t\t<\/div>\n\t\t\t\t\t\t\t\t<div id=\"post-336585\" class=\"post-336585 project type-project status-publish has-post-thumbnail hentry project_category-ilustracao project_tag-antonio-valdemar project_tag-jornal-o-figueirense et_pb_portfolio_item et_pb_portfolio_item_0_3 et_pb_grid_item\">\n\n\t\t\t\t\t\t\t\t\t\t<a href=\"https:\/\/carrilho.studio\/en\/project\/ilustracoes-o-figueirense\/\" title=\"Ilustra\u00e7\u00f5es \u00abO Figueirense\u00bb\">\n\t\t\t\t\t\t\t\t\t\t\t\t\t<span class=\"et_portfolio_image\">\n\t\t\t\t\t\t\t\t<img loading=\"lazy\" decoding=\"async\" src=\"https:\/\/carrilho.studio\/wp-content\/uploads\/Ilustra_0001s_0001_Figueirence-25-Abril-400x284.jpg\" alt=\"Ilustra\u00e7\u00f5es \u00abO Figueirense\u00bb\" width=\"400\" height=\"284\" srcset=\"https:\/\/carrilho.studio\/wp-content\/uploads\/Ilustra_0001s_0001_Figueirence-25-Abril.jpg 479w, https:\/\/carrilho.studio\/wp-content\/uploads\/Ilustra_0001s_0001_Figueirence-25-Abril-400x284.jpg 480w\" sizes=\"(max-width:479px) 479px, 100vw\" \/>\t\t\t\t\t\t\t\t<span class=\"et_overlay et_pb_inline_icon\" data-icon=\"\uf06e\"><\/span>\t\t\t\t\t\t\t<\/span>\n\t\t\t\t\t\t\t\t\t\t\t<\/a>\n\t\t\t\t\t\n\t\t\t\t\t<h6 class=\"et_pb_module_header\"><a href=\"https:\/\/carrilho.studio\/en\/project\/ilustracoes-o-figueirense\/\" title=\"Ilustra\u00e7\u00f5es \u00abO Figueirense\u00bb\">Ilustra\u00e7\u00f5es \u00abO Figueirense\u00bb<\/a><\/h6>\n\t\t\t\t<\/div>\n\t\t\t\t\t\t\t\t<div id=\"post-336577\" class=\"post-336577 project type-project status-publish has-post-thumbnail hentry project_category-ilustracao project_tag-inatel project_tag-revista-tempo-livre et_pb_portfolio_item et_pb_portfolio_item_0_4 et_pb_grid_item\">\n\n\t\t\t\t\t\t\t\t\t\t<a href=\"https:\/\/carrilho.studio\/en\/project\/revista-tempo-livre-inatel\/\" title=\"Revista \u00abTempo Livre\u00bb\">\n\t\t\t\t\t\t\t\t\t\t\t\t\t<span class=\"et_portfolio_image\">\n\t\t\t\t\t\t\t\t<img loading=\"lazy\" decoding=\"async\" src=\"https:\/\/carrilho.studio\/wp-content\/uploads\/Ilustra_0002s_0001_TempoLivre-Pecanha-400x284.jpg\" alt=\"Revista \u00abTempo Livre\u00bb\" width=\"400\" height=\"284\" srcset=\"https:\/\/carrilho.studio\/wp-content\/uploads\/Ilustra_0002s_0001_TempoLivre-Pecanha.jpg 479w, https:\/\/carrilho.studio\/wp-content\/uploads\/Ilustra_0002s_0001_TempoLivre-Pecanha-400x284.jpg 480w\" sizes=\"(max-width:479px) 479px, 100vw\" \/>\t\t\t\t\t\t\t\t<span class=\"et_overlay et_pb_inline_icon\" data-icon=\"\uf06e\"><\/span>\t\t\t\t\t\t\t<\/span>\n\t\t\t\t\t\t\t\t\t\t\t<\/a>\n\t\t\t\t\t\n\t\t\t\t\t<h6 class=\"et_pb_module_header\"><a href=\"https:\/\/carrilho.studio\/en\/project\/revista-tempo-livre-inatel\/\" title=\"Revista \u00abTempo Livre\u00bb\">Revista \u00abTempo Livre\u00bb<\/a><\/h6>\n\t\t\t\t<\/div>\n\t\t\t\t\t\t\t\t<div id=\"post-336562\" class=\"post-336562 project type-project status-publish has-post-thumbnail hentry project_category-ilustracao project_tag-personalidades project_tag-revista-sabado et_pb_portfolio_item et_pb_portfolio_item_0_5 et_pb_grid_item\">\n\n\t\t\t\t\t\t\t\t\t\t<a href=\"https:\/\/carrilho.studio\/en\/project\/revista-sabado\/\" title=\"Revista S\u00e1bado\">\n\t\t\t\t\t\t\t\t\t\t\t\t\t<span class=\"et_portfolio_image\">\n\t\t\t\t\t\t\t\t<img loading=\"lazy\" decoding=\"async\" src=\"https:\/\/carrilho.studio\/wp-content\/uploads\/Ilustra_0000s_0003_Burlao-Pag-dupla-400x284.jpg\" alt=\"Revista S\u00e1bado\" width=\"400\" height=\"284\" srcset=\"https:\/\/carrilho.studio\/wp-content\/uploads\/Ilustra_0000s_0003_Burlao-Pag-dupla.jpg 479w, https:\/\/carrilho.studio\/wp-content\/uploads\/Ilustra_0000s_0003_Burlao-Pag-dupla-400x284.jpg 480w\" sizes=\"(max-width:479px) 479px, 100vw\" \/>\t\t\t\t\t\t\t\t<span class=\"et_overlay et_pb_inline_icon\" data-icon=\"\uf06e\"><\/span>\t\t\t\t\t\t\t<\/span>\n\t\t\t\t\t\t\t\t\t\t\t<\/a>\n\t\t\t\t\t\n\t\t\t\t\t<h6 class=\"et_pb_module_header\"><a href=\"https:\/\/carrilho.studio\/en\/project\/revista-sabado\/\" title=\"Revista S\u00e1bado\">Revista S\u00e1bado<\/a><\/h6>\n\t\t\t\t<\/div>\n\t\t\t\t\t\t\t\t<div id=\"post-336703\" class=\"post-336703 project type-project status-publish has-post-thumbnail hentry project_category-web project_tag-gremio-lusitano et_pb_portfolio_item et_pb_portfolio_item_0_6 et_pb_grid_item\">\n\n\t\t\t\t\t\t\t\t\t\t<a href=\"https:\/\/carrilho.studio\/en\/project\/design-do-website-do-gremio-lusitano\/\" title=\"Gr\u00e9mio Lusitano \u2013 Website\">\n\t\t\t\t\t\t\t\t\t\t\t\t\t<span class=\"et_portfolio_image\">\n\t\t\t\t\t\t\t\t<img loading=\"lazy\" decoding=\"async\" src=\"https:\/\/carrilho.studio\/wp-content\/uploads\/Gremio-Lusitano-site-featured-400x284.jpg\" alt=\"Gr\u00e9mio Lusitano &#8211; Website\" width=\"400\" height=\"284\" srcset=\"https:\/\/carrilho.studio\/wp-content\/uploads\/Gremio-Lusitano-site-featured.jpg 479w, https:\/\/carrilho.studio\/wp-content\/uploads\/Gremio-Lusitano-site-featured-400x284.jpg 480w\" sizes=\"(max-width:479px) 479px, 100vw\" \/>\t\t\t\t\t\t\t\t<span class=\"et_overlay et_pb_inline_icon\" data-icon=\"\uf06e\"><\/span>\t\t\t\t\t\t\t<\/span>\n\t\t\t\t\t\t\t\t\t\t\t<\/a>\n\t\t\t\t\t\n\t\t\t\t\t<h6 class=\"et_pb_module_header\"><a href=\"https:\/\/carrilho.studio\/en\/project\/design-do-website-do-gremio-lusitano\/\" title=\"Gr\u00e9mio Lusitano \u2013 Website\">Gr\u00e9mio Lusitano \u2013 Website<\/a><\/h6>\n\t\t\t\t<\/div>\n\t\t\t\t\t\t\t\t<div id=\"post-336664\" class=\"post-336664 project type-project status-publish has-post-thumbnail hentry project_category-branding project_tag-gremio-lusitano et_pb_portfolio_item et_pb_portfolio_item_0_7 et_pb_grid_item\">\n\n\t\t\t\t\t\t\t\t\t\t<a href=\"https:\/\/carrilho.studio\/en\/project\/gremio-lusitano-restyle-logo-insignia\/\" title=\"Gr\u00e9mio Lusitano \u2013 Insignia logo re-style\">\n\t\t\t\t\t\t\t\t\t\t\t\t\t<span class=\"et_portfolio_image\">\n\t\t\t\t\t\t\t\t<img loading=\"lazy\" decoding=\"async\" src=\"https:\/\/carrilho.studio\/wp-content\/uploads\/Gremio-Lusitano-Logo-transicao-digital-400x284.jpg\" alt=\"Gr\u00e9mio Lusitano &#8211; Re-style do logo ins\u00edgnia\" width=\"400\" height=\"284\" srcset=\"https:\/\/carrilho.studio\/wp-content\/uploads\/Gremio-Lusitano-Logo-transicao-digital.jpg 479w, https:\/\/carrilho.studio\/wp-content\/uploads\/Gremio-Lusitano-Logo-transicao-digital-400x284.jpg 480w\" sizes=\"(max-width:479px) 479px, 100vw\" \/>\t\t\t\t\t\t\t\t<span class=\"et_overlay et_pb_inline_icon\" data-icon=\"\uf06e\"><\/span>\t\t\t\t\t\t\t<\/span>\n\t\t\t\t\t\t\t\t\t\t\t<\/a>\n\t\t\t\t\t\n\t\t\t\t\t<h6 class=\"et_pb_module_header\"><a href=\"https:\/\/carrilho.studio\/en\/project\/gremio-lusitano-restyle-logo-insignia\/\" title=\"Gr\u00e9mio Lusitano \u2013 Insignia logo re-style\">Gr\u00e9mio Lusitano \u2013 Insignia logo re-style<\/a><\/h6>\n\t\t\t\t<\/div>\n\t\t\t\t\n\t\t\t\t\t<\/div>\n\t\t\t\t\t\n\t\t\t\t<\/div>\n\t\t\t<\/div>\n\t\t\t<\/div>\n\t\t\t\t\n\t\t\t\t\n\t\t\t\t\n\t\t\t\t\n\t\t\t<\/div>\n\t\t\t\t\n\t\t\t\t\n\t\t\t<\/div>","protected":false},"excerpt":{"rendered":"","protected":false},"author":5,"featured_media":336828,"comment_status":"closed","ping_status":"closed","template":"","meta":{"_monsterinsights_skip_tracking":false,"_monsterinsights_sitenote_active":false,"_monsterinsights_sitenote_note":"","_monsterinsights_sitenote_category":0,"_et_pb_use_builder":"on","_et_pb_old_content":"","_et_gb_content_width":"","footnotes":""},"project_category":[],"project_tag":[72],"class_list":["post-763","project","type-project","status-publish","has-post-thumbnail","hentry","project_tag-secretaria-geral-ibero-americana"],"yoast_head":"<!-- This site is optimized with the Yoast SEO plugin v27.4 - https:\/\/yoast.com\/product\/yoast-seo-wordpress\/ -->\n<title>ENCONTRO Secretaria-geral Ibero-americana | Carrilho.Studio<\/title>\n<meta name=\"robots\" content=\"index, follow, max-snippet:-1, max-image-preview:large, max-video-preview:-1\" \/>\n<link rel=\"canonical\" href=\"https:\/\/carrilho.studio\/en\/project\/congresso-secretaria-geral-ibero-americana\/\" \/>\n<meta property=\"og:locale\" content=\"en_US\" \/>\n<meta property=\"og:type\" content=\"article\" \/>\n<meta property=\"og:title\" content=\"ENCONTRO Secretaria-geral Ibero-americana | Carrilho.Studio\" \/>\n<meta property=\"og:url\" content=\"https:\/\/carrilho.studio\/en\/project\/congresso-secretaria-geral-ibero-americana\/\" \/>\n<meta property=\"og:site_name\" content=\"Carrilho.Studio\" \/>\n<meta property=\"article:modified_time\" content=\"2024-08-05T19:12:29+00:00\" \/>\n<meta property=\"og:image\" content=\"https:\/\/carrilho.studio\/wp-content\/uploads\/Congresso-Ibero-Americano.jpg\" \/>\n\t<meta property=\"og:image:width\" content=\"550\" \/>\n\t<meta property=\"og:image:height\" content=\"412\" \/>\n\t<meta property=\"og:image:type\" content=\"image\/jpeg\" \/>\n<meta name=\"twitter:card\" content=\"summary_large_image\" \/>\n<meta name=\"twitter:label1\" content=\"Est. reading time\" \/>\n\t<meta name=\"twitter:data1\" content=\"4 minutes\" \/>\n<script type=\"application\/ld+json\" class=\"yoast-schema-graph\">{\"@context\":\"https:\\\/\\\/schema.org\",\"@graph\":[{\"@type\":\"WebPage\",\"@id\":\"https:\\\/\\\/carrilho.studio\\\/project\\\/congresso-secretaria-geral-ibero-americana\\\/\",\"url\":\"https:\\\/\\\/carrilho.studio\\\/project\\\/congresso-secretaria-geral-ibero-americana\\\/\",\"name\":\"ENCONTRO Secretaria-geral Ibero-americana | Carrilho.Studio\",\"isPartOf\":{\"@id\":\"https:\\\/\\\/carrilho.studio\\\/#website\"},\"primaryImageOfPage\":{\"@id\":\"https:\\\/\\\/carrilho.studio\\\/project\\\/congresso-secretaria-geral-ibero-americana\\\/#primaryimage\"},\"image\":{\"@id\":\"https:\\\/\\\/carrilho.studio\\\/project\\\/congresso-secretaria-geral-ibero-americana\\\/#primaryimage\"},\"thumbnailUrl\":\"https:\\\/\\\/carrilho.studio\\\/wp-content\\\/uploads\\\/Congresso-Ibero-Americano.jpg\",\"datePublished\":\"2018-07-25T16:10:03+00:00\",\"dateModified\":\"2024-08-05T19:12:29+00:00\",\"breadcrumb\":{\"@id\":\"https:\\\/\\\/carrilho.studio\\\/project\\\/congresso-secretaria-geral-ibero-americana\\\/#breadcrumb\"},\"inLanguage\":\"en-US\",\"potentialAction\":[{\"@type\":\"ReadAction\",\"target\":[\"https:\\\/\\\/carrilho.studio\\\/project\\\/congresso-secretaria-geral-ibero-americana\\\/\"]}]},{\"@type\":\"ImageObject\",\"inLanguage\":\"en-US\",\"@id\":\"https:\\\/\\\/carrilho.studio\\\/project\\\/congresso-secretaria-geral-ibero-americana\\\/#primaryimage\",\"url\":\"https:\\\/\\\/carrilho.studio\\\/wp-content\\\/uploads\\\/Congresso-Ibero-Americano.jpg\",\"contentUrl\":\"https:\\\/\\\/carrilho.studio\\\/wp-content\\\/uploads\\\/Congresso-Ibero-Americano.jpg\",\"width\":550,\"height\":412},{\"@type\":\"BreadcrumbList\",\"@id\":\"https:\\\/\\\/carrilho.studio\\\/project\\\/congresso-secretaria-geral-ibero-americana\\\/#breadcrumb\",\"itemListElement\":[{\"@type\":\"ListItem\",\"position\":1,\"name\":\"Home\",\"item\":\"https:\\\/\\\/carrilho.studio\\\/\"},{\"@type\":\"ListItem\",\"position\":2,\"name\":\"Projects\",\"item\":\"https:\\\/\\\/carrilho.studio\\\/project\\\/\"},{\"@type\":\"ListItem\",\"position\":3,\"name\":\"ENCONTRO Secretaria-geral Ibero-americana\"}]},{\"@type\":\"WebSite\",\"@id\":\"https:\\\/\\\/carrilho.studio\\\/#website\",\"url\":\"https:\\\/\\\/carrilho.studio\\\/\",\"name\":\"Carrilho.Studio\",\"description\":\"Promo\u00e7\u00e3o de Conte\u00fados Institucionais\",\"potentialAction\":[{\"@type\":\"SearchAction\",\"target\":{\"@type\":\"EntryPoint\",\"urlTemplate\":\"https:\\\/\\\/carrilho.studio\\\/?s={search_term_string}\"},\"query-input\":{\"@type\":\"PropertyValueSpecification\",\"valueRequired\":true,\"valueName\":\"search_term_string\"}}],\"inLanguage\":\"en-US\"}]}<\/script>\n<!-- \/ Yoast SEO plugin. -->","yoast_head_json":{"title":"ENCONTRO Secretaria-geral Ibero-americana | Carrilho.Studio","robots":{"index":"index","follow":"follow","max-snippet":"max-snippet:-1","max-image-preview":"max-image-preview:large","max-video-preview":"max-video-preview:-1"},"canonical":"https:\/\/carrilho.studio\/en\/project\/congresso-secretaria-geral-ibero-americana\/","og_locale":"en_US","og_type":"article","og_title":"ENCONTRO Secretaria-geral Ibero-americana | Carrilho.Studio","og_url":"https:\/\/carrilho.studio\/en\/project\/congresso-secretaria-geral-ibero-americana\/","og_site_name":"Carrilho.Studio","article_modified_time":"2024-08-05T19:12:29+00:00","og_image":[{"width":550,"height":412,"url":"https:\/\/carrilho.studio\/wp-content\/uploads\/Congresso-Ibero-Americano.jpg","type":"image\/jpeg"}],"twitter_card":"summary_large_image","twitter_misc":{"Est. reading time":"4 minutes"},"schema":{"@context":"https:\/\/schema.org","@graph":[{"@type":"WebPage","@id":"https:\/\/carrilho.studio\/project\/congresso-secretaria-geral-ibero-americana\/","url":"https:\/\/carrilho.studio\/project\/congresso-secretaria-geral-ibero-americana\/","name":"ENCONTRO Secretaria-geral Ibero-americana | Carrilho.Studio","isPartOf":{"@id":"https:\/\/carrilho.studio\/#website"},"primaryImageOfPage":{"@id":"https:\/\/carrilho.studio\/project\/congresso-secretaria-geral-ibero-americana\/#primaryimage"},"image":{"@id":"https:\/\/carrilho.studio\/project\/congresso-secretaria-geral-ibero-americana\/#primaryimage"},"thumbnailUrl":"https:\/\/carrilho.studio\/wp-content\/uploads\/Congresso-Ibero-Americano.jpg","datePublished":"2018-07-25T16:10:03+00:00","dateModified":"2024-08-05T19:12:29+00:00","breadcrumb":{"@id":"https:\/\/carrilho.studio\/project\/congresso-secretaria-geral-ibero-americana\/#breadcrumb"},"inLanguage":"en-US","potentialAction":[{"@type":"ReadAction","target":["https:\/\/carrilho.studio\/project\/congresso-secretaria-geral-ibero-americana\/"]}]},{"@type":"ImageObject","inLanguage":"en-US","@id":"https:\/\/carrilho.studio\/project\/congresso-secretaria-geral-ibero-americana\/#primaryimage","url":"https:\/\/carrilho.studio\/wp-content\/uploads\/Congresso-Ibero-Americano.jpg","contentUrl":"https:\/\/carrilho.studio\/wp-content\/uploads\/Congresso-Ibero-Americano.jpg","width":550,"height":412},{"@type":"BreadcrumbList","@id":"https:\/\/carrilho.studio\/project\/congresso-secretaria-geral-ibero-americana\/#breadcrumb","itemListElement":[{"@type":"ListItem","position":1,"name":"Home","item":"https:\/\/carrilho.studio\/"},{"@type":"ListItem","position":2,"name":"Projects","item":"https:\/\/carrilho.studio\/project\/"},{"@type":"ListItem","position":3,"name":"ENCONTRO Secretaria-geral Ibero-americana"}]},{"@type":"WebSite","@id":"https:\/\/carrilho.studio\/#website","url":"https:\/\/carrilho.studio\/","name":"Carrilho.Studio","description":"Promo\u00e7\u00e3o de Conte\u00fados Institucionais","potentialAction":[{"@type":"SearchAction","target":{"@type":"EntryPoint","urlTemplate":"https:\/\/carrilho.studio\/?s={search_term_string}"},"query-input":{"@type":"PropertyValueSpecification","valueRequired":true,"valueName":"search_term_string"}}],"inLanguage":"en-US"}]}},"_links":{"self":[{"href":"https:\/\/carrilho.studio\/en\/wp-json\/wp\/v2\/project\/763","targetHints":{"allow":["GET"]}}],"collection":[{"href":"https:\/\/carrilho.studio\/en\/wp-json\/wp\/v2\/project"}],"about":[{"href":"https:\/\/carrilho.studio\/en\/wp-json\/wp\/v2\/types\/project"}],"author":[{"embeddable":true,"href":"https:\/\/carrilho.studio\/en\/wp-json\/wp\/v2\/users\/5"}],"replies":[{"embeddable":true,"href":"https:\/\/carrilho.studio\/en\/wp-json\/wp\/v2\/comments?post=763"}],"version-history":[{"count":0,"href":"https:\/\/carrilho.studio\/en\/wp-json\/wp\/v2\/project\/763\/revisions"}],"wp:featuredmedia":[{"embeddable":true,"href":"https:\/\/carrilho.studio\/en\/wp-json\/wp\/v2\/media\/336828"}],"wp:attachment":[{"href":"https:\/\/carrilho.studio\/en\/wp-json\/wp\/v2\/media?parent=763"}],"wp:term":[{"taxonomy":"project_category","embeddable":true,"href":"https:\/\/carrilho.studio\/en\/wp-json\/wp\/v2\/project_category?post=763"},{"taxonomy":"project_tag","embeddable":true,"href":"https:\/\/carrilho.studio\/en\/wp-json\/wp\/v2\/project_tag?post=763"}],"curies":[{"name":"wp","href":"https:\/\/api.w.org\/{rel}","templated":true}]}}