{"id":703,"date":"2018-07-25T13:43:18","date_gmt":"2018-07-25T13:43:18","guid":{"rendered":"https:\/\/www.rumo17.pt\/?post_type=project&#038;p=703"},"modified":"2024-07-23T19:09:28","modified_gmt":"2024-07-23T19:09:28","slug":"jornadas-appa-2012","status":"publish","type":"project","link":"https:\/\/carrilho.studio\/en\/project\/jornadas-appa-2012\/","title":{"rendered":"JORNADAS APPA &#8211; 2012"},"content":{"rendered":"<p><div class=\"et_d4_element et_pb_section et_pb_section_0  et_pb_css_mix_blend_mode et_section_regular et_block_section\" >\n\t\t\t\t\n\t\t\t\t\n\t\t\t\t\n\t\t\t\t<span class=\"et_pb_background_pattern\"><\/span>\n\t\t\t\t\n\t\t\t\t\n\t\t\t\t<div class=\"et_d4_element et_pb_row et_pb_row_0  et_pb_css_mix_blend_mode et_block_row\">\n\t\t\t\t<div class=\"et_d4_element et_pb_column_4_4 et_pb_column et_pb_column_0  et_pb_css_mix_blend_mode et-last-child et_block_column\">\n\t\t\t\t\n\t\t\t\t\n\t\t\t\t\n\t\t\t\t\n\t\t\t\t<div class=\"et_pb_module et_d4_element et_pb_text et_pb_text_0  et_pb_text_align_left et_pb_bg_layout_light\">\n\t\t\t\t\n\t\t\t\t\n\t\t\t\t\n\t\t\t\t\n\t\t\t\t<div class=\"et_pb_text_inner\"><h3 style=\"text-align: center;\">APPA - Associa\u00e7\u00e3o Portuguesa de Profissionais de Acupunctura<\/h3>\n<h2 style=\"text-align: center;\">2\u00aa Jornadas Nacionais<\/h2>\n<h4 style=\"text-align: center;\"><span style=\"text-decoration: underline;\"><a href=\"\/en\/a-equipa\/#umovoacavalo\">Um Ovo a Cavalo<\/a> <\/span>| 2012<\/h4><\/div>\n\t\t\t<\/div>\n\t\t\t<\/div>\n\t\t\t\t\n\t\t\t\t\n\t\t\t\t\n\t\t\t\t\n\t\t\t<\/div>\n\t\t\t\t\n\t\t\t\t\n\t\t\t<\/div><div class=\"et_d4_element et_pb_section et_pb_section_1 et_pb_with_background  et_pb_css_mix_blend_mode et_section_regular et_block_section\" >\n\t\t\t\t\n\t\t\t\t\n\t\t\t\t\n\t\t\t\t\n\t\t\t\t\n\t\t\t\t\n\t\t\t\t<div class=\"et_d4_element et_pb_row et_pb_row_1 et_animated  et_pb_css_mix_blend_mode et_block_row\">\n\t\t\t\t<div class=\"et_d4_element et_pb_column_1_2 et_pb_column et_pb_column_1  et_pb_css_mix_blend_mode et_block_column\">\n\t\t\t\t\n\t\t\t\t\n\t\t\t\t\n\t\t\t\t\n\t\t\t\t<div class=\"et_pb_module et_d4_element et_pb_toggle et_pb_toggle_0 et_pb_toggle_item  et_pb_text_align_left et_pb_toggle_close\">\n\t\t\t\t\n\t\t\t\t\n\t\t\t\t\n\t\t\t\t\n\t\t\t\t<h5 class=\"et_pb_toggle_title\">DESAFIOS<\/h5>\n\t\t\t\t<div class=\"et_pb_toggle_content clearfix\">Logotema de Medicina Chinesa em torno das gravuras chinesas e sob o signo do ano do Drag\u00e3o. Cria\u00e7\u00e3o de uma imagem de marca forte para as 2\u00ba Jornadas APPA 2012.<\/div>\n\t\t\t<\/div><div class=\"et_pb_module et_d4_element et_pb_toggle et_pb_toggle_1 et_pb_toggle_item  et_pb_text_align_left et_pb_toggle_close\">\n\t\t\t\t\n\t\t\t\t\n\t\t\t\t\n\t\t\t\t\n\t\t\t\t<h5 class=\"et_pb_toggle_title\">CONTEXTO<\/h5>\n\t\t\t\t<div class=\"et_pb_toggle_content clearfix\">A APPA \u00e9 a maior Associa\u00e7\u00e3o de Acupunctura em Portugal e uma das maiores da Europa. Promove e\u00a0e representa os interesses dos Acupunctores profissionais.\u00a0Apoia a divulga\u00e7\u00e3o, estudo, desenvolvimento e defesa da Acupunctura. Realiza ac\u00e7\u00f5es de forma\u00e7\u00e3o, congressos, semin\u00e1rios e outros eventos de \u00e2mbito nacional e internacional.<\/div>\n\t\t\t<\/div><div class=\"et_pb_module et_d4_element et_pb_toggle et_pb_toggle_2 et_pb_toggle_item  et_pb_text_align_left et_pb_toggle_close\">\n\t\t\t\t\n\t\t\t\t\n\t\t\t\t\n\t\t\t\t\n\t\t\t\t<h5 class=\"et_pb_toggle_title\">SOLU\u00c7\u00c3O<\/h5>\n\t\t\t\t<div class=\"et_pb_toggle_content clearfix\">O ano do Drag\u00e3o tem caracter\u00edsticas especiais para a cultura chinesa. Foi nessa tradi\u00e7\u00e3o que desenvolvemos o logotema das jornadas. O layout foi aplicado \u00e0s pe\u00e7as de divulga\u00e7\u00e3o do congresso (incentivos \u00e0 inscri\u00e7\u00e3o), ao material de apoio aos congressistas e oradores, \u00e0 decora\u00e7\u00e3o do centro de conven\u00e7\u00f5es e ao dossier das conclus\u00f5es.<\/div>\n\t\t\t<\/div>\n\t\t\t<\/div><div class=\"et_d4_element et_pb_column_1_2 et_pb_column et_pb_column_2  et_pb_css_mix_blend_mode et-last-child et_block_column\">\n\t\t\t\t\n\t\t\t\t\n\t\t\t\t\n\t\t\t\t\n\t\t\t\t<div class=\"et_pb_module et_d4_element et_pb_text et_pb_text_1  et_pb_text_align_left et_pb_bg_layout_light\">\n\t\t\t\t\n\t\t\t\t\n\t\t\t\t\n\t\t\t\t\n\t\t\t\t<div class=\"et_pb_text_inner\">A sua institui\u00e7\u00e3o promove eventos, congressos, conven\u00e7\u00f5es ou confer\u00eancias de imprensa? Logotema, incentivos \u00e0 inscri\u00e7\u00e3o, apoio aos congressista e oradores, decora\u00e7\u00e3o gr\u00e1fica do palco, p\u00falpito, mesa oradores, template de powerpoint para as comunica\u00e7\u00f5es e edi\u00e7\u00e3o das conclus\u00f5es. CONTACTE-NOS<\/div>\n\t\t\t<\/div>\n\t\t\t<\/div>\n\t\t\t\t\n\t\t\t\t\n\t\t\t\t\n\t\t\t\t\n\t\t\t<\/div>\n\t\t\t\t\n\t\t\t\t\n\t\t\t<\/div><div class=\"et_d4_element et_pb_section et_pb_section_2 et_pb_with_background  et_pb_css_mix_blend_mode et_section_regular et_block_section\" >\n\t\t\t\t\n\t\t\t\t\n\t\t\t\t\n\t\t\t\t\n\t\t\t\t\n\t\t\t\t\n\t\t\t\t<div class=\"et_d4_element et_pb_row et_pb_row_2 et_animated  et_pb_css_mix_blend_mode et_block_row\">\n\t\t\t\t<div class=\"et_d4_element et_pb_column_1_2 et_pb_column et_pb_column_3  et_pb_css_mix_blend_mode et_block_column\">\n\t\t\t\t\n\t\t\t\t\n\t\t\t\t\n\t\t\t\t\n\t\t\t\t<div class=\"et_pb_with_border et_pb_module et_d4_element et_pb_image et_pb_image_0 et_pb_image_sticky\">\n\t\t\t\t\n\t\t\t\t\n\t\t\t\t\n\t\t\t\t\n\t\t\t\t<span class=\"et_pb_image_wrap has-box-shadow-overlay\"><div class=\"box-shadow-overlay\"><\/div><img loading=\"lazy\" decoding=\"async\" width=\"550\" height=\"393\" src=\"https:\/\/www.rumo17.pt\/wp-content\/uploads\/2018\/07\/2-APPA-Jornadas-2012.jpg\" alt=\"\" title=\"\" srcset=\"https:\/\/carrilho.studio\/wp-content\/uploads\/2018\/07\/2-APPA-Jornadas-2012.jpg 550w, https:\/\/carrilho.studio\/wp-content\/uploads\/2018\/07\/2-APPA-Jornadas-2012-300x214.jpg 300w\" sizes=\"(max-width: 550px) 100vw, 550px\" class=\"wp-image-711\" \/><\/span>\n\t\t\t<\/div><div class=\"et_pb_module et_d4_element et_pb_text et_pb_text_2  et_pb_text_align_left et_pb_bg_layout_light\">\n\t\t\t\t\n\t\t\t\t\n\t\t\t\t\n\t\t\t\t\n\t\t\t\t<div class=\"et_pb_text_inner\">Cartaz<\/div>\n\t\t\t<\/div><div class=\"et_pb_with_border et_pb_module et_d4_element et_pb_image et_pb_image_1 et_pb_image_sticky\">\n\t\t\t\t\n\t\t\t\t\n\t\t\t\t\n\t\t\t\t\n\t\t\t\t<span class=\"et_pb_image_wrap has-box-shadow-overlay\"><div class=\"box-shadow-overlay\"><\/div><img loading=\"lazy\" decoding=\"async\" width=\"550\" height=\"393\" src=\"https:\/\/www.rumo17.pt\/wp-content\/uploads\/2018\/07\/3-APPA-Jornadas-2012.jpg\" alt=\"\" title=\"\" srcset=\"https:\/\/carrilho.studio\/wp-content\/uploads\/2018\/07\/3-APPA-Jornadas-2012.jpg 550w, https:\/\/carrilho.studio\/wp-content\/uploads\/2018\/07\/3-APPA-Jornadas-2012-300x214.jpg 300w\" sizes=\"(max-width: 550px) 100vw, 550px\" class=\"wp-image-712\" \/><\/span>\n\t\t\t<\/div><div class=\"et_pb_module et_d4_element et_pb_text et_pb_text_3  et_pb_text_align_left et_pb_bg_layout_light\">\n\t\t\t\t\n\t\t\t\t\n\t\t\t\t\n\t\t\t\t\n\t\t\t\t<div class=\"et_pb_text_inner\">Programa para telem\u00f3veis<\/div>\n\t\t\t<\/div>\n\t\t\t<\/div><div class=\"et_d4_element et_pb_column_1_2 et_pb_column et_pb_column_4  et_pb_css_mix_blend_mode et-last-child et_block_column\">\n\t\t\t\t\n\t\t\t\t\n\t\t\t\t\n\t\t\t\t\n\t\t\t\t<div class=\"et_pb_with_border et_pb_module et_d4_element et_pb_image et_pb_image_2 et_pb_image_sticky\">\n\t\t\t\t\n\t\t\t\t\n\t\t\t\t\n\t\t\t\t\n\t\t\t\t<span class=\"et_pb_image_wrap has-box-shadow-overlay\"><div class=\"box-shadow-overlay\"><\/div><img loading=\"lazy\" decoding=\"async\" width=\"550\" height=\"393\" src=\"https:\/\/www.rumo17.pt\/wp-content\/uploads\/2018\/07\/7-APPA-Jornadas-2012.jpg\" alt=\"\" title=\"\" srcset=\"https:\/\/carrilho.studio\/wp-content\/uploads\/2018\/07\/7-APPA-Jornadas-2012.jpg 550w, https:\/\/carrilho.studio\/wp-content\/uploads\/2018\/07\/7-APPA-Jornadas-2012-300x214.jpg 300w\" sizes=\"(max-width: 550px) 100vw, 550px\" class=\"wp-image-716\" \/><\/span>\n\t\t\t<\/div><div class=\"et_pb_module et_d4_element et_pb_text et_pb_text_4  et_pb_text_align_left et_pb_bg_layout_light\">\n\t\t\t\t\n\t\t\t\t\n\t\t\t\t\n\t\t\t\t\n\t\t\t\t<div class=\"et_pb_text_inner\">Banner animado para web<\/div>\n\t\t\t<\/div>\n\t\t\t<\/div>\n\t\t\t\t\n\t\t\t\t\n\t\t\t\t\n\t\t\t\t\n\t\t\t<\/div><div class=\"et_d4_element et_pb_row et_pb_row_3 et_animated  et_pb_css_mix_blend_mode et_block_row\">\n\t\t\t\t<div class=\"et_d4_element et_pb_column_1_2 et_pb_column et_pb_column_5  et_pb_css_mix_blend_mode et_block_column\">\n\t\t\t\t\n\t\t\t\t\n\t\t\t\t\n\t\t\t\t\n\t\t\t\t<div class=\"et_pb_with_border et_pb_module et_d4_element et_pb_image et_pb_image_3 et_pb_image_sticky\">\n\t\t\t\t\n\t\t\t\t\n\t\t\t\t\n\t\t\t\t\n\t\t\t\t<span class=\"et_pb_image_wrap has-box-shadow-overlay\"><div class=\"box-shadow-overlay\"><\/div><img loading=\"lazy\" decoding=\"async\" width=\"550\" height=\"393\" src=\"https:\/\/www.rumo17.pt\/wp-content\/uploads\/2018\/07\/6-APPA-Jornadas-2012.jpg\" alt=\"\" title=\"\" srcset=\"https:\/\/carrilho.studio\/wp-content\/uploads\/2018\/07\/6-APPA-Jornadas-2012.jpg 550w, https:\/\/carrilho.studio\/wp-content\/uploads\/2018\/07\/6-APPA-Jornadas-2012-300x214.jpg 300w\" sizes=\"(max-width: 550px) 100vw, 550px\" class=\"wp-image-715\" \/><\/span>\n\t\t\t<\/div><div class=\"et_pb_module et_d4_element et_pb_text et_pb_text_5  et_pb_text_align_left et_pb_bg_layout_light\">\n\t\t\t\t\n\t\t\t\t\n\t\t\t\t\n\t\t\t\t\n\t\t\t\t<div class=\"et_pb_text_inner\">Diplomas personalizados<\/div>\n\t\t\t<\/div><div class=\"et_pb_with_border et_pb_module et_d4_element et_pb_image et_pb_image_4 et_pb_image_sticky\">\n\t\t\t\t\n\t\t\t\t\n\t\t\t\t\n\t\t\t\t\n\t\t\t\t<span class=\"et_pb_image_wrap has-box-shadow-overlay\"><div class=\"box-shadow-overlay\"><\/div><img loading=\"lazy\" decoding=\"async\" width=\"550\" height=\"393\" src=\"https:\/\/www.rumo17.pt\/wp-content\/uploads\/2018\/07\/5-APPA-Jornadas-2012.jpg\" alt=\"\" title=\"\" srcset=\"https:\/\/carrilho.studio\/wp-content\/uploads\/2018\/07\/5-APPA-Jornadas-2012.jpg 550w, https:\/\/carrilho.studio\/wp-content\/uploads\/2018\/07\/5-APPA-Jornadas-2012-300x214.jpg 300w\" sizes=\"(max-width: 550px) 100vw, 550px\" class=\"wp-image-714\" \/><\/span>\n\t\t\t<\/div><div class=\"et_pb_module et_d4_element et_pb_text et_pb_text_6  et_pb_text_align_left et_pb_bg_layout_light\">\n\t\t\t\t\n\t\t\t\t\n\t\t\t\t\n\t\t\t\t\n\t\t\t\t<div class=\"et_pb_text_inner\">ID Card<\/div>\n\t\t\t<\/div>\n\t\t\t<\/div><div class=\"et_d4_element et_pb_column_1_2 et_pb_column et_pb_column_6  et_pb_css_mix_blend_mode et-last-child et_block_column\">\n\t\t\t\t\n\t\t\t\t\n\t\t\t\t\n\t\t\t\t\n\t\t\t\t<div class=\"et_pb_with_border et_pb_module et_d4_element et_pb_image et_pb_image_5 et_pb_image_sticky\">\n\t\t\t\t\n\t\t\t\t\n\t\t\t\t\n\t\t\t\t\n\t\t\t\t<span class=\"et_pb_image_wrap has-box-shadow-overlay\"><div class=\"box-shadow-overlay\"><\/div><img loading=\"lazy\" decoding=\"async\" width=\"550\" height=\"393\" src=\"https:\/\/www.rumo17.pt\/wp-content\/uploads\/2018\/07\/4-APPA-Jornadas-2012.jpg\" alt=\"\" title=\"\" srcset=\"https:\/\/carrilho.studio\/wp-content\/uploads\/2018\/07\/4-APPA-Jornadas-2012.jpg 550w, https:\/\/carrilho.studio\/wp-content\/uploads\/2018\/07\/4-APPA-Jornadas-2012-300x214.jpg 300w\" sizes=\"(max-width: 550px) 100vw, 550px\" class=\"wp-image-713\" \/><\/span>\n\t\t\t<\/div><div class=\"et_pb_module et_d4_element et_pb_text et_pb_text_7  et_pb_text_align_left et_pb_bg_layout_light\">\n\t\t\t\t\n\t\t\t\t\n\t\t\t\t\n\t\t\t\t\n\t\t\t\t<div class=\"et_pb_text_inner\">Pasta de congressista<\/div>\n\t\t\t<\/div><div class=\"et_pb_with_border et_pb_module et_d4_element et_pb_image et_pb_image_6 et_pb_image_sticky\">\n\t\t\t\t\n\t\t\t\t\n\t\t\t\t\n\t\t\t\t\n\t\t\t\t<span class=\"et_pb_image_wrap has-box-shadow-overlay\"><div class=\"box-shadow-overlay\"><\/div><img loading=\"lazy\" decoding=\"async\" width=\"550\" height=\"393\" src=\"https:\/\/www.rumo17.pt\/wp-content\/uploads\/2018\/07\/9-APPA-Jornadas-2012.jpg\" alt=\"\" title=\"\" srcset=\"https:\/\/carrilho.studio\/wp-content\/uploads\/2018\/07\/9-APPA-Jornadas-2012.jpg 550w, https:\/\/carrilho.studio\/wp-content\/uploads\/2018\/07\/9-APPA-Jornadas-2012-300x214.jpg 300w\" sizes=\"(max-width: 550px) 100vw, 550px\" class=\"wp-image-718\" \/><\/span>\n\t\t\t<\/div><div class=\"et_pb_module et_d4_element et_pb_text et_pb_text_8  et_pb_text_align_left et_pb_bg_layout_light\">\n\t\t\t\t\n\t\t\t\t\n\t\t\t\t\n\t\t\t\t\n\t\t\t\t<div class=\"et_pb_text_inner\">Powerpoint oradores<\/div>\n\t\t\t<\/div>\n\t\t\t<\/div>\n\t\t\t\t\n\t\t\t\t\n\t\t\t\t\n\t\t\t\t\n\t\t\t<\/div><div class=\"et_d4_element et_pb_row et_pb_row_4 et_animated  et_pb_css_mix_blend_mode et_block_row\">\n\t\t\t\t<div class=\"et_d4_element et_pb_column_1_2 et_pb_column et_pb_column_7  et_pb_css_mix_blend_mode et_block_column\">\n\t\t\t\t\n\t\t\t\t\n\t\t\t\t\n\t\t\t\t\n\t\t\t\t<div class=\"et_pb_with_border et_pb_module et_d4_element et_pb_image et_pb_image_7 et_pb_image_sticky\">\n\t\t\t\t\n\t\t\t\t\n\t\t\t\t\n\t\t\t\t\n\t\t\t\t<span class=\"et_pb_image_wrap has-box-shadow-overlay\"><div class=\"box-shadow-overlay\"><\/div><img loading=\"lazy\" decoding=\"async\" width=\"550\" height=\"393\" src=\"https:\/\/www.rumo17.pt\/wp-content\/uploads\/2018\/07\/10-APPA-Jornadas-2012.jpg\" alt=\"\" title=\"\" srcset=\"https:\/\/carrilho.studio\/wp-content\/uploads\/2018\/07\/10-APPA-Jornadas-2012.jpg 550w, https:\/\/carrilho.studio\/wp-content\/uploads\/2018\/07\/10-APPA-Jornadas-2012-300x214.jpg 300w\" sizes=\"(max-width: 550px) 100vw, 550px\" class=\"wp-image-719\" \/><\/span>\n\t\t\t<\/div><div class=\"et_pb_module et_d4_element et_pb_text et_pb_text_9  et_pb_text_align_left et_pb_bg_layout_light\">\n\t\t\t\t\n\t\t\t\t\n\t\t\t\t\n\t\t\t\t\n\t\t\t\t<div class=\"et_pb_text_inner\">Palco, Mesa, Powerpoint e P\u00falpito<\/div>\n\t\t\t<\/div><div class=\"et_pb_with_border et_pb_module et_d4_element et_pb_image et_pb_image_8 et_pb_image_sticky\">\n\t\t\t\t\n\t\t\t\t\n\t\t\t\t\n\t\t\t\t\n\t\t\t\t<span class=\"et_pb_image_wrap has-box-shadow-overlay\"><div class=\"box-shadow-overlay\"><\/div><img loading=\"lazy\" decoding=\"async\" width=\"550\" height=\"393\" src=\"https:\/\/www.rumo17.pt\/wp-content\/uploads\/2018\/07\/12-APPA-Jornadas-2012.jpg\" alt=\"\" title=\"\" srcset=\"https:\/\/carrilho.studio\/wp-content\/uploads\/2018\/07\/12-APPA-Jornadas-2012.jpg 550w, https:\/\/carrilho.studio\/wp-content\/uploads\/2018\/07\/12-APPA-Jornadas-2012-300x214.jpg 300w\" sizes=\"(max-width: 550px) 100vw, 550px\" class=\"wp-image-721\" \/><\/span>\n\t\t\t<\/div><div class=\"et_pb_module et_d4_element et_pb_text et_pb_text_10  et_pb_text_align_left et_pb_bg_layout_light\">\n\t\t\t\t\n\t\t\t\t\n\t\t\t\t\n\t\t\t\t\n\t\t\t\t<div class=\"et_pb_text_inner\">Mesa de oradores<\/div>\n\t\t\t<\/div>\n\t\t\t<\/div><div class=\"et_d4_element et_pb_column_1_2 et_pb_column et_pb_column_8  et_pb_css_mix_blend_mode et-last-child et_block_column\">\n\t\t\t\t\n\t\t\t\t\n\t\t\t\t\n\t\t\t\t\n\t\t\t\t<div class=\"et_pb_with_border et_pb_module et_d4_element et_pb_image et_pb_image_9 et_pb_image_sticky\">\n\t\t\t\t\n\t\t\t\t\n\t\t\t\t\n\t\t\t\t\n\t\t\t\t<span class=\"et_pb_image_wrap has-box-shadow-overlay\"><div class=\"box-shadow-overlay\"><\/div><img loading=\"lazy\" decoding=\"async\" width=\"550\" height=\"393\" src=\"https:\/\/www.rumo17.pt\/wp-content\/uploads\/2018\/07\/11-APPA-Jornadas-2012.jpg\" alt=\"\" title=\"\" srcset=\"https:\/\/carrilho.studio\/wp-content\/uploads\/2018\/07\/11-APPA-Jornadas-2012.jpg 550w, https:\/\/carrilho.studio\/wp-content\/uploads\/2018\/07\/11-APPA-Jornadas-2012-300x214.jpg 300w\" sizes=\"(max-width: 550px) 100vw, 550px\" class=\"wp-image-720\" \/><\/span>\n\t\t\t<\/div><div class=\"et_pb_module et_d4_element et_pb_text et_pb_text_11  et_pb_text_align_left et_pb_bg_layout_light\">\n\t\t\t\t\n\t\t\t\t\n\t\t\t\t\n\t\t\t\t\n\t\t\t\t<div class=\"et_pb_text_inner\">Vista geral da sala<\/div>\n\t\t\t<\/div><div class=\"et_pb_with_border et_pb_module et_d4_element et_pb_image et_pb_image_10 et_pb_image_sticky\">\n\t\t\t\t\n\t\t\t\t\n\t\t\t\t\n\t\t\t\t\n\t\t\t\t<span class=\"et_pb_image_wrap has-box-shadow-overlay\"><div class=\"box-shadow-overlay\"><\/div><img loading=\"lazy\" decoding=\"async\" width=\"550\" height=\"393\" src=\"https:\/\/www.rumo17.pt\/wp-content\/uploads\/2018\/07\/8-APPA-Jornadas-2012.jpg\" alt=\"\" title=\"\" srcset=\"https:\/\/carrilho.studio\/wp-content\/uploads\/2018\/07\/8-APPA-Jornadas-2012.jpg 550w, https:\/\/carrilho.studio\/wp-content\/uploads\/2018\/07\/8-APPA-Jornadas-2012-300x214.jpg 300w\" sizes=\"(max-width: 550px) 100vw, 550px\" class=\"wp-image-717\" \/><\/span>\n\t\t\t<\/div><div class=\"et_pb_module et_d4_element et_pb_text et_pb_text_12  et_pb_text_align_left et_pb_bg_layout_light\">\n\t\t\t\t\n\t\t\t\t\n\t\t\t\t\n\t\t\t\t\n\t\t\t\t<div class=\"et_pb_text_inner\">T\u00f3tens de encaminhamento e sinal\u00e9tica<\/div>\n\t\t\t<\/div>\n\t\t\t<\/div>\n\t\t\t\t\n\t\t\t\t\n\t\t\t\t\n\t\t\t\t\n\t\t\t<\/div>\n\t\t\t\t\n\t\t\t\t\n\t\t\t<\/div><div class=\"et_d4_element et_pb_section et_pb_section_3 et_pb_with_background  et_pb_css_mix_blend_mode et_section_regular et_block_section\" >\n\t\t\t\t\n\t\t\t\t\n\t\t\t\t\n\t\t\t\t\n\t\t\t\t\n\t\t\t\t\n\t\t\t\t<div class=\"et_d4_element et_pb_row et_pb_row_5 et_animated  et_pb_css_mix_blend_mode et_block_row\">\n\t\t\t\t<div class=\"et_d4_element et_pb_column_4_4 et_pb_column et_pb_column_9  et_pb_css_mix_blend_mode et-last-child et_block_column\">\n\t\t\t\t\n\t\t\t\t\n\t\t\t\t\n\t\t\t\t\n\t\t\t\t<div class=\"et_pb_with_border et_pb_module et_d4_element et_pb_text et_pb_text_13  et_pb_text_align_left et_pb_bg_layout_light\">\n\t\t\t\t\n\t\t\t\t\n\t\t\t\t\n\t\t\t\t\n\t\t\t\t<div class=\"et_pb_text_inner\"><p>Projetos Similares<\/p><\/div>\n\t\t\t<\/div><div class=\"et_pb_with_border et_pb_module et_d4_element et_pb_portfolio_0 et_animated  et_pb_css_mix_blend_mode  et_pb_text_align_center et_pb_bg_layout_light et_pb_portfolio_grid clearfix\">\n\t\t\t\t<div class=\"et_pb_ajax_pagination_container\">\n\t\t\t\t\t\n\t\t\t\t\t\n\t\t\t\t\t\n\t\t\t\t\t\n\t\t\t\t\t<div class=\"et_pb_portfolio_grid_items et_pb_grid_items\">\n\t\t\t\t\t\t\t\t\t\t<div id=\"post-684\" class=\"post-684 project type-project status-publish has-post-thumbnail hentry project_category-congressos-e-eventos project_tag-medicina-chinesa et_pb_portfolio_item et_pb_portfolio_item_0_0 et_pb_grid_item\">\n\n\t\t\t\t\t\t\t\t\t\t<a href=\"https:\/\/carrilho.studio\/en\/project\/congresso-internacional-appa-pefots-2012\/\" title=\"International APPA Congress \u2013 PEFOTS 2012\">\n\t\t\t\t\t\t\t\t\t\t\t\t\t<span class=\"et_portfolio_image\">\n\t\t\t\t\t\t\t\t<img loading=\"lazy\" decoding=\"async\" src=\"https:\/\/carrilho.studio\/wp-content\/uploads\/2018\/07\/2-PEFOTS-APPA-Congresso-2012-400x284.jpg\" alt=\"CONGRESSO Internacional APPA &#8211; PEFOTS 2012\" width=\"400\" height=\"284\" srcset=\"https:\/\/carrilho.studio\/wp-content\/uploads\/2018\/07\/2-PEFOTS-APPA-Congresso-2012.jpg 479w, https:\/\/carrilho.studio\/wp-content\/uploads\/2018\/07\/2-PEFOTS-APPA-Congresso-2012-400x284.jpg 480w\" sizes=\"(max-width:479px) 479px, 100vw\" \/>\t\t\t\t\t\t\t\t<span class=\"et_overlay et_pb_inline_icon\" data-icon=\"\uf06e\"><\/span>\t\t\t\t\t\t\t<\/span>\n\t\t\t\t\t\t\t\t\t\t\t<\/a>\n\t\t\t\t\t\n\t\t\t\t\t<h6 class=\"et_pb_module_header\"><a href=\"https:\/\/carrilho.studio\/en\/project\/congresso-internacional-appa-pefots-2012\/\" title=\"International APPA Congress \u2013 PEFOTS 2012\">International APPA Congress \u2013 PEFOTS 2012<\/a><\/h6>\n\t\t\t\t<\/div>\n\t\t\t\t\t\t\t\t<div id=\"post-336735\" class=\"post-336735 project type-project status-publish has-post-thumbnail hentry project_category-revistas project_tag-gremio-lusitano et_pb_portfolio_item et_pb_portfolio_item_0_1 et_pb_grid_item\">\n\n\t\t\t\t\t\t\t\t\t\t<a href=\"https:\/\/carrilho.studio\/en\/project\/gremio-lusitano-design-editorial-revista\/\" title=\"Gr\u00e9mio Lusitano &#8211; Design Editorial da Revista\">\n\t\t\t\t\t\t\t\t\t\t\t\t\t<span class=\"et_portfolio_image\">\n\t\t\t\t\t\t\t\t<img loading=\"lazy\" decoding=\"async\" src=\"https:\/\/carrilho.studio\/wp-content\/uploads\/Gremio-Lusitano-26-400x284.jpg\" alt=\"Gr\u00e9mio Lusitano &#8211; Design Editorial da Revista\" width=\"400\" height=\"284\" srcset=\"https:\/\/carrilho.studio\/wp-content\/uploads\/Gremio-Lusitano-26.jpg 479w, https:\/\/carrilho.studio\/wp-content\/uploads\/Gremio-Lusitano-26-400x284.jpg 480w\" sizes=\"(max-width:479px) 479px, 100vw\" \/>\t\t\t\t\t\t\t\t<span class=\"et_overlay et_pb_inline_icon\" data-icon=\"\uf06e\"><\/span>\t\t\t\t\t\t\t<\/span>\n\t\t\t\t\t\t\t\t\t\t\t<\/a>\n\t\t\t\t\t\n\t\t\t\t\t<h6 class=\"et_pb_module_header\"><a href=\"https:\/\/carrilho.studio\/en\/project\/gremio-lusitano-design-editorial-revista\/\" title=\"Gr\u00e9mio Lusitano &#8211; Design Editorial da Revista\">Gr\u00e9mio Lusitano &#8211; Design Editorial da Revista<\/a><\/h6>\n\t\t\t\t<\/div>\n\t\t\t\t\t\t\t\t<div id=\"post-336601\" class=\"post-336601 project type-project status-publish has-post-thumbnail hentry project_category-congressos-e-eventos project_tag-sindicato-dos-oficiais-de-justica et_pb_portfolio_item et_pb_portfolio_item_0_2 et_pb_grid_item\">\n\n\t\t\t\t\t\t\t\t\t\t<a href=\"https:\/\/carrilho.studio\/en\/project\/sindicato-dos-oficiais-de-justica-1-o-congresso\/\" title=\"Sheriffs&#039; Union \u2013 1st Congress\">\n\t\t\t\t\t\t\t\t\t\t\t\t\t<span class=\"et_portfolio_image\">\n\t\t\t\t\t\t\t\t<img loading=\"lazy\" decoding=\"async\" src=\"https:\/\/carrilho.studio\/wp-content\/uploads\/Sindicato_OJ_0006_Prposta-01-400x284.jpg\" alt=\"Sindicato dos Oficiais de Justi\u00e7a &#8211; 1.\u00ba Congresso\" width=\"400\" height=\"284\" srcset=\"https:\/\/carrilho.studio\/wp-content\/uploads\/Sindicato_OJ_0006_Prposta-01.jpg 479w, https:\/\/carrilho.studio\/wp-content\/uploads\/Sindicato_OJ_0006_Prposta-01-400x284.jpg 480w\" sizes=\"(max-width:479px) 479px, 100vw\" \/>\t\t\t\t\t\t\t\t<span class=\"et_overlay et_pb_inline_icon\" data-icon=\"\uf06e\"><\/span>\t\t\t\t\t\t\t<\/span>\n\t\t\t\t\t\t\t\t\t\t\t<\/a>\n\t\t\t\t\t\n\t\t\t\t\t<h6 class=\"et_pb_module_header\"><a href=\"https:\/\/carrilho.studio\/en\/project\/sindicato-dos-oficiais-de-justica-1-o-congresso\/\" title=\"Sheriffs&#039; Union \u2013 1st Congress\">Sheriffs' Union \u2013 1st Congress<\/a><\/h6>\n\t\t\t\t<\/div>\n\t\t\t\t\t\t\t\t<div id=\"post-336585\" class=\"post-336585 project type-project status-publish has-post-thumbnail hentry project_category-ilustracao project_tag-antonio-valdemar project_tag-jornal-o-figueirense et_pb_portfolio_item et_pb_portfolio_item_0_3 et_pb_grid_item\">\n\n\t\t\t\t\t\t\t\t\t\t<a href=\"https:\/\/carrilho.studio\/en\/project\/ilustracoes-o-figueirense\/\" title=\"Ilustra\u00e7\u00f5es \u00abO Figueirense\u00bb\">\n\t\t\t\t\t\t\t\t\t\t\t\t\t<span class=\"et_portfolio_image\">\n\t\t\t\t\t\t\t\t<img loading=\"lazy\" decoding=\"async\" src=\"https:\/\/carrilho.studio\/wp-content\/uploads\/Ilustra_0001s_0001_Figueirence-25-Abril-400x284.jpg\" alt=\"Ilustra\u00e7\u00f5es \u00abO Figueirense\u00bb\" width=\"400\" height=\"284\" srcset=\"https:\/\/carrilho.studio\/wp-content\/uploads\/Ilustra_0001s_0001_Figueirence-25-Abril.jpg 479w, https:\/\/carrilho.studio\/wp-content\/uploads\/Ilustra_0001s_0001_Figueirence-25-Abril-400x284.jpg 480w\" sizes=\"(max-width:479px) 479px, 100vw\" \/>\t\t\t\t\t\t\t\t<span class=\"et_overlay et_pb_inline_icon\" data-icon=\"\uf06e\"><\/span>\t\t\t\t\t\t\t<\/span>\n\t\t\t\t\t\t\t\t\t\t\t<\/a>\n\t\t\t\t\t\n\t\t\t\t\t<h6 class=\"et_pb_module_header\"><a href=\"https:\/\/carrilho.studio\/en\/project\/ilustracoes-o-figueirense\/\" title=\"Ilustra\u00e7\u00f5es \u00abO Figueirense\u00bb\">Ilustra\u00e7\u00f5es \u00abO Figueirense\u00bb<\/a><\/h6>\n\t\t\t\t<\/div>\n\t\t\t\t\t\t\t\t<div id=\"post-336577\" class=\"post-336577 project type-project status-publish has-post-thumbnail hentry project_category-ilustracao project_tag-inatel project_tag-revista-tempo-livre et_pb_portfolio_item et_pb_portfolio_item_0_4 et_pb_grid_item\">\n\n\t\t\t\t\t\t\t\t\t\t<a href=\"https:\/\/carrilho.studio\/en\/project\/revista-tempo-livre-inatel\/\" title=\"Revista \u00abTempo Livre\u00bb\">\n\t\t\t\t\t\t\t\t\t\t\t\t\t<span class=\"et_portfolio_image\">\n\t\t\t\t\t\t\t\t<img loading=\"lazy\" decoding=\"async\" src=\"https:\/\/carrilho.studio\/wp-content\/uploads\/Ilustra_0002s_0001_TempoLivre-Pecanha-400x284.jpg\" alt=\"Revista \u00abTempo Livre\u00bb\" width=\"400\" height=\"284\" srcset=\"https:\/\/carrilho.studio\/wp-content\/uploads\/Ilustra_0002s_0001_TempoLivre-Pecanha.jpg 479w, https:\/\/carrilho.studio\/wp-content\/uploads\/Ilustra_0002s_0001_TempoLivre-Pecanha-400x284.jpg 480w\" sizes=\"(max-width:479px) 479px, 100vw\" \/>\t\t\t\t\t\t\t\t<span class=\"et_overlay et_pb_inline_icon\" data-icon=\"\uf06e\"><\/span>\t\t\t\t\t\t\t<\/span>\n\t\t\t\t\t\t\t\t\t\t\t<\/a>\n\t\t\t\t\t\n\t\t\t\t\t<h6 class=\"et_pb_module_header\"><a href=\"https:\/\/carrilho.studio\/en\/project\/revista-tempo-livre-inatel\/\" title=\"Revista \u00abTempo Livre\u00bb\">Revista \u00abTempo Livre\u00bb<\/a><\/h6>\n\t\t\t\t<\/div>\n\t\t\t\t\t\t\t\t<div id=\"post-336562\" class=\"post-336562 project type-project status-publish has-post-thumbnail hentry project_category-ilustracao project_tag-personalidades project_tag-revista-sabado et_pb_portfolio_item et_pb_portfolio_item_0_5 et_pb_grid_item\">\n\n\t\t\t\t\t\t\t\t\t\t<a href=\"https:\/\/carrilho.studio\/en\/project\/revista-sabado\/\" title=\"Revista S\u00e1bado\">\n\t\t\t\t\t\t\t\t\t\t\t\t\t<span class=\"et_portfolio_image\">\n\t\t\t\t\t\t\t\t<img loading=\"lazy\" decoding=\"async\" src=\"https:\/\/carrilho.studio\/wp-content\/uploads\/Ilustra_0000s_0003_Burlao-Pag-dupla-400x284.jpg\" alt=\"Revista S\u00e1bado\" width=\"400\" height=\"284\" srcset=\"https:\/\/carrilho.studio\/wp-content\/uploads\/Ilustra_0000s_0003_Burlao-Pag-dupla.jpg 479w, https:\/\/carrilho.studio\/wp-content\/uploads\/Ilustra_0000s_0003_Burlao-Pag-dupla-400x284.jpg 480w\" sizes=\"(max-width:479px) 479px, 100vw\" \/>\t\t\t\t\t\t\t\t<span class=\"et_overlay et_pb_inline_icon\" data-icon=\"\uf06e\"><\/span>\t\t\t\t\t\t\t<\/span>\n\t\t\t\t\t\t\t\t\t\t\t<\/a>\n\t\t\t\t\t\n\t\t\t\t\t<h6 class=\"et_pb_module_header\"><a href=\"https:\/\/carrilho.studio\/en\/project\/revista-sabado\/\" title=\"Revista S\u00e1bado\">Revista S\u00e1bado<\/a><\/h6>\n\t\t\t\t<\/div>\n\t\t\t\t\t\t\t\t<div id=\"post-336703\" class=\"post-336703 project type-project status-publish has-post-thumbnail hentry project_category-web project_tag-gremio-lusitano et_pb_portfolio_item et_pb_portfolio_item_0_6 et_pb_grid_item\">\n\n\t\t\t\t\t\t\t\t\t\t<a href=\"https:\/\/carrilho.studio\/en\/project\/design-do-website-do-gremio-lusitano\/\" title=\"Gr\u00e9mio Lusitano \u2013 Website\">\n\t\t\t\t\t\t\t\t\t\t\t\t\t<span class=\"et_portfolio_image\">\n\t\t\t\t\t\t\t\t<img loading=\"lazy\" decoding=\"async\" src=\"https:\/\/carrilho.studio\/wp-content\/uploads\/Gremio-Lusitano-site-featured-400x284.jpg\" alt=\"Gr\u00e9mio Lusitano &#8211; Website\" width=\"400\" height=\"284\" srcset=\"https:\/\/carrilho.studio\/wp-content\/uploads\/Gremio-Lusitano-site-featured.jpg 479w, https:\/\/carrilho.studio\/wp-content\/uploads\/Gremio-Lusitano-site-featured-400x284.jpg 480w\" sizes=\"(max-width:479px) 479px, 100vw\" \/>\t\t\t\t\t\t\t\t<span class=\"et_overlay et_pb_inline_icon\" data-icon=\"\uf06e\"><\/span>\t\t\t\t\t\t\t<\/span>\n\t\t\t\t\t\t\t\t\t\t\t<\/a>\n\t\t\t\t\t\n\t\t\t\t\t<h6 class=\"et_pb_module_header\"><a href=\"https:\/\/carrilho.studio\/en\/project\/design-do-website-do-gremio-lusitano\/\" title=\"Gr\u00e9mio Lusitano \u2013 Website\">Gr\u00e9mio Lusitano \u2013 Website<\/a><\/h6>\n\t\t\t\t<\/div>\n\t\t\t\t\t\t\t\t<div id=\"post-336664\" class=\"post-336664 project type-project status-publish has-post-thumbnail hentry project_category-branding project_tag-gremio-lusitano et_pb_portfolio_item et_pb_portfolio_item_0_7 et_pb_grid_item\">\n\n\t\t\t\t\t\t\t\t\t\t<a href=\"https:\/\/carrilho.studio\/en\/project\/gremio-lusitano-restyle-logo-insignia\/\" title=\"Gr\u00e9mio Lusitano \u2013 Insignia logo re-style\">\n\t\t\t\t\t\t\t\t\t\t\t\t\t<span class=\"et_portfolio_image\">\n\t\t\t\t\t\t\t\t<img loading=\"lazy\" decoding=\"async\" src=\"https:\/\/carrilho.studio\/wp-content\/uploads\/Gremio-Lusitano-Logo-transicao-digital-400x284.jpg\" alt=\"Gr\u00e9mio Lusitano &#8211; Re-style do logo ins\u00edgnia\" width=\"400\" height=\"284\" srcset=\"https:\/\/carrilho.studio\/wp-content\/uploads\/Gremio-Lusitano-Logo-transicao-digital.jpg 479w, https:\/\/carrilho.studio\/wp-content\/uploads\/Gremio-Lusitano-Logo-transicao-digital-400x284.jpg 480w\" sizes=\"(max-width:479px) 479px, 100vw\" \/>\t\t\t\t\t\t\t\t<span class=\"et_overlay et_pb_inline_icon\" data-icon=\"\uf06e\"><\/span>\t\t\t\t\t\t\t<\/span>\n\t\t\t\t\t\t\t\t\t\t\t<\/a>\n\t\t\t\t\t\n\t\t\t\t\t<h6 class=\"et_pb_module_header\"><a href=\"https:\/\/carrilho.studio\/en\/project\/gremio-lusitano-restyle-logo-insignia\/\" title=\"Gr\u00e9mio Lusitano \u2013 Insignia logo re-style\">Gr\u00e9mio Lusitano \u2013 Insignia logo re-style<\/a><\/h6>\n\t\t\t\t<\/div>\n\t\t\t\t\n\t\t\t\t\t<\/div>\n\t\t\t\t\t\n\t\t\t\t<\/div>\n\t\t\t<\/div>\n\t\t\t<\/div>\n\t\t\t\t\n\t\t\t\t\n\t\t\t\t\n\t\t\t\t\n\t\t\t<\/div>\n\t\t\t\t\n\t\t\t\t\n\t\t\t<\/div><\/p>","protected":false},"excerpt":{"rendered":"","protected":false},"author":5,"featured_media":710,"comment_status":"open","ping_status":"closed","template":"","meta":{"_monsterinsights_skip_tracking":false,"_monsterinsights_sitenote_active":false,"_monsterinsights_sitenote_note":"","_monsterinsights_sitenote_category":0,"_et_pb_use_builder":"on","_et_pb_old_content":"","_et_gb_content_width":"","footnotes":""},"project_category":[],"project_tag":[67],"class_list":["post-703","project","type-project","status-publish","has-post-thumbnail","hentry","project_tag-medicina-chinesa"],"yoast_head":"<!-- This site is optimized with the Yoast SEO plugin v27.4 - https:\/\/yoast.com\/product\/yoast-seo-wordpress\/ -->\n<title>JORNADAS APPA - 2012 | Carrilho.Studio<\/title>\n<meta name=\"robots\" content=\"index, follow, max-snippet:-1, max-image-preview:large, max-video-preview:-1\" \/>\n<link rel=\"canonical\" href=\"https:\/\/carrilho.studio\/en\/project\/jornadas-appa-2012\/\" \/>\n<meta property=\"og:locale\" content=\"en_US\" \/>\n<meta property=\"og:type\" content=\"article\" \/>\n<meta property=\"og:title\" content=\"JORNADAS APPA - 2012 | Carrilho.Studio\" \/>\n<meta property=\"og:url\" content=\"https:\/\/carrilho.studio\/en\/project\/jornadas-appa-2012\/\" \/>\n<meta property=\"og:site_name\" content=\"Carrilho.Studio\" \/>\n<meta property=\"article:modified_time\" content=\"2024-07-23T19:09:28+00:00\" \/>\n<meta property=\"og:image\" content=\"https:\/\/carrilho.studio\/wp-content\/uploads\/2018\/07\/1-APPA-Jornadas-2012-B.jpg\" \/>\n\t<meta property=\"og:image:width\" content=\"2000\" \/>\n\t<meta property=\"og:image:height\" content=\"600\" \/>\n\t<meta property=\"og:image:type\" content=\"image\/jpeg\" \/>\n<meta name=\"twitter:card\" content=\"summary_large_image\" \/>\n<meta name=\"twitter:label1\" content=\"Est. reading time\" \/>\n\t<meta name=\"twitter:data1\" content=\"11 minutes\" \/>\n<script type=\"application\/ld+json\" class=\"yoast-schema-graph\">{\"@context\":\"https:\\\/\\\/schema.org\",\"@graph\":[{\"@type\":\"WebPage\",\"@id\":\"https:\\\/\\\/carrilho.studio\\\/project\\\/jornadas-appa-2012\\\/\",\"url\":\"https:\\\/\\\/carrilho.studio\\\/project\\\/jornadas-appa-2012\\\/\",\"name\":\"JORNADAS APPA - 2012 | Carrilho.Studio\",\"isPartOf\":{\"@id\":\"https:\\\/\\\/carrilho.studio\\\/#website\"},\"primaryImageOfPage\":{\"@id\":\"https:\\\/\\\/carrilho.studio\\\/project\\\/jornadas-appa-2012\\\/#primaryimage\"},\"image\":{\"@id\":\"https:\\\/\\\/carrilho.studio\\\/project\\\/jornadas-appa-2012\\\/#primaryimage\"},\"thumbnailUrl\":\"https:\\\/\\\/carrilho.studio\\\/wp-content\\\/uploads\\\/2018\\\/07\\\/1-APPA-Jornadas-2012-B.jpg\",\"datePublished\":\"2018-07-25T13:43:18+00:00\",\"dateModified\":\"2024-07-23T19:09:28+00:00\",\"breadcrumb\":{\"@id\":\"https:\\\/\\\/carrilho.studio\\\/project\\\/jornadas-appa-2012\\\/#breadcrumb\"},\"inLanguage\":\"en-US\",\"potentialAction\":[{\"@type\":\"ReadAction\",\"target\":[\"https:\\\/\\\/carrilho.studio\\\/project\\\/jornadas-appa-2012\\\/\"]}]},{\"@type\":\"ImageObject\",\"inLanguage\":\"en-US\",\"@id\":\"https:\\\/\\\/carrilho.studio\\\/project\\\/jornadas-appa-2012\\\/#primaryimage\",\"url\":\"https:\\\/\\\/carrilho.studio\\\/wp-content\\\/uploads\\\/2018\\\/07\\\/1-APPA-Jornadas-2012-B.jpg\",\"contentUrl\":\"https:\\\/\\\/carrilho.studio\\\/wp-content\\\/uploads\\\/2018\\\/07\\\/1-APPA-Jornadas-2012-B.jpg\",\"width\":2000,\"height\":600,\"caption\":\"APPA Jornadas 2012\"},{\"@type\":\"BreadcrumbList\",\"@id\":\"https:\\\/\\\/carrilho.studio\\\/project\\\/jornadas-appa-2012\\\/#breadcrumb\",\"itemListElement\":[{\"@type\":\"ListItem\",\"position\":1,\"name\":\"Home\",\"item\":\"https:\\\/\\\/carrilho.studio\\\/\"},{\"@type\":\"ListItem\",\"position\":2,\"name\":\"Projects\",\"item\":\"https:\\\/\\\/carrilho.studio\\\/project\\\/\"},{\"@type\":\"ListItem\",\"position\":3,\"name\":\"JORNADAS APPA &#8211; 2012\"}]},{\"@type\":\"WebSite\",\"@id\":\"https:\\\/\\\/carrilho.studio\\\/#website\",\"url\":\"https:\\\/\\\/carrilho.studio\\\/\",\"name\":\"Carrilho.Studio\",\"description\":\"Promo\u00e7\u00e3o de Conte\u00fados Institucionais\",\"potentialAction\":[{\"@type\":\"SearchAction\",\"target\":{\"@type\":\"EntryPoint\",\"urlTemplate\":\"https:\\\/\\\/carrilho.studio\\\/?s={search_term_string}\"},\"query-input\":{\"@type\":\"PropertyValueSpecification\",\"valueRequired\":true,\"valueName\":\"search_term_string\"}}],\"inLanguage\":\"en-US\"}]}<\/script>\n<!-- \/ Yoast SEO plugin. -->","yoast_head_json":{"title":"JORNADAS APPA - 2012 | Carrilho.Studio","robots":{"index":"index","follow":"follow","max-snippet":"max-snippet:-1","max-image-preview":"max-image-preview:large","max-video-preview":"max-video-preview:-1"},"canonical":"https:\/\/carrilho.studio\/en\/project\/jornadas-appa-2012\/","og_locale":"en_US","og_type":"article","og_title":"JORNADAS APPA - 2012 | Carrilho.Studio","og_url":"https:\/\/carrilho.studio\/en\/project\/jornadas-appa-2012\/","og_site_name":"Carrilho.Studio","article_modified_time":"2024-07-23T19:09:28+00:00","og_image":[{"width":2000,"height":600,"url":"https:\/\/carrilho.studio\/wp-content\/uploads\/2018\/07\/1-APPA-Jornadas-2012-B.jpg","type":"image\/jpeg"}],"twitter_card":"summary_large_image","twitter_misc":{"Est. reading time":"11 minutes"},"schema":{"@context":"https:\/\/schema.org","@graph":[{"@type":"WebPage","@id":"https:\/\/carrilho.studio\/project\/jornadas-appa-2012\/","url":"https:\/\/carrilho.studio\/project\/jornadas-appa-2012\/","name":"JORNADAS APPA - 2012 | Carrilho.Studio","isPartOf":{"@id":"https:\/\/carrilho.studio\/#website"},"primaryImageOfPage":{"@id":"https:\/\/carrilho.studio\/project\/jornadas-appa-2012\/#primaryimage"},"image":{"@id":"https:\/\/carrilho.studio\/project\/jornadas-appa-2012\/#primaryimage"},"thumbnailUrl":"https:\/\/carrilho.studio\/wp-content\/uploads\/2018\/07\/1-APPA-Jornadas-2012-B.jpg","datePublished":"2018-07-25T13:43:18+00:00","dateModified":"2024-07-23T19:09:28+00:00","breadcrumb":{"@id":"https:\/\/carrilho.studio\/project\/jornadas-appa-2012\/#breadcrumb"},"inLanguage":"en-US","potentialAction":[{"@type":"ReadAction","target":["https:\/\/carrilho.studio\/project\/jornadas-appa-2012\/"]}]},{"@type":"ImageObject","inLanguage":"en-US","@id":"https:\/\/carrilho.studio\/project\/jornadas-appa-2012\/#primaryimage","url":"https:\/\/carrilho.studio\/wp-content\/uploads\/2018\/07\/1-APPA-Jornadas-2012-B.jpg","contentUrl":"https:\/\/carrilho.studio\/wp-content\/uploads\/2018\/07\/1-APPA-Jornadas-2012-B.jpg","width":2000,"height":600,"caption":"APPA Jornadas 2012"},{"@type":"BreadcrumbList","@id":"https:\/\/carrilho.studio\/project\/jornadas-appa-2012\/#breadcrumb","itemListElement":[{"@type":"ListItem","position":1,"name":"Home","item":"https:\/\/carrilho.studio\/"},{"@type":"ListItem","position":2,"name":"Projects","item":"https:\/\/carrilho.studio\/project\/"},{"@type":"ListItem","position":3,"name":"JORNADAS APPA &#8211; 2012"}]},{"@type":"WebSite","@id":"https:\/\/carrilho.studio\/#website","url":"https:\/\/carrilho.studio\/","name":"Carrilho.Studio","description":"Promo\u00e7\u00e3o de Conte\u00fados Institucionais","potentialAction":[{"@type":"SearchAction","target":{"@type":"EntryPoint","urlTemplate":"https:\/\/carrilho.studio\/?s={search_term_string}"},"query-input":{"@type":"PropertyValueSpecification","valueRequired":true,"valueName":"search_term_string"}}],"inLanguage":"en-US"}]}},"_links":{"self":[{"href":"https:\/\/carrilho.studio\/en\/wp-json\/wp\/v2\/project\/703","targetHints":{"allow":["GET"]}}],"collection":[{"href":"https:\/\/carrilho.studio\/en\/wp-json\/wp\/v2\/project"}],"about":[{"href":"https:\/\/carrilho.studio\/en\/wp-json\/wp\/v2\/types\/project"}],"author":[{"embeddable":true,"href":"https:\/\/carrilho.studio\/en\/wp-json\/wp\/v2\/users\/5"}],"replies":[{"embeddable":true,"href":"https:\/\/carrilho.studio\/en\/wp-json\/wp\/v2\/comments?post=703"}],"version-history":[{"count":0,"href":"https:\/\/carrilho.studio\/en\/wp-json\/wp\/v2\/project\/703\/revisions"}],"wp:featuredmedia":[{"embeddable":true,"href":"https:\/\/carrilho.studio\/en\/wp-json\/wp\/v2\/media\/710"}],"wp:attachment":[{"href":"https:\/\/carrilho.studio\/en\/wp-json\/wp\/v2\/media?parent=703"}],"wp:term":[{"taxonomy":"project_category","embeddable":true,"href":"https:\/\/carrilho.studio\/en\/wp-json\/wp\/v2\/project_category?post=703"},{"taxonomy":"project_tag","embeddable":true,"href":"https:\/\/carrilho.studio\/en\/wp-json\/wp\/v2\/project_tag?post=703"}],"curies":[{"name":"wp","href":"https:\/\/api.w.org\/{rel}","templated":true}]}}