{"id":654,"date":"2018-07-25T10:14:32","date_gmt":"2018-07-25T10:14:32","guid":{"rendered":"https:\/\/www.rumo17.pt\/?post_type=project&#038;p=654"},"modified":"2024-08-05T18:57:40","modified_gmt":"2024-08-05T18:57:40","slug":"congresso-internacional-appa-pefots-2009","status":"publish","type":"project","link":"https:\/\/carrilho.studio\/en\/project\/congresso-internacional-appa-pefots-2009\/","title":{"rendered":"CONGRESSO Internacional APPA &#8211; PEFOTS 2009"},"content":{"rendered":"<p><div class=\"et_d4_element et_pb_section et_pb_section_0  et_pb_css_mix_blend_mode et_section_regular et_block_section\" >\n\t\t\t\t\n\t\t\t\t\n\t\t\t\t\n\t\t\t\t\n\t\t\t\t\n\t\t\t\t\n\t\t\t\t<div class=\"et_d4_element et_pb_row et_pb_row_0  et_pb_css_mix_blend_mode et_block_row\">\n\t\t\t\t<div class=\"et_d4_element et_pb_column_4_4 et_pb_column et_pb_column_0  et_pb_css_mix_blend_mode et-last-child et_block_column\">\n\t\t\t\t\n\t\t\t\t\n\t\t\t\t\n\t\t\t\t\n\t\t\t\t<div class=\"et_pb_module et_d4_element et_pb_text et_pb_text_0  et_pb_text_align_left et_pb_bg_layout_light\">\n\t\t\t\t\n\t\t\t\t\n\t\t\t\t\n\t\t\t\t\n\t\t\t\t<div class=\"et_pb_text_inner\"><h3 style=\"text-align: center;\">PEFOTS - APPA<\/h3>\n<h2 style=\"text-align: center;\">9\u00ba Congresso Internacional<\/h2>\n<h4 style=\"text-align: center;\"><span style=\"text-decoration: underline;\"><a href=\"\/en\/a-equipa\/#umovoacavalo\">Um Ovo a Cavalo<\/a> <\/span>| 2009<\/h4><\/div>\n\t\t\t<\/div>\n\t\t\t<\/div>\n\t\t\t\t\n\t\t\t\t\n\t\t\t\t\n\t\t\t\t\n\t\t\t<\/div>\n\t\t\t\t\n\t\t\t\t\n\t\t\t<\/div><div class=\"et_d4_element et_pb_section et_pb_section_1 et_pb_with_background  et_pb_css_mix_blend_mode et_section_regular et_block_section\" >\n\t\t\t\t\n\t\t\t\t\n\t\t\t\t\n\t\t\t\t\n\t\t\t\t\n\t\t\t\t\n\t\t\t\t<div class=\"et_d4_element et_pb_row et_pb_row_1 et_animated  et_pb_css_mix_blend_mode et_block_row\">\n\t\t\t\t<div class=\"et_d4_element et_pb_column_1_2 et_pb_column et_pb_column_1  et_pb_css_mix_blend_mode et_block_column\">\n\t\t\t\t\n\t\t\t\t\n\t\t\t\t\n\t\t\t\t\n\t\t\t\t<div class=\"et_pb_module et_d4_element et_pb_toggle et_pb_toggle_0 et_pb_toggle_item  et_pb_text_align_left et_pb_toggle_close\">\n\t\t\t\t\n\t\t\t\t\n\t\t\t\t\n\t\t\t\t\n\t\t\t\t<h5 class=\"et_pb_toggle_title\">DESAFIOS<\/h5>\n\t\t\t\t<div class=\"et_pb_toggle_content clearfix\">Logotema de Medicina Chinesa com um posicionamento de medicina complementar.<\/p>\n<p>Cria\u00e7\u00e3o de uma imagem de marca forte para o primeiro congresso internacional da Associa\u00e7\u00e3o Portuguesa dos Profissionais de Acupunctura.<\/div>\n\t\t\t<\/div><div class=\"et_pb_module et_d4_element et_pb_toggle et_pb_toggle_1 et_pb_toggle_item  et_pb_text_align_left et_pb_toggle_close\">\n\t\t\t\t\n\t\t\t\t\n\t\t\t\t\n\t\t\t\t\n\t\t\t\t<h5 class=\"et_pb_toggle_title\">CONTEXTO<\/h5>\n\t\t\t\t<div class=\"et_pb_toggle_content clearfix\">Congresso organizado pela PEFOTS - Pan European Federation of Traditional Chinese Medicine (Holanda), em parceria com a\u00a0\u00a0APPA (a maior Associa\u00e7\u00e3o de Acupunctura em Portugal - e uma das maiores da Europa), que promove e representa os interesses dos Acupunctores profissionais.<\/p>\n<p>Apoia a divulga\u00e7\u00e3o, estudo, desenvolvimento e defesa da Acupunctura, realiza de ac\u00e7\u00f5es de forma\u00e7\u00e3o, congressos, semin\u00e1rios e outros eventos de \u00e2mbito nacional e internacional.<\/div>\n\t\t\t<\/div><div class=\"et_pb_module et_d4_element et_pb_toggle et_pb_toggle_2 et_pb_toggle_item  et_pb_text_align_left et_pb_toggle_close\">\n\t\t\t\t\n\t\t\t\t\n\t\t\t\t\n\t\t\t\t\n\t\t\t\t<h5 class=\"et_pb_toggle_title\">SOLU\u00c7\u00c3O<\/h5>\n\t\t\t\t<div class=\"et_pb_toggle_content clearfix\">Usamos uma imagem de uma acupunctora de origem asi\u00e1tica, com bata m\u00e9dica, para que refor\u00e7ar o conceito de que a medicina chinesa \u00e9 tamb\u00e9m um medicina complementar.<\/p>\n<p>C\u00f3digo crom\u00e1tico de contrastes fortes, com uma intensidade de branco que refor\u00e7a a presen\u00e7a da bata m\u00e9dica.<\/p>\n<p>O layout foi aplicado \u00e0s pe\u00e7as de divulga\u00e7\u00e3o do congresso (incentivos \u00e0 inscri\u00e7\u00e3o), ao material de apoio aos congressistas e oradores, \u00e0 decora\u00e7\u00e3o do centro de conven\u00e7\u00f5es e ao dossier das conclus\u00f5es.<\/div>\n\t\t\t<\/div>\n\t\t\t<\/div><div class=\"et_d4_element et_pb_column_1_2 et_pb_column et_pb_column_2  et_pb_css_mix_blend_mode et-last-child et_block_column\">\n\t\t\t\t\n\t\t\t\t\n\t\t\t\t\n\t\t\t\t\n\t\t\t\t<div class=\"et_pb_module et_d4_element et_pb_text et_pb_text_1  et_pb_text_align_left et_pb_bg_layout_light\">\n\t\t\t\t\n\t\t\t\t\n\t\t\t\t\n\t\t\t\t\n\t\t\t\t<div class=\"et_pb_text_inner\">A sua institui\u00e7\u00e3o promove eventos, congressos, conven\u00e7\u00f5es ou confer\u00eancias de imprensa?<\/p>\n<p>Logotema, incentivos \u00e0 inscri\u00e7\u00e3o, apoio aos congressista e oradores, decora\u00e7\u00e3o gr\u00e1fica do palco, p\u00falpito, mesa oradores, template de powerpoint para as comunica\u00e7\u00f5es e edi\u00e7\u00e3o das conclus\u00f5es.<\/p>\n<p>CONTACTE-NOS<\/div>\n\t\t\t<\/div>\n\t\t\t<\/div>\n\t\t\t\t\n\t\t\t\t\n\t\t\t\t\n\t\t\t\t\n\t\t\t<\/div>\n\t\t\t\t\n\t\t\t\t\n\t\t\t<\/div><div class=\"et_d4_element et_pb_section et_pb_section_2 et_pb_with_background  et_pb_css_mix_blend_mode et_section_regular et_block_section\" >\n\t\t\t\t\n\t\t\t\t\n\t\t\t\t\n\t\t\t\t\n\t\t\t\t\n\t\t\t\t\n\t\t\t\t<div class=\"et_d4_element et_pb_row et_pb_row_2 et_animated  et_pb_css_mix_blend_mode et_block_row\">\n\t\t\t\t<div class=\"et_d4_element et_pb_column_1_2 et_pb_column et_pb_column_3  et_pb_css_mix_blend_mode et_block_column\">\n\t\t\t\t\n\t\t\t\t\n\t\t\t\t\n\t\t\t\t\n\t\t\t\t<div class=\"et_pb_with_border et_pb_module et_d4_element et_pb_image et_pb_image_0 et_pb_image_sticky\">\n\t\t\t\t\n\t\t\t\t\n\t\t\t\t\n\t\t\t\t\n\t\t\t\t<span class=\"et_pb_image_wrap has-box-shadow-overlay\"><div class=\"box-shadow-overlay\"><\/div><img loading=\"lazy\" decoding=\"async\" width=\"550\" height=\"393\" src=\"https:\/\/carrilho.studio\/wp-content\/uploads\/2018\/07\/2-APPA-Congresso-2009.jpg\" alt=\"\" title=\"\" srcset=\"https:\/\/carrilho.studio\/wp-content\/uploads\/2018\/07\/2-APPA-Congresso-2009.jpg 550w, https:\/\/carrilho.studio\/wp-content\/uploads\/2018\/07\/2-APPA-Congresso-2009-300x214.jpg 300w\" sizes=\"(max-width: 550px) 100vw, 550px\" class=\"wp-image-658\" \/><\/span>\n\t\t\t<\/div><div class=\"et_pb_module et_d4_element et_pb_text et_pb_text_2  et_pb_text_align_left et_pb_bg_layout_light\">\n\t\t\t\t\n\t\t\t\t\n\t\t\t\t\n\t\t\t\t\n\t\t\t\t<div class=\"et_pb_text_inner\">Cartaz 50x70 cm<\/div>\n\t\t\t<\/div><div class=\"et_pb_with_border et_pb_module et_d4_element et_pb_image et_pb_image_1 et_pb_image_sticky\">\n\t\t\t\t\n\t\t\t\t\n\t\t\t\t\n\t\t\t\t\n\t\t\t\t<span class=\"et_pb_image_wrap has-box-shadow-overlay\"><div class=\"box-shadow-overlay\"><\/div><img loading=\"lazy\" decoding=\"async\" width=\"550\" height=\"393\" src=\"https:\/\/carrilho.studio\/wp-content\/uploads\/2018\/07\/4-APPA-Congresso-2009.jpg\" alt=\"\" title=\"\" srcset=\"https:\/\/carrilho.studio\/wp-content\/uploads\/2018\/07\/4-APPA-Congresso-2009.jpg 550w, https:\/\/carrilho.studio\/wp-content\/uploads\/2018\/07\/4-APPA-Congresso-2009-300x214.jpg 300w\" sizes=\"(max-width: 550px) 100vw, 550px\" class=\"wp-image-660\" \/><\/span>\n\t\t\t<\/div><div class=\"et_pb_module et_d4_element et_pb_text et_pb_text_3  et_pb_text_align_left et_pb_bg_layout_light\">\n\t\t\t\t\n\t\t\t\t\n\t\t\t\t\n\t\t\t\t\n\t\t\t\t<div class=\"et_pb_text_inner\">Material de apoio ao congressista<\/div>\n\t\t\t<\/div>\n\t\t\t<\/div><div class=\"et_d4_element et_pb_column_1_2 et_pb_column et_pb_column_4  et_pb_css_mix_blend_mode et-last-child et_block_column\">\n\t\t\t\t\n\t\t\t\t\n\t\t\t\t\n\t\t\t\t\n\t\t\t\t<div class=\"et_pb_with_border et_pb_module et_d4_element et_pb_image et_pb_image_2 et_pb_image_sticky\">\n\t\t\t\t\n\t\t\t\t\n\t\t\t\t\n\t\t\t\t\n\t\t\t\t<span class=\"et_pb_image_wrap has-box-shadow-overlay\"><div class=\"box-shadow-overlay\"><\/div><img loading=\"lazy\" decoding=\"async\" width=\"550\" height=\"393\" src=\"https:\/\/carrilho.studio\/wp-content\/uploads\/2018\/07\/3-APPA-Congresso-2009.jpg\" alt=\"\" title=\"\" srcset=\"https:\/\/carrilho.studio\/wp-content\/uploads\/2018\/07\/3-APPA-Congresso-2009.jpg 550w, https:\/\/carrilho.studio\/wp-content\/uploads\/2018\/07\/3-APPA-Congresso-2009-300x214.jpg 300w\" sizes=\"(max-width: 550px) 100vw, 550px\" class=\"wp-image-659\" \/><\/span>\n\t\t\t<\/div><div class=\"et_pb_module et_d4_element et_pb_text et_pb_text_4  et_pb_text_align_left et_pb_bg_layout_light\">\n\t\t\t\t\n\t\t\t\t\n\t\t\t\t\n\t\t\t\t\n\t\t\t\t<div class=\"et_pb_text_inner\">Folheto de divulga\u00e7\u00e3o<\/div>\n\t\t\t<\/div>\n\t\t\t<\/div>\n\t\t\t\t\n\t\t\t\t\n\t\t\t\t\n\t\t\t\t\n\t\t\t<\/div>\n\t\t\t\t\n\t\t\t\t\n\t\t\t<\/div><div class=\"et_d4_element et_pb_section et_pb_section_3 et_pb_with_background  et_pb_css_mix_blend_mode et_section_regular et_block_section\" >\n\t\t\t\t\n\t\t\t\t\n\t\t\t\t\n\t\t\t\t\n\t\t\t\t\n\t\t\t\t\n\t\t\t\t<div class=\"et_d4_element et_pb_row et_pb_row_3 et_animated  et_pb_css_mix_blend_mode et_block_row\">\n\t\t\t\t<div class=\"et_d4_element et_pb_column_1_2 et_pb_column et_pb_column_5  et_pb_css_mix_blend_mode et_block_column\">\n\t\t\t\t\n\t\t\t\t\n\t\t\t\t\n\t\t\t\t\n\t\t\t\t<div class=\"et_pb_with_border et_pb_module et_d4_element et_pb_image et_pb_image_3 et_pb_image_sticky\">\n\t\t\t\t\n\t\t\t\t\n\t\t\t\t\n\t\t\t\t\n\t\t\t\t<span class=\"et_pb_image_wrap has-box-shadow-overlay\"><div class=\"box-shadow-overlay\"><\/div><img loading=\"lazy\" decoding=\"async\" width=\"550\" height=\"393\" src=\"https:\/\/carrilho.studio\/wp-content\/uploads\/2018\/07\/5-APPA-Congresso-2009.jpg\" alt=\"\" title=\"\" srcset=\"https:\/\/carrilho.studio\/wp-content\/uploads\/2018\/07\/5-APPA-Congresso-2009.jpg 550w, https:\/\/carrilho.studio\/wp-content\/uploads\/2018\/07\/5-APPA-Congresso-2009-300x214.jpg 300w\" sizes=\"(max-width: 550px) 100vw, 550px\" class=\"wp-image-661\" \/><\/span>\n\t\t\t<\/div><div class=\"et_pb_module et_d4_element et_pb_text et_pb_text_5  et_pb_text_align_left et_pb_bg_layout_light\">\n\t\t\t\t\n\t\t\t\t\n\t\t\t\t\n\t\t\t\t\n\t\t\t\t<div class=\"et_pb_text_inner\">Decora\u00e7\u00e3o do Palco e powerpoint oradores<\/div>\n\t\t\t<\/div><div class=\"et_pb_with_border et_pb_module et_d4_element et_pb_image et_pb_image_4 et_pb_image_sticky\">\n\t\t\t\t\n\t\t\t\t\n\t\t\t\t\n\t\t\t\t\n\t\t\t\t<span class=\"et_pb_image_wrap has-box-shadow-overlay\"><div class=\"box-shadow-overlay\"><\/div><img loading=\"lazy\" decoding=\"async\" width=\"550\" height=\"393\" src=\"https:\/\/carrilho.studio\/wp-content\/uploads\/2018\/07\/7-APPA-Congresso-2009.jpg\" alt=\"\" title=\"\" srcset=\"https:\/\/carrilho.studio\/wp-content\/uploads\/2018\/07\/7-APPA-Congresso-2009.jpg 550w, https:\/\/carrilho.studio\/wp-content\/uploads\/2018\/07\/7-APPA-Congresso-2009-300x214.jpg 300w\" sizes=\"(max-width: 550px) 100vw, 550px\" class=\"wp-image-663\" \/><\/span>\n\t\t\t<\/div><div class=\"et_pb_module et_d4_element et_pb_text et_pb_text_6  et_pb_text_align_left et_pb_bg_layout_light\">\n\t\t\t\t\n\t\t\t\t\n\t\t\t\t\n\t\t\t\t\n\t\t\t\t<div class=\"et_pb_text_inner\">Decora\u00e7\u00e3o zonas de coffee-break<\/div>\n\t\t\t<\/div><div class=\"et_pb_with_border et_pb_module et_d4_element et_pb_image et_pb_image_5 et_pb_image_sticky\">\n\t\t\t\t\n\t\t\t\t\n\t\t\t\t\n\t\t\t\t\n\t\t\t\t<span class=\"et_pb_image_wrap has-box-shadow-overlay\"><div class=\"box-shadow-overlay\"><\/div><img loading=\"lazy\" decoding=\"async\" width=\"550\" height=\"393\" src=\"https:\/\/carrilho.studio\/wp-content\/uploads\/2018\/07\/8-APPA-Congresso-2009.jpg\" alt=\"\" title=\"\" srcset=\"https:\/\/carrilho.studio\/wp-content\/uploads\/2018\/07\/8-APPA-Congresso-2009.jpg 550w, https:\/\/carrilho.studio\/wp-content\/uploads\/2018\/07\/8-APPA-Congresso-2009-300x214.jpg 300w\" sizes=\"(max-width: 550px) 100vw, 550px\" class=\"wp-image-664\" \/><\/span>\n\t\t\t<\/div><div class=\"et_pb_module et_d4_element et_pb_text et_pb_text_7  et_pb_text_align_left et_pb_bg_layout_light\">\n\t\t\t\t\n\t\t\t\t\n\t\t\t\t\n\t\t\t\t\n\t\t\t\t<div class=\"et_pb_text_inner\">Acolhimento<\/div>\n\t\t\t<\/div>\n\t\t\t<\/div><div class=\"et_d4_element et_pb_column_1_2 et_pb_column et_pb_column_6  et_pb_css_mix_blend_mode et-last-child et_block_column\">\n\t\t\t\t\n\t\t\t\t\n\t\t\t\t\n\t\t\t\t\n\t\t\t\t<div class=\"et_pb_with_border et_pb_module et_d4_element et_pb_image et_pb_image_6 et_pb_image_sticky\">\n\t\t\t\t\n\t\t\t\t\n\t\t\t\t\n\t\t\t\t\n\t\t\t\t<span class=\"et_pb_image_wrap has-box-shadow-overlay\"><div class=\"box-shadow-overlay\"><\/div><img loading=\"lazy\" decoding=\"async\" width=\"550\" height=\"393\" src=\"https:\/\/carrilho.studio\/wp-content\/uploads\/2018\/07\/6-APPA-Congresso-2009.jpg\" alt=\"\" title=\"\" srcset=\"https:\/\/carrilho.studio\/wp-content\/uploads\/2018\/07\/6-APPA-Congresso-2009.jpg 550w, https:\/\/carrilho.studio\/wp-content\/uploads\/2018\/07\/6-APPA-Congresso-2009-300x214.jpg 300w\" sizes=\"(max-width: 550px) 100vw, 550px\" class=\"wp-image-662\" \/><\/span>\n\t\t\t<\/div><div class=\"et_pb_module et_d4_element et_pb_text et_pb_text_8  et_pb_text_align_left et_pb_bg_layout_light\">\n\t\t\t\t\n\t\t\t\t\n\t\t\t\t\n\t\t\t\t\n\t\t\t\t<div class=\"et_pb_text_inner\">Mesa de oradores e powerpoint<\/div>\n\t\t\t<\/div><div class=\"et_pb_with_border et_pb_module et_d4_element et_pb_image et_pb_image_7 et_pb_image_sticky\">\n\t\t\t\t\n\t\t\t\t\n\t\t\t\t\n\t\t\t\t\n\t\t\t\t<span class=\"et_pb_image_wrap has-box-shadow-overlay\"><div class=\"box-shadow-overlay\"><\/div><img loading=\"lazy\" decoding=\"async\" width=\"550\" height=\"393\" src=\"https:\/\/carrilho.studio\/wp-content\/uploads\/2018\/07\/9-APPA-Congresso-2009.jpg\" alt=\"\" title=\"\" srcset=\"https:\/\/carrilho.studio\/wp-content\/uploads\/2018\/07\/9-APPA-Congresso-2009.jpg 550w, https:\/\/carrilho.studio\/wp-content\/uploads\/2018\/07\/9-APPA-Congresso-2009-300x214.jpg 300w\" sizes=\"(max-width: 550px) 100vw, 550px\" class=\"wp-image-665\" \/><\/span>\n\t\t\t<\/div><div class=\"et_pb_module et_d4_element et_pb_text et_pb_text_9  et_pb_text_align_left et_pb_bg_layout_light\">\n\t\t\t\t\n\t\t\t\t\n\t\t\t\t\n\t\t\t\t\n\t\t\t\t<div class=\"et_pb_text_inner\">T\u00f3tens de sinal\u00e9tica - Recep\u00e7\u00e3o<\/div>\n\t\t\t<\/div>\n\t\t\t<\/div>\n\t\t\t\t\n\t\t\t\t\n\t\t\t\t\n\t\t\t\t\n\t\t\t<\/div>\n\t\t\t\t\n\t\t\t\t\n\t\t\t<\/div><div class=\"et_d4_element et_pb_section et_pb_section_4 et_pb_with_background  et_pb_css_mix_blend_mode et_section_regular et_block_section\" >\n\t\t\t\t\n\t\t\t\t\n\t\t\t\t\n\t\t\t\t\n\t\t\t\t\n\t\t\t\t\n\t\t\t\t<div class=\"et_d4_element et_pb_row et_pb_row_4 et_animated  et_pb_css_mix_blend_mode et_block_row\">\n\t\t\t\t<div class=\"et_d4_element et_pb_column_4_4 et_pb_column et_pb_column_7  et_pb_css_mix_blend_mode et-last-child et_block_column\">\n\t\t\t\t\n\t\t\t\t\n\t\t\t\t\n\t\t\t\t\n\t\t\t\t<div class=\"et_pb_with_border et_pb_module et_d4_element et_pb_text et_pb_text_10  et_pb_text_align_left et_pb_bg_layout_light\">\n\t\t\t\t\n\t\t\t\t\n\t\t\t\t\n\t\t\t\t\n\t\t\t\t<div class=\"et_pb_text_inner\"><p>Projetos Similares<\/p><\/div>\n\t\t\t<\/div><div class=\"et_pb_with_border et_pb_module et_d4_element et_pb_portfolio_0 et_animated  et_pb_css_mix_blend_mode  et_pb_text_align_center et_pb_bg_layout_light et_pb_portfolio_grid clearfix\">\n\t\t\t\t<div class=\"et_pb_ajax_pagination_container\">\n\t\t\t\t\t\n\t\t\t\t\t\n\t\t\t\t\t\n\t\t\t\t\t\n\t\t\t\t\t<div class=\"et_pb_portfolio_grid_items et_pb_grid_items\">\n\t\t\t\t\t\t\t\t\t\t<div id=\"post-2435\" class=\"post-2435 project type-project status-publish has-post-thumbnail hentry project_category-branding project_category-stands project_category-web project_tag-universidade-medicina-chinesa et_pb_portfolio_item et_pb_portfolio_item_0_0 et_pb_grid_item\">\n\n\t\t\t\t\t\t\t\t\t\t<a href=\"https:\/\/carrilho.studio\/en\/project\/umc-universidade-medicina-chinesa\/\" title=\"UMC \u2013 Branding Admissions Headquarters Site\">\n\t\t\t\t\t\t\t\t\t\t\t\t\t<span class=\"et_portfolio_image\">\n\t\t\t\t\t\t\t\t<img loading=\"lazy\" decoding=\"async\" src=\"https:\/\/carrilho.studio\/wp-content\/uploads\/UMC-Logo-400x284.jpg\" alt=\"UMC &#8211; Branding Matriculas Site Sede\" width=\"400\" height=\"284\" srcset=\"https:\/\/carrilho.studio\/wp-content\/uploads\/UMC-Logo.jpg 479w, https:\/\/carrilho.studio\/wp-content\/uploads\/UMC-Logo-400x284.jpg 480w\" sizes=\"(max-width:479px) 479px, 100vw\" \/>\t\t\t\t\t\t\t\t<span class=\"et_overlay et_pb_inline_icon\" data-icon=\"\uf06e\"><\/span>\t\t\t\t\t\t\t<\/span>\n\t\t\t\t\t\t\t\t\t\t\t<\/a>\n\t\t\t\t\t\n\t\t\t\t\t<h6 class=\"et_pb_module_header\"><a href=\"https:\/\/carrilho.studio\/en\/project\/umc-universidade-medicina-chinesa\/\" title=\"UMC \u2013 Branding Admissions Headquarters Site\">UMC \u2013 Branding Admissions Headquarters Site<\/a><\/h6>\n\t\t\t\t<\/div>\n\t\t\t\t\t\t\t\t<div id=\"post-133\" class=\"post-133 project type-project status-publish has-post-thumbnail hentry project_category-stands project_category-via-lisboa et_pb_portfolio_item et_pb_portfolio_item_0_1 et_pb_grid_item\">\n\n\t\t\t\t\t\t\t\t\t\t<a href=\"https:\/\/carrilho.studio\/en\/project\/apl_stand-festas-barreiro\/\" title=\"STAND - Lisbon Street - Barreiro Festivals (APL)\">\n\t\t\t\t\t\t\t\t\t\t\t\t\t<span class=\"et_portfolio_image\">\n\t\t\t\t\t\t\t\t<img loading=\"lazy\" decoding=\"async\" src=\"https:\/\/carrilho.studio\/wp-content\/uploads\/2018\/07\/2-STAND-Festas-do-Barreiro-APL-400x284.jpg\" alt=\"STAND &#8211; Via Lisboa &#8211; Festas do Barreiro (APL)\" width=\"400\" height=\"284\" srcset=\"https:\/\/carrilho.studio\/wp-content\/uploads\/2018\/07\/2-STAND-Festas-do-Barreiro-APL.jpg 479w, https:\/\/carrilho.studio\/wp-content\/uploads\/2018\/07\/2-STAND-Festas-do-Barreiro-APL-400x284.jpg 480w\" sizes=\"(max-width:479px) 479px, 100vw\" \/>\t\t\t\t\t\t\t\t<span class=\"et_overlay et_pb_inline_icon\" data-icon=\"\uf06e\"><\/span>\t\t\t\t\t\t\t<\/span>\n\t\t\t\t\t\t\t\t\t\t\t<\/a>\n\t\t\t\t\t\n\t\t\t\t\t<h6 class=\"et_pb_module_header\"><a href=\"https:\/\/carrilho.studio\/en\/project\/apl_stand-festas-barreiro\/\" title=\"STAND - Lisbon Street - Barreiro Festivals (APL)\">STAND - Lisbon Street - Barreiro Festivals (APL)<\/a><\/h6>\n\t\t\t\t<\/div>\n\t\t\t\t\t\t\t\t<div id=\"post-117\" class=\"post-117 project type-project status-publish has-post-thumbnail hentry project_category-stands project_tag-volvo-ocean-race-2015 et_pb_portfolio_item et_pb_portfolio_item_0_2 et_pb_grid_item\">\n\n\t\t\t\t\t\t\t\t\t\t<a href=\"https:\/\/carrilho.studio\/en\/project\/apl_via-lisboa_stand-volvo-ocean-race\/\" title=\"STAND &#8211; VIA Lisboa &#8211; Volvo Ocean Race (APL)\">\n\t\t\t\t\t\t\t\t\t\t\t\t\t<span class=\"et_portfolio_image\">\n\t\t\t\t\t\t\t\t<img loading=\"lazy\" decoding=\"async\" src=\"https:\/\/carrilho.studio\/wp-content\/uploads\/2018\/07\/1-APL-Via-Lisboa_Stand-VOR-Header-5-400x284.jpg\" alt=\"STAND &#8211; VIA Lisboa &#8211; Volvo Ocean Race (APL)\" width=\"400\" height=\"284\" srcset=\"https:\/\/carrilho.studio\/wp-content\/uploads\/2018\/07\/1-APL-Via-Lisboa_Stand-VOR-Header-5.jpg 479w, https:\/\/carrilho.studio\/wp-content\/uploads\/2018\/07\/1-APL-Via-Lisboa_Stand-VOR-Header-5-400x284.jpg 480w\" sizes=\"(max-width:479px) 479px, 100vw\" \/>\t\t\t\t\t\t\t\t<span class=\"et_overlay et_pb_inline_icon\" data-icon=\"\uf06e\"><\/span>\t\t\t\t\t\t\t<\/span>\n\t\t\t\t\t\t\t\t\t\t\t<\/a>\n\t\t\t\t\t\n\t\t\t\t\t<h6 class=\"et_pb_module_header\"><a href=\"https:\/\/carrilho.studio\/en\/project\/apl_via-lisboa_stand-volvo-ocean-race\/\" title=\"STAND &#8211; VIA Lisboa &#8211; Volvo Ocean Race (APL)\">STAND &#8211; VIA Lisboa &#8211; Volvo Ocean Race (APL)<\/a><\/h6>\n\t\t\t\t<\/div>\n\t\t\t\t\t\t\t\t<div id=\"post-113\" class=\"post-113 project type-project status-publish has-post-thumbnail hentry project_category-stands et_pb_portfolio_item et_pb_portfolio_item_0_3 et_pb_grid_item\">\n\n\t\t\t\t\t\t\t\t\t\t<a href=\"https:\/\/carrilho.studio\/en\/project\/apl_via-lisboa_stand-blue-business-forum\/\" title=\"STAND &#8211; VIA Lisboa &#8211; Blue Business Forum (APL)\">\n\t\t\t\t\t\t\t\t\t\t\t\t\t<span class=\"et_portfolio_image\">\n\t\t\t\t\t\t\t\t<img loading=\"lazy\" decoding=\"async\" src=\"https:\/\/carrilho.studio\/wp-content\/uploads\/2018\/07\/2-APL_VIA-Lisboa_Stand_Blue-Business-forum-400x284.jpg\" alt=\"STAND &#8211; VIA Lisboa &#8211; Blue Business Forum (APL)\" width=\"400\" height=\"284\" srcset=\"https:\/\/carrilho.studio\/wp-content\/uploads\/2018\/07\/2-APL_VIA-Lisboa_Stand_Blue-Business-forum.jpg 479w, https:\/\/carrilho.studio\/wp-content\/uploads\/2018\/07\/2-APL_VIA-Lisboa_Stand_Blue-Business-forum-400x284.jpg 480w\" sizes=\"(max-width:479px) 479px, 100vw\" \/>\t\t\t\t\t\t\t\t<span class=\"et_overlay et_pb_inline_icon\" data-icon=\"\uf06e\"><\/span>\t\t\t\t\t\t\t<\/span>\n\t\t\t\t\t\t\t\t\t\t\t<\/a>\n\t\t\t\t\t\n\t\t\t\t\t<h6 class=\"et_pb_module_header\"><a href=\"https:\/\/carrilho.studio\/en\/project\/apl_via-lisboa_stand-blue-business-forum\/\" title=\"STAND &#8211; VIA Lisboa &#8211; Blue Business Forum (APL)\">STAND &#8211; VIA Lisboa &#8211; Blue Business Forum (APL)<\/a><\/h6>\n\t\t\t\t<\/div>\n\t\t\t\t\n\t\t\t\t\t<\/div>\n\t\t\t\t\t\n\t\t\t\t<\/div>\n\t\t\t<\/div>\n\t\t\t<\/div>\n\t\t\t\t\n\t\t\t\t\n\t\t\t\t\n\t\t\t\t\n\t\t\t<\/div>\n\t\t\t\t\n\t\t\t\t\n\t\t\t<\/div><\/p>","protected":false},"excerpt":{"rendered":"","protected":false},"author":5,"featured_media":655,"comment_status":"closed","ping_status":"closed","template":"","meta":{"_monsterinsights_skip_tracking":false,"_monsterinsights_sitenote_active":false,"_monsterinsights_sitenote_note":"","_monsterinsights_sitenote_category":0,"_et_pb_use_builder":"on","_et_pb_old_content":"","_et_gb_content_width":"","footnotes":""},"project_category":[],"project_tag":[67],"class_list":["post-654","project","type-project","status-publish","has-post-thumbnail","hentry","project_tag-medicina-chinesa"],"yoast_head":"<!-- This site is optimized with the Yoast SEO plugin v27.4 - https:\/\/yoast.com\/product\/yoast-seo-wordpress\/ -->\n<title>CONGRESSO Internacional APPA - PEFOTS 2009 | Carrilho.Studio<\/title>\n<meta name=\"robots\" content=\"index, follow, max-snippet:-1, max-image-preview:large, max-video-preview:-1\" \/>\n<link rel=\"canonical\" href=\"https:\/\/carrilho.studio\/en\/project\/congresso-internacional-appa-pefots-2009\/\" \/>\n<meta property=\"og:locale\" content=\"en_US\" \/>\n<meta property=\"og:type\" content=\"article\" \/>\n<meta property=\"og:title\" content=\"CONGRESSO Internacional APPA - PEFOTS 2009 | Carrilho.Studio\" \/>\n<meta property=\"og:url\" content=\"https:\/\/carrilho.studio\/en\/project\/congresso-internacional-appa-pefots-2009\/\" \/>\n<meta property=\"og:site_name\" content=\"Carrilho.Studio\" \/>\n<meta property=\"article:modified_time\" content=\"2024-08-05T18:57:40+00:00\" \/>\n<meta property=\"og:image\" content=\"https:\/\/carrilho.studio\/wp-content\/uploads\/2018\/07\/1-APPA-Congresso-2009.jpg\" \/>\n\t<meta property=\"og:image:width\" content=\"2000\" \/>\n\t<meta property=\"og:image:height\" content=\"600\" \/>\n\t<meta property=\"og:image:type\" content=\"image\/jpeg\" \/>\n<meta name=\"twitter:card\" content=\"summary_large_image\" \/>\n<meta name=\"twitter:label1\" content=\"Est. reading time\" \/>\n\t<meta name=\"twitter:data1\" content=\"9 minutes\" \/>\n<script type=\"application\/ld+json\" class=\"yoast-schema-graph\">{\"@context\":\"https:\\\/\\\/schema.org\",\"@graph\":[{\"@type\":\"WebPage\",\"@id\":\"https:\\\/\\\/carrilho.studio\\\/project\\\/congresso-internacional-appa-pefots-2009\\\/\",\"url\":\"https:\\\/\\\/carrilho.studio\\\/project\\\/congresso-internacional-appa-pefots-2009\\\/\",\"name\":\"CONGRESSO Internacional APPA - PEFOTS 2009 | Carrilho.Studio\",\"isPartOf\":{\"@id\":\"https:\\\/\\\/carrilho.studio\\\/#website\"},\"primaryImageOfPage\":{\"@id\":\"https:\\\/\\\/carrilho.studio\\\/project\\\/congresso-internacional-appa-pefots-2009\\\/#primaryimage\"},\"image\":{\"@id\":\"https:\\\/\\\/carrilho.studio\\\/project\\\/congresso-internacional-appa-pefots-2009\\\/#primaryimage\"},\"thumbnailUrl\":\"https:\\\/\\\/carrilho.studio\\\/wp-content\\\/uploads\\\/2018\\\/07\\\/1-APPA-Congresso-2009.jpg\",\"datePublished\":\"2018-07-25T10:14:32+00:00\",\"dateModified\":\"2024-08-05T18:57:40+00:00\",\"breadcrumb\":{\"@id\":\"https:\\\/\\\/carrilho.studio\\\/project\\\/congresso-internacional-appa-pefots-2009\\\/#breadcrumb\"},\"inLanguage\":\"en-US\",\"potentialAction\":[{\"@type\":\"ReadAction\",\"target\":[\"https:\\\/\\\/carrilho.studio\\\/project\\\/congresso-internacional-appa-pefots-2009\\\/\"]}]},{\"@type\":\"ImageObject\",\"inLanguage\":\"en-US\",\"@id\":\"https:\\\/\\\/carrilho.studio\\\/project\\\/congresso-internacional-appa-pefots-2009\\\/#primaryimage\",\"url\":\"https:\\\/\\\/carrilho.studio\\\/wp-content\\\/uploads\\\/2018\\\/07\\\/1-APPA-Congresso-2009.jpg\",\"contentUrl\":\"https:\\\/\\\/carrilho.studio\\\/wp-content\\\/uploads\\\/2018\\\/07\\\/1-APPA-Congresso-2009.jpg\",\"width\":2000,\"height\":600,\"caption\":\"PEFOTS - APPA Congresso 2009\"},{\"@type\":\"BreadcrumbList\",\"@id\":\"https:\\\/\\\/carrilho.studio\\\/project\\\/congresso-internacional-appa-pefots-2009\\\/#breadcrumb\",\"itemListElement\":[{\"@type\":\"ListItem\",\"position\":1,\"name\":\"Home\",\"item\":\"https:\\\/\\\/carrilho.studio\\\/\"},{\"@type\":\"ListItem\",\"position\":2,\"name\":\"Projects\",\"item\":\"https:\\\/\\\/carrilho.studio\\\/project\\\/\"},{\"@type\":\"ListItem\",\"position\":3,\"name\":\"CONGRESSO Internacional APPA &#8211; PEFOTS 2009\"}]},{\"@type\":\"WebSite\",\"@id\":\"https:\\\/\\\/carrilho.studio\\\/#website\",\"url\":\"https:\\\/\\\/carrilho.studio\\\/\",\"name\":\"Carrilho.Studio\",\"description\":\"Promo\u00e7\u00e3o de Conte\u00fados Institucionais\",\"potentialAction\":[{\"@type\":\"SearchAction\",\"target\":{\"@type\":\"EntryPoint\",\"urlTemplate\":\"https:\\\/\\\/carrilho.studio\\\/?s={search_term_string}\"},\"query-input\":{\"@type\":\"PropertyValueSpecification\",\"valueRequired\":true,\"valueName\":\"search_term_string\"}}],\"inLanguage\":\"en-US\"}]}<\/script>\n<!-- \/ Yoast SEO plugin. -->","yoast_head_json":{"title":"CONGRESSO Internacional APPA - PEFOTS 2009 | Carrilho.Studio","robots":{"index":"index","follow":"follow","max-snippet":"max-snippet:-1","max-image-preview":"max-image-preview:large","max-video-preview":"max-video-preview:-1"},"canonical":"https:\/\/carrilho.studio\/en\/project\/congresso-internacional-appa-pefots-2009\/","og_locale":"en_US","og_type":"article","og_title":"CONGRESSO Internacional APPA - PEFOTS 2009 | Carrilho.Studio","og_url":"https:\/\/carrilho.studio\/en\/project\/congresso-internacional-appa-pefots-2009\/","og_site_name":"Carrilho.Studio","article_modified_time":"2024-08-05T18:57:40+00:00","og_image":[{"width":2000,"height":600,"url":"https:\/\/carrilho.studio\/wp-content\/uploads\/2018\/07\/1-APPA-Congresso-2009.jpg","type":"image\/jpeg"}],"twitter_card":"summary_large_image","twitter_misc":{"Est. reading time":"9 minutes"},"schema":{"@context":"https:\/\/schema.org","@graph":[{"@type":"WebPage","@id":"https:\/\/carrilho.studio\/project\/congresso-internacional-appa-pefots-2009\/","url":"https:\/\/carrilho.studio\/project\/congresso-internacional-appa-pefots-2009\/","name":"CONGRESSO Internacional APPA - PEFOTS 2009 | Carrilho.Studio","isPartOf":{"@id":"https:\/\/carrilho.studio\/#website"},"primaryImageOfPage":{"@id":"https:\/\/carrilho.studio\/project\/congresso-internacional-appa-pefots-2009\/#primaryimage"},"image":{"@id":"https:\/\/carrilho.studio\/project\/congresso-internacional-appa-pefots-2009\/#primaryimage"},"thumbnailUrl":"https:\/\/carrilho.studio\/wp-content\/uploads\/2018\/07\/1-APPA-Congresso-2009.jpg","datePublished":"2018-07-25T10:14:32+00:00","dateModified":"2024-08-05T18:57:40+00:00","breadcrumb":{"@id":"https:\/\/carrilho.studio\/project\/congresso-internacional-appa-pefots-2009\/#breadcrumb"},"inLanguage":"en-US","potentialAction":[{"@type":"ReadAction","target":["https:\/\/carrilho.studio\/project\/congresso-internacional-appa-pefots-2009\/"]}]},{"@type":"ImageObject","inLanguage":"en-US","@id":"https:\/\/carrilho.studio\/project\/congresso-internacional-appa-pefots-2009\/#primaryimage","url":"https:\/\/carrilho.studio\/wp-content\/uploads\/2018\/07\/1-APPA-Congresso-2009.jpg","contentUrl":"https:\/\/carrilho.studio\/wp-content\/uploads\/2018\/07\/1-APPA-Congresso-2009.jpg","width":2000,"height":600,"caption":"PEFOTS - APPA Congresso 2009"},{"@type":"BreadcrumbList","@id":"https:\/\/carrilho.studio\/project\/congresso-internacional-appa-pefots-2009\/#breadcrumb","itemListElement":[{"@type":"ListItem","position":1,"name":"Home","item":"https:\/\/carrilho.studio\/"},{"@type":"ListItem","position":2,"name":"Projects","item":"https:\/\/carrilho.studio\/project\/"},{"@type":"ListItem","position":3,"name":"CONGRESSO Internacional APPA &#8211; PEFOTS 2009"}]},{"@type":"WebSite","@id":"https:\/\/carrilho.studio\/#website","url":"https:\/\/carrilho.studio\/","name":"Carrilho.Studio","description":"Promo\u00e7\u00e3o de Conte\u00fados Institucionais","potentialAction":[{"@type":"SearchAction","target":{"@type":"EntryPoint","urlTemplate":"https:\/\/carrilho.studio\/?s={search_term_string}"},"query-input":{"@type":"PropertyValueSpecification","valueRequired":true,"valueName":"search_term_string"}}],"inLanguage":"en-US"}]}},"_links":{"self":[{"href":"https:\/\/carrilho.studio\/en\/wp-json\/wp\/v2\/project\/654","targetHints":{"allow":["GET"]}}],"collection":[{"href":"https:\/\/carrilho.studio\/en\/wp-json\/wp\/v2\/project"}],"about":[{"href":"https:\/\/carrilho.studio\/en\/wp-json\/wp\/v2\/types\/project"}],"author":[{"embeddable":true,"href":"https:\/\/carrilho.studio\/en\/wp-json\/wp\/v2\/users\/5"}],"replies":[{"embeddable":true,"href":"https:\/\/carrilho.studio\/en\/wp-json\/wp\/v2\/comments?post=654"}],"version-history":[{"count":0,"href":"https:\/\/carrilho.studio\/en\/wp-json\/wp\/v2\/project\/654\/revisions"}],"wp:featuredmedia":[{"embeddable":true,"href":"https:\/\/carrilho.studio\/en\/wp-json\/wp\/v2\/media\/655"}],"wp:attachment":[{"href":"https:\/\/carrilho.studio\/en\/wp-json\/wp\/v2\/media?parent=654"}],"wp:term":[{"taxonomy":"project_category","embeddable":true,"href":"https:\/\/carrilho.studio\/en\/wp-json\/wp\/v2\/project_category?post=654"},{"taxonomy":"project_tag","embeddable":true,"href":"https:\/\/carrilho.studio\/en\/wp-json\/wp\/v2\/project_tag?post=654"}],"curies":[{"name":"wp","href":"https:\/\/api.w.org\/{rel}","templated":true}]}}