{"id":584,"date":"2018-07-23T16:38:49","date_gmt":"2018-07-23T16:38:49","guid":{"rendered":"https:\/\/www.rumo17.pt\/?post_type=project&#038;p=584"},"modified":"2024-08-05T17:14:27","modified_gmt":"2024-08-05T17:14:27","slug":"congresso-aplop","status":"publish","type":"project","link":"https:\/\/carrilho.studio\/en\/project\/congresso-aplop\/","title":{"rendered":"CONGRESSO APLOP"},"content":{"rendered":"<p><div class=\"et_d4_element et_pb_section et_pb_section_0  et_pb_css_mix_blend_mode et_section_regular et_block_section\" >\n\t\t\t\t\n\t\t\t\t\n\t\t\t\t\n\t\t\t\t<span class=\"et_pb_background_pattern\"><\/span>\n\t\t\t\t\n\t\t\t\t\n\t\t\t\t<div class=\"et_d4_element et_pb_row et_pb_row_0  et_pb_css_mix_blend_mode et_block_row\">\n\t\t\t\t<div class=\"et_d4_element et_pb_column_4_4 et_pb_column et_pb_column_0  et_pb_css_mix_blend_mode et-last-child et_block_column\">\n\t\t\t\t\n\t\t\t\t\n\t\t\t\t\n\t\t\t\t\n\t\t\t\t<div class=\"et_pb_module et_d4_element et_pb_text et_pb_text_0  et_pb_text_align_left et_pb_bg_layout_light\">\n\t\t\t\t\n\t\t\t\t\n\t\t\t\t\n\t\t\t\t\n\t\t\t\t<div class=\"et_pb_text_inner\"><h3 style=\"text-align: center;\">APLOP - Associa\u00e7\u00e3o dos Portos de l\u00edngua oficial portuguesa<\/h3>\n<h2 style=\"text-align: center;\">10\u00ba Congresso em Lisboa<\/h2>\n<h4 style=\"text-align: center;\"><span style=\"text-decoration: underline;\"><a href=\"\/en\/a-equipa\/#umovoacavalo\">Um Ovo a Cavalo<\/a> <\/span>| 2017<\/h4><\/div>\n\t\t\t<\/div>\n\t\t\t<\/div>\n\t\t\t\t\n\t\t\t\t\n\t\t\t\t\n\t\t\t\t\n\t\t\t<\/div>\n\t\t\t\t\n\t\t\t\t\n\t\t\t<\/div><div class=\"et_d4_element et_pb_section et_pb_section_1 et_pb_with_background  et_pb_css_mix_blend_mode et_section_regular et_block_section\" >\n\t\t\t\t\n\t\t\t\t\n\t\t\t\t\n\t\t\t\t\n\t\t\t\t\n\t\t\t\t\n\t\t\t\t<div class=\"et_d4_element et_pb_row et_pb_row_1 et_animated  et_pb_css_mix_blend_mode et_block_row\">\n\t\t\t\t<div class=\"et_d4_element et_pb_column_1_2 et_pb_column et_pb_column_1  et_pb_css_mix_blend_mode et_block_column\">\n\t\t\t\t\n\t\t\t\t\n\t\t\t\t\n\t\t\t\t\n\t\t\t\t<div class=\"et_pb_module et_d4_element et_pb_toggle et_pb_toggle_0 et_pb_toggle_item  et_pb_text_align_left et_pb_toggle_close\">\n\t\t\t\t\n\t\t\t\t\n\t\t\t\t\n\t\t\t\t\n\t\t\t\t<h5 class=\"et_pb_toggle_title\">DESAFIOS<\/h5>\n\t\t\t\t<div class=\"et_pb_toggle_content clearfix\">Adaptar a imagem da marca APLOP nos materiais do congresso.<\/div>\n\t\t\t<\/div><div class=\"et_pb_module et_d4_element et_pb_toggle et_pb_toggle_1 et_pb_toggle_item  et_pb_text_align_left et_pb_toggle_close\">\n\t\t\t\t\n\t\t\t\t\n\t\t\t\t\n\t\t\t\t\n\t\t\t\t<h5 class=\"et_pb_toggle_title\">CONTEXTO<\/h5>\n\t\t\t\t<div class=\"et_pb_toggle_content clearfix\">A APLOP - Associa\u00e7\u00e3o dos Portos de L\u00edngua Portuguesa no seu X Congresso, realizado em 2017, em Lisboa, precisava de uma imagem gr\u00e1fica relacionada com a sua marca e cores para os materiais do congresso.<\/div>\n\t\t\t<\/div><div class=\"et_pb_module et_d4_element et_pb_toggle et_pb_toggle_2 et_pb_toggle_item  et_pb_text_align_left et_pb_toggle_close\">\n\t\t\t\t\n\t\t\t\t\n\t\t\t\t\n\t\t\t\t\n\t\t\t\t<h5 class=\"et_pb_toggle_title\">SOLU\u00c7\u00c3O<\/h5>\n\t\t\t\t<div class=\"et_pb_toggle_content clearfix\">Elabora\u00e7\u00e3o de uma linha gr\u00e1fica flex\u00edvel, adapt\u00e1vel \u00e0 diferentes medidas, sem desvalorizar a marca e os respectivos patrocinadores.<\/div>\n\t\t\t<\/div>\n\t\t\t<\/div><div class=\"et_d4_element et_pb_column_1_2 et_pb_column et_pb_column_2  et_pb_css_mix_blend_mode et-last-child et_block_column\">\n\t\t\t\t\n\t\t\t\t\n\t\t\t\t\n\t\t\t\t\n\t\t\t\t<div class=\"et_pb_module et_d4_element et_pb_text et_pb_text_1  et_pb_text_align_left et_pb_bg_layout_light\">\n\t\t\t\t\n\t\t\t\t\n\t\t\t\t\n\t\t\t\t\n\t\t\t\t<div class=\"et_pb_text_inner\">A sua institui\u00e7\u00e3o promove eventos, congressos, conven\u00e7\u00f5es ou confer\u00eancias de imprensa?<\/p>\n<p>Logotema, incentivos \u00e0 inscri\u00e7\u00e3o, apoio aos congressista e oradores, decora\u00e7\u00e3o gr\u00e1fica do palco, p\u00falpito, mesa oradores, template de powerpoint para as comunica\u00e7\u00f5es e edi\u00e7\u00e3o das conclus\u00f5es.<\/p>\n<p>CONTACTE-NOS<\/div>\n\t\t\t<\/div>\n\t\t\t<\/div>\n\t\t\t\t\n\t\t\t\t\n\t\t\t\t\n\t\t\t\t\n\t\t\t<\/div>\n\t\t\t\t\n\t\t\t\t\n\t\t\t<\/div><div class=\"et_d4_element et_pb_section et_pb_section_2 et_pb_with_background  et_pb_css_mix_blend_mode et_section_regular et_block_section\" >\n\t\t\t\t\n\t\t\t\t\n\t\t\t\t\n\t\t\t\t\n\t\t\t\t\n\t\t\t\t\n\t\t\t\t<div class=\"et_d4_element et_pb_row et_pb_row_2 et_animated  et_pb_css_mix_blend_mode et_block_row\">\n\t\t\t\t<div class=\"et_d4_element et_pb_column_1_2 et_pb_column et_pb_column_3  et_pb_css_mix_blend_mode et_block_column\">\n\t\t\t\t\n\t\t\t\t\n\t\t\t\t\n\t\t\t\t\n\t\t\t\t<div class=\"et_pb_with_border et_pb_module et_d4_element et_pb_image et_pb_image_0 et_pb_image_sticky\">\n\t\t\t\t\n\t\t\t\t\n\t\t\t\t\n\t\t\t\t\n\t\t\t\t<span class=\"et_pb_image_wrap has-box-shadow-overlay\"><div class=\"box-shadow-overlay\"><\/div><img loading=\"lazy\" decoding=\"async\" width=\"550\" height=\"393\" src=\"https:\/\/carrilho.studio\/wp-content\/uploads\/2018\/07\/6-APLOP-Congresso.jpg\" alt=\"\" title=\"\" srcset=\"https:\/\/carrilho.studio\/wp-content\/uploads\/2018\/07\/6-APLOP-Congresso.jpg 550w, https:\/\/carrilho.studio\/wp-content\/uploads\/2018\/07\/6-APLOP-Congresso-300x214.jpg 300w\" sizes=\"(max-width: 550px) 100vw, 550px\" class=\"wp-image-592\" \/><\/span>\n\t\t\t<\/div><div class=\"et_pb_module et_d4_element et_pb_text et_pb_text_2  et_pb_text_align_left et_pb_bg_layout_light\">\n\t\t\t\t\n\t\t\t\t\n\t\t\t\t\n\t\t\t\t\n\t\t\t\t<div class=\"et_pb_text_inner\">Tel\u00e3o fachada<\/div>\n\t\t\t<\/div><div class=\"et_pb_with_border et_pb_module et_d4_element et_pb_image et_pb_image_1 et_pb_image_sticky\">\n\t\t\t\t\n\t\t\t\t\n\t\t\t\t\n\t\t\t\t\n\t\t\t\t<span class=\"et_pb_image_wrap has-box-shadow-overlay\"><div class=\"box-shadow-overlay\"><\/div><img loading=\"lazy\" decoding=\"async\" width=\"550\" height=\"393\" src=\"https:\/\/carrilho.studio\/wp-content\/uploads\/2018\/07\/2-APLOP-Congresso.jpg\" alt=\"\" title=\"\" srcset=\"https:\/\/carrilho.studio\/wp-content\/uploads\/2018\/07\/2-APLOP-Congresso.jpg 550w, https:\/\/carrilho.studio\/wp-content\/uploads\/2018\/07\/2-APLOP-Congresso-300x214.jpg 300w\" sizes=\"(max-width: 550px) 100vw, 550px\" class=\"wp-image-588\" \/><\/span>\n\t\t\t<\/div><div class=\"et_pb_module et_d4_element et_pb_text et_pb_text_3  et_pb_text_align_left et_pb_bg_layout_light\">\n\t\t\t\t\n\t\t\t\t\n\t\t\t\t\n\t\t\t\t\n\t\t\t\t<div class=\"et_pb_text_inner\">Tela para fotos de grupo, <em>photopoint<\/em><\/div>\n\t\t\t<\/div><div class=\"et_pb_with_border et_pb_module et_d4_element et_pb_image et_pb_image_2 et_pb_image_sticky\">\n\t\t\t\t\n\t\t\t\t\n\t\t\t\t\n\t\t\t\t\n\t\t\t\t<span class=\"et_pb_image_wrap has-box-shadow-overlay\"><div class=\"box-shadow-overlay\"><\/div><img loading=\"lazy\" decoding=\"async\" width=\"550\" height=\"393\" src=\"https:\/\/carrilho.studio\/wp-content\/uploads\/2018\/07\/7-APLOP-Congresso.jpg\" alt=\"\" title=\"\" srcset=\"https:\/\/carrilho.studio\/wp-content\/uploads\/2018\/07\/7-APLOP-Congresso.jpg 550w, https:\/\/carrilho.studio\/wp-content\/uploads\/2018\/07\/7-APLOP-Congresso-300x214.jpg 300w\" sizes=\"(max-width: 550px) 100vw, 550px\" class=\"wp-image-593\" \/><\/span>\n\t\t\t<\/div><div class=\"et_pb_module et_d4_element et_pb_text et_pb_text_4  et_pb_text_align_left et_pb_bg_layout_light\">\n\t\t\t\t\n\t\t\t\t\n\t\t\t\t\n\t\t\t\t\n\t\t\t\t<div class=\"et_pb_text_inner\">Maquete photopoint<\/div>\n\t\t\t<\/div>\n\t\t\t<\/div><div class=\"et_d4_element et_pb_column_1_2 et_pb_column et_pb_column_4  et_pb_css_mix_blend_mode et-last-child et_block_column\">\n\t\t\t\t\n\t\t\t\t\n\t\t\t\t\n\t\t\t\t\n\t\t\t\t<div class=\"et_pb_with_border et_pb_module et_d4_element et_pb_image et_pb_image_3 et_pb_image_sticky\">\n\t\t\t\t\n\t\t\t\t\n\t\t\t\t\n\t\t\t\t\n\t\t\t\t<span class=\"et_pb_image_wrap has-box-shadow-overlay\"><div class=\"box-shadow-overlay\"><\/div><img loading=\"lazy\" decoding=\"async\" width=\"550\" height=\"393\" src=\"https:\/\/carrilho.studio\/wp-content\/uploads\/2018\/07\/9-APLOP-Congresso.jpg\" alt=\"\" title=\"\" srcset=\"https:\/\/carrilho.studio\/wp-content\/uploads\/2018\/07\/9-APLOP-Congresso.jpg 550w, https:\/\/carrilho.studio\/wp-content\/uploads\/2018\/07\/9-APLOP-Congresso-300x214.jpg 300w\" sizes=\"(max-width: 550px) 100vw, 550px\" class=\"wp-image-595\" \/><\/span>\n\t\t\t<\/div><div class=\"et_pb_module et_d4_element et_pb_text et_pb_text_5  et_pb_text_align_left et_pb_bg_layout_light\">\n\t\t\t\t\n\t\t\t\t\n\t\t\t\t\n\t\t\t\t\n\t\t\t\t<div class=\"et_pb_text_inner\">Powerpoint e P\u00falpito<\/div>\n\t\t\t<\/div><div class=\"et_pb_with_border et_pb_module et_d4_element et_pb_image et_pb_image_4 et_pb_image_sticky\">\n\t\t\t\t\n\t\t\t\t\n\t\t\t\t\n\t\t\t\t\n\t\t\t\t<span class=\"et_pb_image_wrap has-box-shadow-overlay\"><div class=\"box-shadow-overlay\"><\/div><img loading=\"lazy\" decoding=\"async\" width=\"550\" height=\"393\" src=\"https:\/\/carrilho.studio\/wp-content\/uploads\/2018\/07\/4-APLOP-Congresso.jpg\" alt=\"\" title=\"\" srcset=\"https:\/\/carrilho.studio\/wp-content\/uploads\/2018\/07\/4-APLOP-Congresso.jpg 550w, https:\/\/carrilho.studio\/wp-content\/uploads\/2018\/07\/4-APLOP-Congresso-300x214.jpg 300w\" sizes=\"(max-width: 550px) 100vw, 550px\" class=\"wp-image-590\" \/><\/span>\n\t\t\t<\/div><div class=\"et_pb_module et_d4_element et_pb_text et_pb_text_6  et_pb_text_align_left et_pb_bg_layout_light\">\n\t\t\t\t\n\t\t\t\t\n\t\t\t\t\n\t\t\t\t\n\t\t\t\t<div class=\"et_pb_text_inner\">Powerpoint: abertura das comunica\u00e7\u00f5es<\/div>\n\t\t\t<\/div><div class=\"et_pb_with_border et_pb_module et_d4_element et_pb_image et_pb_image_5 et_pb_image_sticky\">\n\t\t\t\t\n\t\t\t\t\n\t\t\t\t\n\t\t\t\t\n\t\t\t\t<span class=\"et_pb_image_wrap has-box-shadow-overlay\"><div class=\"box-shadow-overlay\"><\/div><img loading=\"lazy\" decoding=\"async\" width=\"550\" height=\"393\" src=\"https:\/\/carrilho.studio\/wp-content\/uploads\/2018\/07\/3-APLOP-Congresso.jpg\" alt=\"\" title=\"\" srcset=\"https:\/\/carrilho.studio\/wp-content\/uploads\/2018\/07\/3-APLOP-Congresso.jpg 550w, https:\/\/carrilho.studio\/wp-content\/uploads\/2018\/07\/3-APLOP-Congresso-300x214.jpg 300w\" sizes=\"(max-width: 550px) 100vw, 550px\" class=\"wp-image-589\" \/><\/span>\n\t\t\t<\/div><div class=\"et_pb_module et_d4_element et_pb_text et_pb_text_7  et_pb_text_align_left et_pb_bg_layout_light\">\n\t\t\t\t\n\t\t\t\t\n\t\t\t\t\n\t\t\t\t\n\t\t\t\t<div class=\"et_pb_text_inner\">Powerpoint: pagina de conte\u00fados<\/div>\n\t\t\t<\/div>\n\t\t\t<\/div>\n\t\t\t\t\n\t\t\t\t\n\t\t\t\t\n\t\t\t\t\n\t\t\t<\/div>\n\t\t\t\t\n\t\t\t\t\n\t\t\t<\/div><div class=\"et_d4_element et_pb_section et_pb_section_3 et_pb_with_background  et_pb_css_mix_blend_mode et_section_regular et_block_section\" >\n\t\t\t\t\n\t\t\t\t\n\t\t\t\t\n\t\t\t\t\n\t\t\t\t\n\t\t\t\t\n\t\t\t\t<div class=\"et_d4_element et_pb_row et_pb_row_3 et_animated  et_pb_css_mix_blend_mode et_block_row\">\n\t\t\t\t<div class=\"et_d4_element et_pb_column_1_2 et_pb_column et_pb_column_5  et_pb_css_mix_blend_mode et_block_column\">\n\t\t\t\t\n\t\t\t\t\n\t\t\t\t\n\t\t\t\t\n\t\t\t\t<div class=\"et_pb_with_border et_pb_module et_d4_element et_pb_image et_pb_image_6 et_pb_image_sticky\">\n\t\t\t\t\n\t\t\t\t\n\t\t\t\t\n\t\t\t\t\n\t\t\t\t<span class=\"et_pb_image_wrap has-box-shadow-overlay\"><div class=\"box-shadow-overlay\"><\/div><img loading=\"lazy\" decoding=\"async\" width=\"550\" height=\"393\" src=\"https:\/\/carrilho.studio\/wp-content\/uploads\/2018\/07\/8-APLOP-Congresso.jpg\" alt=\"\" title=\"\" srcset=\"https:\/\/carrilho.studio\/wp-content\/uploads\/2018\/07\/8-APLOP-Congresso.jpg 550w, https:\/\/carrilho.studio\/wp-content\/uploads\/2018\/07\/8-APLOP-Congresso-300x214.jpg 300w\" sizes=\"(max-width: 550px) 100vw, 550px\" class=\"wp-image-594\" \/><\/span>\n\t\t\t<\/div><div class=\"et_pb_module et_d4_element et_pb_text et_pb_text_8  et_pb_text_align_left et_pb_bg_layout_light\">\n\t\t\t\t\n\t\t\t\t\n\t\t\t\t\n\t\t\t\t\n\t\t\t\t<div class=\"et_pb_text_inner\">Pasta A4 para documenta\u00e7\u00e3o<\/div>\n\t\t\t<\/div><div class=\"et_pb_with_border et_pb_module et_d4_element et_pb_image et_pb_image_7 et_pb_image_sticky\">\n\t\t\t\t\n\t\t\t\t\n\t\t\t\t\n\t\t\t\t\n\t\t\t\t<span class=\"et_pb_image_wrap has-box-shadow-overlay\"><div class=\"box-shadow-overlay\"><\/div><img loading=\"lazy\" decoding=\"async\" width=\"550\" height=\"393\" src=\"https:\/\/carrilho.studio\/wp-content\/uploads\/2018\/07\/10-APLOP-Congresso.jpg\" alt=\"\" title=\"\" srcset=\"https:\/\/carrilho.studio\/wp-content\/uploads\/2018\/07\/10-APLOP-Congresso.jpg 550w, https:\/\/carrilho.studio\/wp-content\/uploads\/2018\/07\/10-APLOP-Congresso-300x214.jpg 300w\" sizes=\"(max-width: 550px) 100vw, 550px\" class=\"wp-image-596\" \/><\/span>\n\t\t\t<\/div><div class=\"et_pb_module et_d4_element et_pb_text et_pb_text_9  et_pb_text_align_left et_pb_bg_layout_light\">\n\t\t\t\t\n\t\t\t\t\n\t\t\t\t\n\t\t\t\t\n\t\t\t\t<div class=\"et_pb_text_inner\">Cart\u00f5es de identifica\u00e7\u00e3o<\/div>\n\t\t\t<\/div>\n\t\t\t<\/div><div class=\"et_d4_element et_pb_column_1_2 et_pb_column et_pb_column_6  et_pb_css_mix_blend_mode et-last-child et_block_column\">\n\t\t\t\t\n\t\t\t\t\n\t\t\t\t\n\t\t\t\t\n\t\t\t\t<div class=\"et_pb_with_border et_pb_module et_d4_element et_pb_image et_pb_image_8 et_pb_image_sticky\">\n\t\t\t\t\n\t\t\t\t\n\t\t\t\t\n\t\t\t\t\n\t\t\t\t<span class=\"et_pb_image_wrap has-box-shadow-overlay\"><div class=\"box-shadow-overlay\"><\/div><img loading=\"lazy\" decoding=\"async\" width=\"550\" height=\"393\" src=\"https:\/\/carrilho.studio\/wp-content\/uploads\/2018\/07\/5-APLOP-Congresso.jpg\" alt=\"\" title=\"\" srcset=\"https:\/\/carrilho.studio\/wp-content\/uploads\/2018\/07\/5-APLOP-Congresso.jpg 550w, https:\/\/carrilho.studio\/wp-content\/uploads\/2018\/07\/5-APLOP-Congresso-300x214.jpg 300w\" sizes=\"(max-width: 550px) 100vw, 550px\" class=\"wp-image-591\" \/><\/span>\n\t\t\t<\/div><div class=\"et_pb_module et_d4_element et_pb_text et_pb_text_10  et_pb_text_align_left et_pb_bg_layout_light\">\n\t\t\t\t\n\t\t\t\t\n\t\t\t\t\n\t\t\t\t\n\t\t\t\t<div class=\"et_pb_text_inner\">Pastas para congressista<\/div>\n\t\t\t<\/div><div class=\"et_pb_with_border et_pb_module et_d4_element et_pb_image et_pb_image_9 et_pb_image_sticky\">\n\t\t\t\t\n\t\t\t\t\n\t\t\t\t\n\t\t\t\t\n\t\t\t\t<span class=\"et_pb_image_wrap has-box-shadow-overlay\"><div class=\"box-shadow-overlay\"><\/div><img loading=\"lazy\" decoding=\"async\" width=\"550\" height=\"393\" src=\"https:\/\/carrilho.studio\/wp-content\/uploads\/2018\/07\/11-APLOP-Congresso.jpg\" alt=\"\" title=\"\" srcset=\"https:\/\/carrilho.studio\/wp-content\/uploads\/2018\/07\/11-APLOP-Congresso.jpg 550w, https:\/\/carrilho.studio\/wp-content\/uploads\/2018\/07\/11-APLOP-Congresso-300x214.jpg 300w\" sizes=\"(max-width: 550px) 100vw, 550px\" class=\"wp-image-597\" \/><\/span>\n\t\t\t<\/div><div class=\"et_pb_module et_d4_element et_pb_text et_pb_text_11  et_pb_text_align_left et_pb_bg_layout_light\">\n\t\t\t\t\n\t\t\t\t\n\t\t\t\t\n\t\t\t\t\n\t\t\t\t<div class=\"et_pb_text_inner\">Diplomas personalizados<\/div>\n\t\t\t<\/div>\n\t\t\t<\/div>\n\t\t\t\t\n\t\t\t\t\n\t\t\t\t\n\t\t\t\t\n\t\t\t<\/div>\n\t\t\t\t\n\t\t\t\t\n\t\t\t<\/div><div class=\"et_d4_element et_pb_section et_pb_section_4 et_pb_with_background  et_pb_css_mix_blend_mode et_section_regular et_block_section\" >\n\t\t\t\t\n\t\t\t\t\n\t\t\t\t\n\t\t\t\t\n\t\t\t\t\n\t\t\t\t\n\t\t\t\t<div class=\"et_d4_element et_pb_row et_pb_row_4 et_animated  et_pb_css_mix_blend_mode et_block_row\">\n\t\t\t\t<div class=\"et_d4_element et_pb_column_4_4 et_pb_column et_pb_column_7  et_pb_css_mix_blend_mode et-last-child et_block_column\">\n\t\t\t\t\n\t\t\t\t\n\t\t\t\t\n\t\t\t\t\n\t\t\t\t<div class=\"et_pb_with_border et_pb_module et_d4_element et_pb_text et_pb_text_12  et_pb_text_align_left et_pb_bg_layout_light\">\n\t\t\t\t\n\t\t\t\t\n\t\t\t\t\n\t\t\t\t\n\t\t\t\t<div class=\"et_pb_text_inner\"><p>Projetos Similares<\/p><\/div>\n\t\t\t<\/div><div class=\"et_pb_with_border et_pb_module et_d4_element et_pb_portfolio_0 et_animated  et_pb_css_mix_blend_mode  et_pb_text_align_center et_pb_bg_layout_light et_pb_portfolio_grid clearfix\">\n\t\t\t\t<div class=\"et_pb_ajax_pagination_container\">\n\t\t\t\t\t\n\t\t\t\t\t\n\t\t\t\t\t\n\t\t\t\t\t\n\t\t\t\t\t<div class=\"et_pb_portfolio_grid_items et_pb_grid_items\">\n\t\t\t\t\t\t\t\t\t\t<div id=\"post-684\" class=\"post-684 project type-project status-publish has-post-thumbnail hentry project_category-congressos-e-eventos project_tag-medicina-chinesa et_pb_portfolio_item et_pb_portfolio_item_0_0 et_pb_grid_item\">\n\n\t\t\t\t\t\t\t\t\t\t<a href=\"https:\/\/carrilho.studio\/en\/project\/congresso-internacional-appa-pefots-2012\/\" title=\"International APPA Congress \u2013 PEFOTS 2012\">\n\t\t\t\t\t\t\t\t\t\t\t\t\t<span class=\"et_portfolio_image\">\n\t\t\t\t\t\t\t\t<img loading=\"lazy\" decoding=\"async\" src=\"https:\/\/carrilho.studio\/wp-content\/uploads\/2018\/07\/2-PEFOTS-APPA-Congresso-2012-400x284.jpg\" alt=\"CONGRESSO Internacional APPA &#8211; PEFOTS 2012\" width=\"400\" height=\"284\" srcset=\"https:\/\/carrilho.studio\/wp-content\/uploads\/2018\/07\/2-PEFOTS-APPA-Congresso-2012.jpg 479w, https:\/\/carrilho.studio\/wp-content\/uploads\/2018\/07\/2-PEFOTS-APPA-Congresso-2012-400x284.jpg 480w\" sizes=\"(max-width:479px) 479px, 100vw\" \/>\t\t\t\t\t\t\t\t<span class=\"et_overlay et_pb_inline_icon\" data-icon=\"\uf06e\"><\/span>\t\t\t\t\t\t\t<\/span>\n\t\t\t\t\t\t\t\t\t\t\t<\/a>\n\t\t\t\t\t\n\t\t\t\t\t<h6 class=\"et_pb_module_header\"><a href=\"https:\/\/carrilho.studio\/en\/project\/congresso-internacional-appa-pefots-2012\/\" title=\"International APPA Congress \u2013 PEFOTS 2012\">International APPA Congress \u2013 PEFOTS 2012<\/a><\/h6>\n\t\t\t\t<\/div>\n\t\t\t\t\t\t\t\t<div id=\"post-336601\" class=\"post-336601 project type-project status-publish has-post-thumbnail hentry project_category-congressos-e-eventos project_tag-sindicato-dos-oficiais-de-justica et_pb_portfolio_item et_pb_portfolio_item_0_1 et_pb_grid_item\">\n\n\t\t\t\t\t\t\t\t\t\t<a href=\"https:\/\/carrilho.studio\/en\/project\/sindicato-dos-oficiais-de-justica-1-o-congresso\/\" title=\"Sheriffs&#039; Union \u2013 1st Congress\">\n\t\t\t\t\t\t\t\t\t\t\t\t\t<span class=\"et_portfolio_image\">\n\t\t\t\t\t\t\t\t<img loading=\"lazy\" decoding=\"async\" src=\"https:\/\/carrilho.studio\/wp-content\/uploads\/Sindicato_OJ_0006_Prposta-01-400x284.jpg\" alt=\"Sindicato dos Oficiais de Justi\u00e7a &#8211; 1.\u00ba Congresso\" width=\"400\" height=\"284\" srcset=\"https:\/\/carrilho.studio\/wp-content\/uploads\/Sindicato_OJ_0006_Prposta-01.jpg 479w, https:\/\/carrilho.studio\/wp-content\/uploads\/Sindicato_OJ_0006_Prposta-01-400x284.jpg 480w\" sizes=\"(max-width:479px) 479px, 100vw\" \/>\t\t\t\t\t\t\t\t<span class=\"et_overlay et_pb_inline_icon\" data-icon=\"\uf06e\"><\/span>\t\t\t\t\t\t\t<\/span>\n\t\t\t\t\t\t\t\t\t\t\t<\/a>\n\t\t\t\t\t\n\t\t\t\t\t<h6 class=\"et_pb_module_header\"><a href=\"https:\/\/carrilho.studio\/en\/project\/sindicato-dos-oficiais-de-justica-1-o-congresso\/\" title=\"Sheriffs&#039; Union \u2013 1st Congress\">Sheriffs' Union \u2013 1st Congress<\/a><\/h6>\n\t\t\t\t<\/div>\n\t\t\t\t\t\t\t\t<div id=\"post-2178\" class=\"post-2178 project type-project status-publish has-post-thumbnail hentry project_category-congressos-e-eventos project_category-forcas-politicas project_tag-paulo-vistas et_pb_portfolio_item et_pb_portfolio_item_0_2 et_pb_grid_item\">\n\n\t\t\t\t\t\t\t\t\t\t<a href=\"https:\/\/carrilho.studio\/en\/project\/jantar-comicio-oeiras-autaq-2013-paulo-vistas\/\" title=\"DINNER BANQUET \u2013 Oeiras 2013 Paulo Vistas\">\n\t\t\t\t\t\t\t\t\t\t\t\t\t<span class=\"et_portfolio_image\">\n\t\t\t\t\t\t\t\t<img loading=\"lazy\" decoding=\"async\" src=\"https:\/\/carrilho.studio\/wp-content\/uploads\/2018\/08\/Vistas38-400x284.jpg\" alt=\"JANTAR COM\u00cdCIO &#8211; Oeiras 2013 Paulo Vistas\" width=\"400\" height=\"284\" srcset=\"https:\/\/carrilho.studio\/wp-content\/uploads\/2018\/08\/Vistas38.jpg 479w, https:\/\/carrilho.studio\/wp-content\/uploads\/2018\/08\/Vistas38-400x284.jpg 480w\" sizes=\"(max-width:479px) 479px, 100vw\" \/>\t\t\t\t\t\t\t\t<span class=\"et_overlay et_pb_inline_icon\" data-icon=\"\uf06e\"><\/span>\t\t\t\t\t\t\t<\/span>\n\t\t\t\t\t\t\t\t\t\t\t<\/a>\n\t\t\t\t\t\n\t\t\t\t\t<h6 class=\"et_pb_module_header\"><a href=\"https:\/\/carrilho.studio\/en\/project\/jantar-comicio-oeiras-autaq-2013-paulo-vistas\/\" title=\"DINNER BANQUET \u2013 Oeiras 2013 Paulo Vistas\">DINNER BANQUET \u2013 Oeiras 2013 Paulo Vistas<\/a><\/h6>\n\t\t\t\t<\/div>\n\t\t\t\t\n\t\t\t\t\t<\/div>\n\t\t\t\t\t\n\t\t\t\t<\/div>\n\t\t\t<\/div>\n\t\t\t<\/div>\n\t\t\t\t\n\t\t\t\t\n\t\t\t\t\n\t\t\t\t\n\t\t\t<\/div>\n\t\t\t\t\n\t\t\t\t\n\t\t\t<\/div><\/p>","protected":false},"excerpt":{"rendered":"","protected":false},"author":5,"featured_media":599,"comment_status":"closed","ping_status":"closed","template":"","meta":{"_monsterinsights_skip_tracking":false,"_monsterinsights_sitenote_active":false,"_monsterinsights_sitenote_note":"","_monsterinsights_sitenote_category":0,"_et_pb_use_builder":"on","_et_pb_old_content":"","_et_gb_content_width":"","footnotes":""},"project_category":[],"project_tag":[],"class_list":["post-584","project","type-project","status-publish","has-post-thumbnail","hentry"],"yoast_head":"<!-- This site is optimized with the Yoast SEO plugin v27.4 - https:\/\/yoast.com\/product\/yoast-seo-wordpress\/ -->\n<title>CONGRESSO APLOP | Carrilho.Studio<\/title>\n<meta name=\"robots\" content=\"index, follow, max-snippet:-1, max-image-preview:large, max-video-preview:-1\" \/>\n<link rel=\"canonical\" href=\"https:\/\/carrilho.studio\/en\/project\/congresso-aplop\/\" \/>\n<meta property=\"og:locale\" content=\"en_US\" \/>\n<meta property=\"og:type\" content=\"article\" \/>\n<meta property=\"og:title\" content=\"CONGRESSO APLOP | Carrilho.Studio\" \/>\n<meta property=\"og:url\" content=\"https:\/\/carrilho.studio\/en\/project\/congresso-aplop\/\" \/>\n<meta property=\"og:site_name\" content=\"Carrilho.Studio\" \/>\n<meta property=\"article:modified_time\" content=\"2024-08-05T17:14:27+00:00\" \/>\n<meta property=\"og:image\" content=\"https:\/\/carrilho.studio\/wp-content\/uploads\/2018\/07\/1-APLOP-Congresso-Header-2.jpg\" \/>\n\t<meta property=\"og:image:width\" content=\"2000\" \/>\n\t<meta property=\"og:image:height\" content=\"600\" \/>\n\t<meta property=\"og:image:type\" content=\"image\/jpeg\" \/>\n<meta name=\"twitter:card\" content=\"summary_large_image\" \/>\n<meta name=\"twitter:label1\" content=\"Est. reading time\" \/>\n\t<meta name=\"twitter:data1\" content=\"10 minutes\" \/>\n<script type=\"application\/ld+json\" class=\"yoast-schema-graph\">{\"@context\":\"https:\\\/\\\/schema.org\",\"@graph\":[{\"@type\":\"WebPage\",\"@id\":\"https:\\\/\\\/carrilho.studio\\\/project\\\/congresso-aplop\\\/\",\"url\":\"https:\\\/\\\/carrilho.studio\\\/project\\\/congresso-aplop\\\/\",\"name\":\"CONGRESSO APLOP | Carrilho.Studio\",\"isPartOf\":{\"@id\":\"https:\\\/\\\/carrilho.studio\\\/#website\"},\"primaryImageOfPage\":{\"@id\":\"https:\\\/\\\/carrilho.studio\\\/project\\\/congresso-aplop\\\/#primaryimage\"},\"image\":{\"@id\":\"https:\\\/\\\/carrilho.studio\\\/project\\\/congresso-aplop\\\/#primaryimage\"},\"thumbnailUrl\":\"https:\\\/\\\/carrilho.studio\\\/wp-content\\\/uploads\\\/2018\\\/07\\\/1-APLOP-Congresso-Header-2.jpg\",\"datePublished\":\"2018-07-23T16:38:49+00:00\",\"dateModified\":\"2024-08-05T17:14:27+00:00\",\"breadcrumb\":{\"@id\":\"https:\\\/\\\/carrilho.studio\\\/project\\\/congresso-aplop\\\/#breadcrumb\"},\"inLanguage\":\"en-US\",\"potentialAction\":[{\"@type\":\"ReadAction\",\"target\":[\"https:\\\/\\\/carrilho.studio\\\/project\\\/congresso-aplop\\\/\"]}]},{\"@type\":\"ImageObject\",\"inLanguage\":\"en-US\",\"@id\":\"https:\\\/\\\/carrilho.studio\\\/project\\\/congresso-aplop\\\/#primaryimage\",\"url\":\"https:\\\/\\\/carrilho.studio\\\/wp-content\\\/uploads\\\/2018\\\/07\\\/1-APLOP-Congresso-Header-2.jpg\",\"contentUrl\":\"https:\\\/\\\/carrilho.studio\\\/wp-content\\\/uploads\\\/2018\\\/07\\\/1-APLOP-Congresso-Header-2.jpg\",\"width\":2000,\"height\":600,\"caption\":\"APLOP 10\u00ba Congresso Lisboa\"},{\"@type\":\"BreadcrumbList\",\"@id\":\"https:\\\/\\\/carrilho.studio\\\/project\\\/congresso-aplop\\\/#breadcrumb\",\"itemListElement\":[{\"@type\":\"ListItem\",\"position\":1,\"name\":\"Home\",\"item\":\"https:\\\/\\\/carrilho.studio\\\/\"},{\"@type\":\"ListItem\",\"position\":2,\"name\":\"Projects\",\"item\":\"https:\\\/\\\/carrilho.studio\\\/project\\\/\"},{\"@type\":\"ListItem\",\"position\":3,\"name\":\"CONGRESSO APLOP\"}]},{\"@type\":\"WebSite\",\"@id\":\"https:\\\/\\\/carrilho.studio\\\/#website\",\"url\":\"https:\\\/\\\/carrilho.studio\\\/\",\"name\":\"Carrilho.Studio\",\"description\":\"Promo\u00e7\u00e3o de Conte\u00fados Institucionais\",\"potentialAction\":[{\"@type\":\"SearchAction\",\"target\":{\"@type\":\"EntryPoint\",\"urlTemplate\":\"https:\\\/\\\/carrilho.studio\\\/?s={search_term_string}\"},\"query-input\":{\"@type\":\"PropertyValueSpecification\",\"valueRequired\":true,\"valueName\":\"search_term_string\"}}],\"inLanguage\":\"en-US\"}]}<\/script>\n<!-- \/ Yoast SEO plugin. -->","yoast_head_json":{"title":"CONGRESSO APLOP | Carrilho.Studio","robots":{"index":"index","follow":"follow","max-snippet":"max-snippet:-1","max-image-preview":"max-image-preview:large","max-video-preview":"max-video-preview:-1"},"canonical":"https:\/\/carrilho.studio\/en\/project\/congresso-aplop\/","og_locale":"en_US","og_type":"article","og_title":"CONGRESSO APLOP | Carrilho.Studio","og_url":"https:\/\/carrilho.studio\/en\/project\/congresso-aplop\/","og_site_name":"Carrilho.Studio","article_modified_time":"2024-08-05T17:14:27+00:00","og_image":[{"width":2000,"height":600,"url":"https:\/\/carrilho.studio\/wp-content\/uploads\/2018\/07\/1-APLOP-Congresso-Header-2.jpg","type":"image\/jpeg"}],"twitter_card":"summary_large_image","twitter_misc":{"Est. reading time":"10 minutes"},"schema":{"@context":"https:\/\/schema.org","@graph":[{"@type":"WebPage","@id":"https:\/\/carrilho.studio\/project\/congresso-aplop\/","url":"https:\/\/carrilho.studio\/project\/congresso-aplop\/","name":"CONGRESSO APLOP | Carrilho.Studio","isPartOf":{"@id":"https:\/\/carrilho.studio\/#website"},"primaryImageOfPage":{"@id":"https:\/\/carrilho.studio\/project\/congresso-aplop\/#primaryimage"},"image":{"@id":"https:\/\/carrilho.studio\/project\/congresso-aplop\/#primaryimage"},"thumbnailUrl":"https:\/\/carrilho.studio\/wp-content\/uploads\/2018\/07\/1-APLOP-Congresso-Header-2.jpg","datePublished":"2018-07-23T16:38:49+00:00","dateModified":"2024-08-05T17:14:27+00:00","breadcrumb":{"@id":"https:\/\/carrilho.studio\/project\/congresso-aplop\/#breadcrumb"},"inLanguage":"en-US","potentialAction":[{"@type":"ReadAction","target":["https:\/\/carrilho.studio\/project\/congresso-aplop\/"]}]},{"@type":"ImageObject","inLanguage":"en-US","@id":"https:\/\/carrilho.studio\/project\/congresso-aplop\/#primaryimage","url":"https:\/\/carrilho.studio\/wp-content\/uploads\/2018\/07\/1-APLOP-Congresso-Header-2.jpg","contentUrl":"https:\/\/carrilho.studio\/wp-content\/uploads\/2018\/07\/1-APLOP-Congresso-Header-2.jpg","width":2000,"height":600,"caption":"APLOP 10\u00ba Congresso Lisboa"},{"@type":"BreadcrumbList","@id":"https:\/\/carrilho.studio\/project\/congresso-aplop\/#breadcrumb","itemListElement":[{"@type":"ListItem","position":1,"name":"Home","item":"https:\/\/carrilho.studio\/"},{"@type":"ListItem","position":2,"name":"Projects","item":"https:\/\/carrilho.studio\/project\/"},{"@type":"ListItem","position":3,"name":"CONGRESSO APLOP"}]},{"@type":"WebSite","@id":"https:\/\/carrilho.studio\/#website","url":"https:\/\/carrilho.studio\/","name":"Carrilho.Studio","description":"Promo\u00e7\u00e3o de Conte\u00fados Institucionais","potentialAction":[{"@type":"SearchAction","target":{"@type":"EntryPoint","urlTemplate":"https:\/\/carrilho.studio\/?s={search_term_string}"},"query-input":{"@type":"PropertyValueSpecification","valueRequired":true,"valueName":"search_term_string"}}],"inLanguage":"en-US"}]}},"_links":{"self":[{"href":"https:\/\/carrilho.studio\/en\/wp-json\/wp\/v2\/project\/584","targetHints":{"allow":["GET"]}}],"collection":[{"href":"https:\/\/carrilho.studio\/en\/wp-json\/wp\/v2\/project"}],"about":[{"href":"https:\/\/carrilho.studio\/en\/wp-json\/wp\/v2\/types\/project"}],"author":[{"embeddable":true,"href":"https:\/\/carrilho.studio\/en\/wp-json\/wp\/v2\/users\/5"}],"replies":[{"embeddable":true,"href":"https:\/\/carrilho.studio\/en\/wp-json\/wp\/v2\/comments?post=584"}],"version-history":[{"count":0,"href":"https:\/\/carrilho.studio\/en\/wp-json\/wp\/v2\/project\/584\/revisions"}],"wp:featuredmedia":[{"embeddable":true,"href":"https:\/\/carrilho.studio\/en\/wp-json\/wp\/v2\/media\/599"}],"wp:attachment":[{"href":"https:\/\/carrilho.studio\/en\/wp-json\/wp\/v2\/media?parent=584"}],"wp:term":[{"taxonomy":"project_category","embeddable":true,"href":"https:\/\/carrilho.studio\/en\/wp-json\/wp\/v2\/project_category?post=584"},{"taxonomy":"project_tag","embeddable":true,"href":"https:\/\/carrilho.studio\/en\/wp-json\/wp\/v2\/project_tag?post=584"}],"curies":[{"name":"wp","href":"https:\/\/api.w.org\/{rel}","templated":true}]}}