{"id":335923,"date":"2022-08-28T11:21:55","date_gmt":"2022-08-28T11:21:55","guid":{"rendered":"https:\/\/rumo17.pt\/?post_type=project&#038;p=335923"},"modified":"2024-08-23T13:20:54","modified_gmt":"2024-08-23T13:20:54","slug":"a-revista-supremo-tribunal-de-justica","status":"publish","type":"project","link":"https:\/\/carrilho.studio\/en\/project\/a-revista-supremo-tribunal-de-justica\/","title":{"rendered":"A Revista &#8211; Supremo Tribunal de Justi\u00e7a"},"content":{"rendered":"<div class=\"et_d4_element et_pb_section et_pb_section_0  et_pb_css_mix_blend_mode et_section_regular et_block_section\" >\n\t\t\t\t\n\t\t\t\t\n\t\t\t\t\n\t\t\t\t<span class=\"et_pb_background_pattern\"><\/span>\n\t\t\t\t\n\t\t\t\t\n\t\t\t\t<div class=\"et_d4_element et_pb_row et_pb_row_0  et_pb_css_mix_blend_mode et_block_row\">\n\t\t\t\t<div class=\"et_d4_element et_pb_column_4_4 et_pb_column et_pb_column_0  et_pb_css_mix_blend_mode et-last-child et_block_column\">\n\t\t\t\t\n\t\t\t\t\n\t\t\t\t\n\t\t\t\t\n\t\t\t\t<div class=\"et_pb_module et_d4_element et_pb_image et_pb_image_0 et_pb_image_sticky\">\n\t\t\t\t\n\t\t\t\t\n\t\t\t\t\n\t\t\t\t\n\t\t\t\t<span class=\"et_pb_image_wrap\"><img loading=\"lazy\" decoding=\"async\" width=\"250\" height=\"250\" src=\"https:\/\/carrilho.studio\/wp-content\/uploads\/STJ-Header-2.jpg\" alt=\"\" title=\"STJ-Header-2\" srcset=\"https:\/\/carrilho.studio\/wp-content\/uploads\/STJ-Header-2.jpg 250w, https:\/\/carrilho.studio\/wp-content\/uploads\/STJ-Header-2-150x150.jpg 150w\" sizes=\"(max-width: 250px) 100vw, 250px\" class=\"wp-image-336416\" \/><\/span>\n\t\t\t<\/div>\n\t\t\t<\/div>\n\t\t\t\t\n\t\t\t\t\n\t\t\t\t\n\t\t\t\t\n\t\t\t<\/div>\n\t\t\t\t\n\t\t\t\t\n\t\t\t<\/div><div class=\"et_d4_element et_pb_section et_pb_section_1  et_pb_css_mix_blend_mode et_section_regular et_block_section\" >\n\t\t\t\t\n\t\t\t\t\n\t\t\t\t\n\t\t\t\t\n\t\t\t\t\n\t\t\t\t\n\t\t\t\t<div class=\"et_d4_element et_pb_row et_pb_row_1  et_pb_css_mix_blend_mode et_block_row\">\n\t\t\t\t<div class=\"et_d4_element et_pb_column_4_4 et_pb_column et_pb_column_1  et_pb_css_mix_blend_mode et-last-child et_block_column\">\n\t\t\t\t\n\t\t\t\t\n\t\t\t\t\n\t\t\t\t\n\t\t\t\t<div class=\"et_pb_module et_d4_element et_pb_text et_pb_text_0  et_pb_text_align_left et_pb_bg_layout_light\">\n\t\t\t\t\n\t\t\t\t\n\t\t\t\t\n\t\t\t\t\n\t\t\t\t<div class=\"et_pb_text_inner\"><h3 style=\"text-align: center;\">Supremos Tribunal de Justi\u00e7a<\/h3>\n<h2 style=\"text-align: center;\">a REVISTA<\/h2>\n<h3 style=\"text-align: center;\">Cooper - \u00c1lvaro carrilho| 2021<\/h3><\/div>\n\t\t\t<\/div>\n\t\t\t<\/div>\n\t\t\t\t\n\t\t\t\t\n\t\t\t\t\n\t\t\t\t\n\t\t\t<\/div>\n\t\t\t\t\n\t\t\t\t\n\t\t\t<\/div><div class=\"et_d4_element et_pb_section et_pb_section_2 et_pb_with_background  et_pb_css_mix_blend_mode et_section_regular et_block_section\" >\n\t\t\t\t\n\t\t\t\t\n\t\t\t\t\n\t\t\t\t\n\t\t\t\t\n\t\t\t\t\n\t\t\t\t<div class=\"et_d4_element et_pb_row et_pb_row_2 et_animated  et_pb_css_mix_blend_mode et_block_row\">\n\t\t\t\t<div class=\"et_d4_element et_pb_column_1_2 et_pb_column et_pb_column_2  et_pb_css_mix_blend_mode et_block_column\">\n\t\t\t\t\n\t\t\t\t\n\t\t\t\t\n\t\t\t\t\n\t\t\t\t<div class=\"et_pb_module et_d4_element et_pb_toggle et_pb_toggle_0 et_pb_toggle_item  et_pb_text_align_left et_pb_toggle_close\">\n\t\t\t\t\n\t\t\t\t\n\t\t\t\t\n\t\t\t\t\n\t\t\t\t<h5 class=\"et_pb_toggle_title\">DESAFIOS<\/h5>\n\t\t\t\t<div class=\"et_pb_toggle_content clearfix\"><ul>\n<li style=\"font-weight: 400;\" aria-level=\"1\"><span style=\"font-weight: 400;\">Publica\u00e7\u00e3o difundida em formato impresso e em digital<\/span><\/li>\n<li style=\"font-weight: 400;\" aria-level=\"1\"><span style=\"font-weight: 400;\">Criar uma <\/span><span style=\"font-weight: 400;\">identidade editorial<\/span><span style=\"font-weight: 400;\"> distintiva, a partir da <\/span><span style=\"font-weight: 400;\">marca <\/span><span style=\"font-weight: 400;\">da institui\u00e7\u00e3o<\/span><\/li>\n<li style=\"font-weight: 400;\" aria-level=\"1\"><span style=\"font-weight: 400;\">Aproximar os valores da tradi\u00e7\u00e3o aos da\u00a0 modernidade, tendo em conta a sua presen\u00e7a no meio digital<\/span><\/li>\n<li style=\"font-weight: 400;\" aria-level=\"1\"><span style=\"font-weight: 400;\">Como facilitar a leitura, a consulta e como promover os conte\u00fados<\/span><\/li>\n<\/ul><\/div>\n\t\t\t<\/div><div class=\"et_pb_module et_d4_element et_pb_toggle et_pb_toggle_1 et_pb_toggle_item  et_pb_text_align_left et_pb_toggle_close\">\n\t\t\t\t\n\t\t\t\t\n\t\t\t\t\n\t\t\t\t\n\t\t\t\t<h5 class=\"et_pb_toggle_title\">CONTEXTO<\/h5>\n\t\t\t\t<div class=\"et_pb_toggle_content clearfix\"><p><span style=\"font-weight: 400;\">O Supremo Tribunal de Justi\u00e7a tinha a inten\u00e7\u00e3o de publicar textos acad\u00e9micos e de jurisprud\u00eancia de forma peri\u00f3dica, mantendo dois canais de divulga\u00e7\u00e3o (impresso e digital). Esta publica\u00e7\u00e3o tinha de estar alinhada com o novo site institucional.\u00a0<\/span><\/p><\/div>\n\t\t\t<\/div><div class=\"et_pb_module et_d4_element et_pb_toggle et_pb_toggle_2 et_pb_toggle_item  et_pb_text_align_left et_pb_toggle_close\">\n\t\t\t\t\n\t\t\t\t\n\t\t\t\t\n\t\t\t\t\n\t\t\t\t<h5 class=\"et_pb_toggle_title\">SOLU\u00c7\u00c3O<\/h5>\n\t\t\t\t<div class=\"et_pb_toggle_content clearfix\"><h3><i><span style=\"font-weight: 400;\">As Fontes tipogr\u00e1ficas<\/span><\/i><\/h3>\n<p><span style=\"font-weight: 400;\">Uma escolha cuidada de fontes tipogr\u00e1ficas. Em primeiro lugar com um bom <\/span><em><span style=\"font-weight: 400;\">pairings<\/span><\/em><span style=\"font-weight: 400;\"> de contraste (fontes direitas e redondas). <\/span><\/p>\n<p><span style=\"font-weight: 400;\">Porque s\u00e3o importantes estes detalhes? Para o leitor entender a estrutura do conte\u00fado, antes de investir tempo na leitura.<\/span><\/p>\n<p><span style=\"font-weight: 400;\">Na vers\u00e3o digital, e de acordo com as melhores pr\u00e1ticas de web responsive, encontramos um tamanho de letra muito confort\u00e1vel de leitura, quer para monitor de secret\u00e1ria e tablet, mas sobretudo para\u00a0 telem\u00f3vel, o que resultou num desempenho de leitura francamente positivo.<\/span><\/p>\n<p>&nbsp;<\/p><\/div>\n\t\t\t<\/div>\n\t\t\t<\/div><div class=\"et_d4_element et_pb_column_1_2 et_pb_column et_pb_column_3  et_pb_css_mix_blend_mode et-last-child et_block_column\">\n\t\t\t\t\n\t\t\t\t\n\t\t\t\t\n\t\t\t\t\n\t\t\t\t<div class=\"et_pb_module et_d4_element et_pb_text et_pb_text_1  et_pb_text_align_left et_pb_bg_layout_light\">\n\t\t\t\t\n\t\t\t\t\n\t\t\t\t\n\t\t\t\t\n\t\t\t\t<div class=\"et_pb_text_inner\"><p>Quando uma organiza\u00e7\u00e3o toma a iniiativa de divulgar conte\u00fados de forma sistematizada e regular, assume um conjunto de resposabilidades editoriais que lhe consomem recursos.<\/p>\n<p>O retorno deste empenho chega sob a forma de reconhecimento de autoridade, especializa\u00e7\u00e3o e conhecimento das mat\u00e9rias de que se ocupa a publica\u00e7\u00e3o.\u00a0 \u00a0\u00a0<\/p>\n<p>Ajudamos a sua organiza\u00e7\u00e3o a chegar mais perto e mais r\u00e1pido aos seus leitores. A vossa marca fica mais consolidada porque ganha um acrescento de notoriedade e visibilidade<\/p>\n<p>Se partilhamos esta vis\u00e3o, talvez esteja na hora de juntar for\u00e7as.<\/p>\n<p>CONTACTE-NOS<\/p><\/div>\n\t\t\t<\/div>\n\t\t\t<\/div>\n\t\t\t\t\n\t\t\t\t\n\t\t\t\t\n\t\t\t\t\n\t\t\t<\/div>\n\t\t\t\t\n\t\t\t\t\n\t\t\t<\/div><div class=\"et_d4_element et_pb_section et_pb_section_3 et_pb_with_background  et_pb_css_mix_blend_mode et_section_regular et_block_section\" >\n\t\t\t\t\n\t\t\t\t\n\t\t\t\t\n\t\t\t\t\n\t\t\t\t\n\t\t\t\t\n\t\t\t\t<div class=\"et_d4_element et_pb_row et_pb_row_3  et_pb_css_mix_blend_mode et_block_row\">\n\t\t\t\t<div class=\"et_d4_element et_pb_column_1_2 et_pb_column et_pb_column_4  et_pb_css_mix_blend_mode et_block_column\">\n\t\t\t\t\n\t\t\t\t\n\t\t\t\t\n\t\t\t\t\n\t\t\t\t<div class=\"et_pb_with_border et_pb_module et_d4_element et_pb_image et_pb_image_1 et_pb_image_sticky\">\n\t\t\t\t\n\t\t\t\t\n\t\t\t\t\n\t\t\t\t\n\t\t\t\t<span class=\"et_pb_image_wrap has-box-shadow-overlay\"><div class=\"box-shadow-overlay\"><\/div><img loading=\"lazy\" decoding=\"async\" width=\"550\" height=\"393\" src=\"https:\/\/rumo17.pt\/wp-content\/uploads\/STJ-Logo-1.jpg\" alt=\"Boletim OA - Cabe\u00e7alho\" title=\"STJ-Logo-1\" srcset=\"https:\/\/carrilho.studio\/wp-content\/uploads\/STJ-Logo-1.jpg 550w, https:\/\/carrilho.studio\/wp-content\/uploads\/STJ-Logo-1-480x343.jpg 480w\" sizes=\"(min-width: 0px) and (max-width: 480px) 480px, (min-width: 481px) 550px, 100vw\" class=\"wp-image-335984\" \/><\/span>\n\t\t\t<\/div><div class=\"et_pb_module et_d4_element et_pb_text et_pb_text_2  et_pb_text_align_left et_pb_bg_layout_light\">\n\t\t\t\t\n\t\t\t\t\n\t\t\t\t\n\t\t\t\t\n\t\t\t\t<div class=\"et_pb_text_inner\"><p>Concep\u00e7\u00e3o da marca editorial<\/p><\/div>\n\t\t\t<\/div><div class=\"et_pb_with_border et_pb_module et_d4_element et_pb_image et_pb_image_2 et_pb_image_sticky\">\n\t\t\t\t\n\t\t\t\t\n\t\t\t\t\n\t\t\t\t\n\t\t\t\t<span class=\"et_pb_image_wrap has-box-shadow-overlay\"><div class=\"box-shadow-overlay\"><\/div><img loading=\"lazy\" decoding=\"async\" width=\"550\" height=\"393\" src=\"https:\/\/rumo17.pt\/wp-content\/uploads\/STJ-Etudo-Capas.jpg\" alt=\"Boletim OA - Cabe\u00e7alho\" title=\"STJ-Etudo-Capas\" srcset=\"https:\/\/carrilho.studio\/wp-content\/uploads\/STJ-Etudo-Capas.jpg 550w, https:\/\/carrilho.studio\/wp-content\/uploads\/STJ-Etudo-Capas-480x343.jpg 480w\" sizes=\"(min-width: 0px) and (max-width: 480px) 480px, (min-width: 481px) 550px, 100vw\" class=\"wp-image-335983\" \/><\/span>\n\t\t\t<\/div><div class=\"et_pb_module et_d4_element et_pb_text et_pb_text_3  et_pb_text_align_left et_pb_bg_layout_light\">\n\t\t\t\t\n\t\t\t\t\n\t\t\t\t\n\t\t\t\t\n\t\t\t\t<div class=\"et_pb_text_inner\"><p>Estudos de layout de capa<\/p><\/div>\n\t\t\t<\/div><div class=\"et_pb_with_border et_pb_module et_d4_element et_pb_image et_pb_image_3 et_pb_image_sticky\">\n\t\t\t\t\n\t\t\t\t\n\t\t\t\t\n\t\t\t\t\n\t\t\t\t<span class=\"et_pb_image_wrap has-box-shadow-overlay\"><div class=\"box-shadow-overlay\"><\/div><img loading=\"lazy\" decoding=\"async\" width=\"550\" height=\"393\" src=\"https:\/\/rumo17.pt\/wp-content\/uploads\/STJ-Milo-Artigo-2.jpg\" alt=\"Boletim OA - Cabe\u00e7alho\" title=\"STJ-Milo-Artigo-2\" srcset=\"https:\/\/carrilho.studio\/wp-content\/uploads\/STJ-Milo-Artigo-2.jpg 550w, https:\/\/carrilho.studio\/wp-content\/uploads\/STJ-Milo-Artigo-2-480x343.jpg 480w\" sizes=\"(min-width: 0px) and (max-width: 480px) 480px, (min-width: 481px) 550px, 100vw\" class=\"wp-image-335973\" \/><\/span>\n\t\t\t<\/div><div class=\"et_pb_module et_d4_element et_pb_text et_pb_text_4  et_pb_text_align_left et_pb_bg_layout_light\">\n\t\t\t\t\n\t\t\t\t\n\t\t\t\t\n\t\t\t\t\n\t\t\t\t<div class=\"et_pb_text_inner\"><p>Artigos: corpo de texto, com cita\u00e7\u00f5es, notas de rodap\u00e9, subtitulos<\/p><\/div>\n\t\t\t<\/div>\n\t\t\t<\/div><div class=\"et_d4_element et_pb_column_1_2 et_pb_column et_pb_column_5  et_pb_css_mix_blend_mode et-last-child et_block_column\">\n\t\t\t\t\n\t\t\t\t\n\t\t\t\t\n\t\t\t\t\n\t\t\t\t<div class=\"et_pb_with_border et_pb_module et_d4_element et_pb_image et_pb_image_4 et_pb_image_sticky\">\n\t\t\t\t\n\t\t\t\t\n\t\t\t\t\n\t\t\t\t\n\t\t\t\t<span class=\"et_pb_image_wrap has-box-shadow-overlay\"><div class=\"box-shadow-overlay\"><\/div><img loading=\"lazy\" decoding=\"async\" width=\"550\" height=\"393\" src=\"https:\/\/rumo17.pt\/wp-content\/uploads\/STJ-Capa-revista.jpg\" alt=\"Boletim OA - Capas\" title=\"STJ-Capa-revista\" srcset=\"https:\/\/carrilho.studio\/wp-content\/uploads\/STJ-Capa-revista.jpg 550w, https:\/\/carrilho.studio\/wp-content\/uploads\/STJ-Capa-revista-480x343.jpg 480w\" sizes=\"(min-width: 0px) and (max-width: 480px) 480px, (min-width: 481px) 550px, 100vw\" class=\"wp-image-335982\" \/><\/span>\n\t\t\t<\/div><div class=\"et_pb_module et_d4_element et_pb_text et_pb_text_5  et_pb_text_align_left et_pb_bg_layout_light\">\n\t\t\t\t\n\t\t\t\t\n\t\t\t\t\n\t\t\t\t\n\t\t\t\t<div class=\"et_pb_text_inner\"><p>Capa de revista, ao estilo acad\u00e9mico<\/p><\/div>\n\t\t\t<\/div><div class=\"et_pb_with_border et_pb_module et_d4_element et_pb_image et_pb_image_5 et_pb_image_sticky\">\n\t\t\t\t\n\t\t\t\t\n\t\t\t\t\n\t\t\t\t\n\t\t\t\t<span class=\"et_pb_image_wrap has-box-shadow-overlay\"><div class=\"box-shadow-overlay\"><\/div><img loading=\"lazy\" decoding=\"async\" width=\"550\" height=\"393\" src=\"https:\/\/rumo17.pt\/wp-content\/uploads\/STJ-Abertura-Artigo.jpg\" alt=\"Boletim OA - Capas\" title=\"STJ---Abertura-Artigo\" srcset=\"https:\/\/carrilho.studio\/wp-content\/uploads\/STJ-Abertura-Artigo.jpg 550w, https:\/\/carrilho.studio\/wp-content\/uploads\/STJ-Abertura-Artigo-480x343.jpg 480w\" sizes=\"(min-width: 0px) and (max-width: 480px) 480px, (min-width: 481px) 550px, 100vw\" class=\"wp-image-335981\" \/><\/span>\n\t\t\t<\/div><div class=\"et_pb_module et_d4_element et_pb_text et_pb_text_6  et_pb_text_align_left et_pb_bg_layout_light\">\n\t\t\t\t\n\t\t\t\t\n\t\t\t\t\n\t\t\t\t\n\t\t\t\t<div class=\"et_pb_text_inner\"><p>Artigos: abertura<\/p><\/div>\n\t\t\t<\/div><div class=\"et_pb_with_border et_pb_module et_d4_element et_pb_image et_pb_image_6 et_pb_image_sticky\">\n\t\t\t\t\n\t\t\t\t\n\t\t\t\t\n\t\t\t\t\n\t\t\t\t<span class=\"et_pb_image_wrap has-box-shadow-overlay\"><div class=\"box-shadow-overlay\"><\/div><img loading=\"lazy\" decoding=\"async\" width=\"550\" height=\"393\" src=\"https:\/\/rumo17.pt\/wp-content\/uploads\/STJ-Miolo-Artigo.jpg\" alt=\"Boletim OA - Capas\" title=\"STJ-Miolo-Artigo\" srcset=\"https:\/\/carrilho.studio\/wp-content\/uploads\/STJ-Miolo-Artigo.jpg 550w, https:\/\/carrilho.studio\/wp-content\/uploads\/STJ-Miolo-Artigo-480x343.jpg 480w\" sizes=\"(min-width: 0px) and (max-width: 480px) 480px, (min-width: 481px) 550px, 100vw\" class=\"wp-image-335974\" \/><\/span>\n\t\t\t<\/div><div class=\"et_pb_module et_d4_element et_pb_text et_pb_text_7  et_pb_text_align_left et_pb_bg_layout_light\">\n\t\t\t\t\n\t\t\t\t\n\t\t\t\t\n\t\t\t\t\n\t\t\t\t<div class=\"et_pb_text_inner\"><p>Artigos: Separadores tem\u00e1ticos<\/p><\/div>\n\t\t\t<\/div>\n\t\t\t<\/div>\n\t\t\t\t\n\t\t\t\t\n\t\t\t\t\n\t\t\t\t\n\t\t\t<\/div><div class=\"et_d4_element et_pb_row et_pb_row_4  et_pb_css_mix_blend_mode et_block_row\">\n\t\t\t\t<div class=\"et_d4_element et_pb_column_4_4 et_pb_column et_pb_column_6  et_pb_css_mix_blend_mode et-last-child et_block_column\">\n\t\t\t\t\n\t\t\t\t\n\t\t\t\t\n\t\t\t\t\n\t\t\t\t<div class=\"et_pb_module et_d4_element et_pb_text et_pb_text_8  et_pb_text_align_left et_pb_bg_layout_light\">\n\t\t\t\t\n\t\t\t\t\n\t\t\t\t\n\t\t\t\t\n\t\t\t\t<div class=\"et_pb_text_inner\"><h2 style=\"text-align: center;\">a revista - Site<\/h2><\/div>\n\t\t\t<\/div>\n\t\t\t<\/div>\n\t\t\t\t\n\t\t\t\t\n\t\t\t\t\n\t\t\t\t\n\t\t\t<\/div><div class=\"et_d4_element et_pb_row et_pb_row_5  et_pb_css_mix_blend_mode et_block_row\">\n\t\t\t\t<div class=\"et_d4_element et_pb_column_1_2 et_pb_column et_pb_column_7  et_pb_css_mix_blend_mode et_block_column\">\n\t\t\t\t\n\t\t\t\t\n\t\t\t\t\n\t\t\t\t\n\t\t\t\t<div class=\"et_pb_module et_d4_element et_pb_text et_pb_text_9  et_pb_text_align_left et_pb_bg_layout_light\">\n\t\t\t\t\n\t\t\t\t\n\t\t\t\t\n\t\t\t\t\n\t\t\t\t<div class=\"et_pb_text_inner\"><p><span style=\"text-decoration: underline;\"><a href=\"https:\/\/arevista.stj.pt\/\">Home Page aREVISTA<\/a><\/span>, com destaque para as sec\u00e7\u00f5es \/rubricas da revista. Utiliza\u00e7\u00e3o minima de imagens.<\/p><\/div>\n\t\t\t<\/div><div class=\"et_pb_with_border et_pb_module et_d4_element dnxte_image_scroll dnxte_image_scroll_0\">\n\t\t\t\t\n\t\t\t\t\n\t\t\t\t\n\t\t\t\t\n\t\t\t\t\n\t\t\t\t\n\t\t\t\t<div class=\"et_pb_module_inner\">\n\t\t\t\t\t<div class=\"dnext-neip-ise-wrapper\">\r\n\t\t\t\t<div class=\"dnext-neip-ise-bg-image\">\r\n\t\t\t\t\t<div class=\"dnext-neip-ise-overlay\"><\/div>\r\n\t\t\t\t\t<a href=\"\" class=\"dnext-neip-ise-button-item dnext_neip_ise_button_right-to-top\" target=\"_self\">Visualizar<\/a>\r\n\t\t\t\t<\/div>\r\n\t\t\t<\/div>\n\t\t\t\t<\/div>\n\t\t\t<\/div><div class=\"et_pb_module et_d4_element et_pb_text et_pb_text_10  et_pb_text_align_left et_pb_bg_layout_light\">\n\t\t\t\t\n\t\t\t\t\n\t\t\t\t\n\t\t\t\t\n\t\t\t\t<div class=\"et_pb_text_inner\"><p><a href=\"https:\/\/arevista.stj.pt\/?page_id=411\">Modelo de p\u00e1gina de artigos<\/a>, com separa\u00e7\u00e3o e destaquep ara cada um dos elementos do conte\u00fado (T\u00edtulo, Autor e cargo, resumo e palavras-chave, e, na zona do artigo, corpo de texto e notas de rodap\u00e9 - com navega\u00e7\u00e3o de ida e volta)<\/p><\/div>\n\t\t\t<\/div><div class=\"et_pb_with_border et_pb_module et_d4_element dnxte_image_scroll dnxte_image_scroll_1\">\n\t\t\t\t\n\t\t\t\t\n\t\t\t\t\n\t\t\t\t\n\t\t\t\t\n\t\t\t\t\n\t\t\t\t<div class=\"et_pb_module_inner\">\n\t\t\t\t\t<div class=\"dnext-neip-ise-wrapper\">\r\n\t\t\t\t<div class=\"dnext-neip-ise-bg-image\">\r\n\t\t\t\t\t<div class=\"dnext-neip-ise-overlay\"><\/div>\r\n\t\t\t\t\t<a href=\"\" class=\"dnext-neip-ise-button-item dnext_neip_ise_button_right-to-top\" target=\"_self\">Visualizar<\/a>\r\n\t\t\t\t<\/div>\r\n\t\t\t<\/div>\n\t\t\t\t<\/div>\n\t\t\t<\/div>\n\t\t\t<\/div><div class=\"et_d4_element et_pb_column_1_2 et_pb_column et_pb_column_8  et_pb_css_mix_blend_mode et-last-child et_block_column\">\n\t\t\t\t\n\t\t\t\t\n\t\t\t\t\n\t\t\t\t\n\t\t\t\t<div class=\"et_pb_module et_d4_element et_pb_text et_pb_text_11  et_pb_text_align_left et_pb_bg_layout_light\">\n\t\t\t\t\n\t\t\t\t\n\t\t\t\t\n\t\t\t\t\n\t\t\t\t<div class=\"et_pb_text_inner\"><p><a href=\"https:\/\/arevista.stj.pt\/?page_id=20\">P\u00e1gina de categoria<\/a> com navega\u00e7\u00e3o para\u00a0 todos os artigos correspondentes a essa r\u00fabrica<\/p><\/div>\n\t\t\t<\/div><div class=\"et_pb_with_border et_pb_module et_d4_element dnxte_image_scroll dnxte_image_scroll_2\">\n\t\t\t\t\n\t\t\t\t\n\t\t\t\t\n\t\t\t\t\n\t\t\t\t\n\t\t\t\t\n\t\t\t\t<div class=\"et_pb_module_inner\">\n\t\t\t\t\t<div class=\"dnext-neip-ise-wrapper\">\r\n\t\t\t\t<div class=\"dnext-neip-ise-bg-image\">\r\n\t\t\t\t\t<div class=\"dnext-neip-ise-overlay\"><\/div>\r\n\t\t\t\t\t<a href=\"\" class=\"dnext-neip-ise-button-item dnext_neip_ise_button_right-to-top\" target=\"_self\">Visualizar<\/a>\r\n\t\t\t\t<\/div>\r\n\t\t\t<\/div>\n\t\t\t\t<\/div>\n\t\t\t<\/div><div class=\"et_pb_with_border et_pb_module et_d4_element et_pb_image et_pb_image_7 et_pb_image_sticky\">\n\t\t\t\t\n\t\t\t\t\n\t\t\t\t\n\t\t\t\t\n\t\t\t\t<span class=\"et_pb_image_wrap has-box-shadow-overlay\"><div class=\"box-shadow-overlay\"><\/div><img loading=\"lazy\" decoding=\"async\" width=\"550\" height=\"393\" src=\"https:\/\/rumo17.pt\/wp-content\/uploads\/PDF.jpg\" alt=\"STJ - PDF Artigo\" title=\"STJ - PDF Artigo\" srcset=\"https:\/\/carrilho.studio\/wp-content\/uploads\/PDF.jpg 550w, https:\/\/carrilho.studio\/wp-content\/uploads\/PDF-480x343.jpg 480w\" sizes=\"(min-width: 0px) and (max-width: 480px) 480px, (min-width: 481px) 550px, 100vw\" class=\"wp-image-336000\" \/><\/span>\n\t\t\t<\/div><div class=\"et_pb_module et_d4_element et_pb_text et_pb_text_12  et_pb_text_align_left et_pb_bg_layout_light\">\n\t\t\t\t\n\t\t\t\t\n\t\t\t\t\n\t\t\t\t\n\t\t\t\t<div class=\"et_pb_text_inner\"><p>PDF do artigo para download e anota\u00e7\u00f5es em formato A4<\/p><\/div>\n\t\t\t<\/div><div class=\"et_pb_with_border et_pb_module et_d4_element et_pb_image et_pb_image_8 et_pb_image_sticky\">\n\t\t\t\t\n\t\t\t\t\n\t\t\t\t\n\t\t\t\t\n\t\t\t\t<span class=\"et_pb_image_wrap has-box-shadow-overlay\"><div class=\"box-shadow-overlay\"><\/div><img loading=\"lazy\" decoding=\"async\" width=\"550\" height=\"393\" src=\"https:\/\/rumo17.pt\/wp-content\/uploads\/STJ-Mobile.jpg\" alt=\"Boletim OA - Capas\" title=\"STJ-Mobile\" srcset=\"https:\/\/carrilho.studio\/wp-content\/uploads\/STJ-Mobile.jpg 550w, https:\/\/carrilho.studio\/wp-content\/uploads\/STJ-Mobile-480x343.jpg 480w\" sizes=\"(min-width: 0px) and (max-width: 480px) 480px, (min-width: 481px) 550px, 100vw\" class=\"wp-image-335975\" \/><\/span>\n\t\t\t<\/div><div class=\"et_pb_module et_d4_element et_pb_text et_pb_text_13  et_pb_text_align_left et_pb_bg_layout_light\">\n\t\t\t\t\n\t\t\t\t\n\t\t\t\t\n\t\t\t\t\n\t\t\t\t<div class=\"et_pb_text_inner\"><p>Site responsivo, ou seja adapta-se aos diferentes\u00a0 tipo de ecr\u00e3n, sem sacrificar a capacidade de leitura.\u00a0<\/p><\/div>\n\t\t\t<\/div>\n\t\t\t<\/div>\n\t\t\t\t\n\t\t\t\t\n\t\t\t\t\n\t\t\t\t\n\t\t\t<\/div><div class=\"et_d4_element et_pb_row et_pb_row_6  et_pb_css_mix_blend_mode et_block_row\">\n\t\t\t\t<div class=\"et_d4_element et_pb_column_4_4 et_pb_column et_pb_column_9  et_pb_css_mix_blend_mode et-last-child et_block_column\">\n\t\t\t\t\n\t\t\t\t\n\t\t\t\t\n\t\t\t\t\n\t\t\t\t<div class=\"et_pb_module et_d4_element et_pb_text et_pb_text_14  et_pb_text_align_left et_pb_bg_layout_light\">\n\t\t\t\t\n\t\t\t\t\n\t\t\t\t\n\t\t\t\t\n\t\t\t\t<div class=\"et_pb_text_inner\"><h2 style=\"text-align: center;\">Divulga\u00e7\u00e3o<\/h2><\/div>\n\t\t\t<\/div>\n\t\t\t<\/div>\n\t\t\t\t\n\t\t\t\t\n\t\t\t\t\n\t\t\t\t\n\t\t\t<\/div><div class=\"et_d4_element et_pb_row et_pb_row_7  et_pb_css_mix_blend_mode et_block_row\">\n\t\t\t\t<div class=\"et_d4_element et_pb_column_1_2 et_pb_column et_pb_column_10  et_pb_css_mix_blend_mode et_block_column\">\n\t\t\t\t\n\t\t\t\t\n\t\t\t\t\n\t\t\t\t\n\t\t\t\t<div class=\"et_pb_module et_d4_element et_pb_text et_pb_text_15  et_pb_text_align_left et_pb_bg_layout_light\">\n\t\t\t\t\n\t\t\t\t\n\t\t\t\t\n\t\t\t\t\n\t\t\t\t<div class=\"et_pb_text_inner\"><p>No<span style=\"text-decoration: underline;\"><a href=\"https:\/\/www.stj.pt\/\"><strong> site <\/strong><\/a><\/span>da institui\u00e7\u00e3o foi anunciada a publica\u00e7\u00e3o. <a href=\"https:\/\/www.stj.pt\/?p=16651\">Neste link<\/a> pode tamb\u00e9m ver a cerim\u00f3nia de lan\u00e7amento d'a REVISTA.<\/p><\/div>\n\t\t\t<\/div><div class=\"et_pb_with_border et_pb_module et_d4_element et_pb_image et_pb_image_9 et_pb_image_sticky\">\n\t\t\t\t\n\t\t\t\t\n\t\t\t\t\n\t\t\t\t\n\t\t\t\t<span class=\"et_pb_image_wrap has-box-shadow-overlay\"><div class=\"box-shadow-overlay\"><\/div><img loading=\"lazy\" decoding=\"async\" width=\"550\" height=\"393\" src=\"https:\/\/rumo17.pt\/wp-content\/uploads\/STJ-Site-divulgacao.jpg\" alt=\"STJ - Divulga\u00e7\u00e3o no Site\" title=\"STJ - Divulga\u00e7\u00e3o no Site\" srcset=\"https:\/\/carrilho.studio\/wp-content\/uploads\/STJ-Site-divulgacao.jpg 550w, https:\/\/carrilho.studio\/wp-content\/uploads\/STJ-Site-divulgacao-480x343.jpg 480w\" sizes=\"(min-width: 0px) and (max-width: 480px) 480px, (min-width: 481px) 550px, 100vw\" class=\"wp-image-336004\" \/><\/span>\n\t\t\t<\/div>\n\t\t\t<\/div><div class=\"et_d4_element et_pb_column_1_2 et_pb_column et_pb_column_11  et_pb_css_mix_blend_mode et-last-child et_block_column\">\n\t\t\t\t\n\t\t\t\t\n\t\t\t\t\n\t\t\t\t\n\t\t\t\t<div class=\"et_pb_module et_d4_element et_pb_text et_pb_text_16  et_pb_text_align_left et_pb_bg_layout_light\">\n\t\t\t\t\n\t\t\t\t\n\t\t\t\t\n\t\t\t\t\n\t\t\t\t<div class=\"et_pb_text_inner\"><p>Concebemos um Roll Up para a cerim\u00f3nia de lan\u00e7amento, que pode ver <a href=\"https:\/\/www.stj.pt\/?p=16651\">neste link<\/a>\u00a0<\/p><\/div>\n\t\t\t<\/div><div class=\"et_pb_with_border et_pb_module et_d4_element et_pb_image et_pb_image_10 et_pb_image_sticky\">\n\t\t\t\t\n\t\t\t\t\n\t\t\t\t\n\t\t\t\t\n\t\t\t\t<span class=\"et_pb_image_wrap has-box-shadow-overlay\"><div class=\"box-shadow-overlay\"><\/div><img loading=\"lazy\" decoding=\"async\" width=\"550\" height=\"393\" src=\"https:\/\/rumo17.pt\/wp-content\/uploads\/STJ-Rollup.jpg\" alt=\"STJ - Divulga\u00e7\u00e3o no Site\" title=\"STJ---Rollup\" srcset=\"https:\/\/carrilho.studio\/wp-content\/uploads\/STJ-Rollup.jpg 550w, https:\/\/carrilho.studio\/wp-content\/uploads\/STJ-Rollup-480x343.jpg 480w\" sizes=\"(min-width: 0px) and (max-width: 480px) 480px, (min-width: 481px) 550px, 100vw\" class=\"wp-image-336005\" \/><\/span>\n\t\t\t<\/div>\n\t\t\t<\/div>\n\t\t\t\t\n\t\t\t\t\n\t\t\t\t\n\t\t\t\t\n\t\t\t<\/div><div class=\"et_d4_element et_pb_row et_pb_row_8 et_animated  et_pb_css_mix_blend_mode et_block_row\">\n\t\t\t\t<div class=\"et_d4_element et_pb_column_4_4 et_pb_column et_pb_column_12  et_pb_css_mix_blend_mode et-last-child et_block_column\">\n\t\t\t\t\n\t\t\t\t\n\t\t\t\t\n\t\t\t\t\n\t\t\t\t<div class=\"et_pb_with_border et_pb_module et_d4_element et_pb_text et_pb_text_17  et_pb_text_align_left et_pb_bg_layout_light\">\n\t\t\t\t\n\t\t\t\t\n\t\t\t\t\n\t\t\t\t\n\t\t\t\t<div class=\"et_pb_text_inner\"><p>Projetos Similares<\/p><\/div>\n\t\t\t<\/div><div class=\"et_pb_with_border et_pb_module et_d4_element et_pb_portfolio_0 et_animated  et_pb_css_mix_blend_mode  et_pb_text_align_center et_pb_bg_layout_light et_pb_portfolio_grid clearfix\">\n\t\t\t\t<div class=\"et_pb_ajax_pagination_container\">\n\t\t\t\t\t\n\t\t\t\t\t\n\t\t\t\t\t\n\t\t\t\t\t\n\t\t\t\t\t<div class=\"et_pb_portfolio_grid_items et_pb_grid_items\">\n\t\t\t\t\t\t\t\t\t\t<div id=\"post-684\" class=\"post-684 project type-project status-publish has-post-thumbnail hentry project_category-congressos-e-eventos project_tag-medicina-chinesa et_pb_portfolio_item et_pb_portfolio_item_0_0 et_pb_grid_item\">\n\n\t\t\t\t\t\t\t\t\t\t<a href=\"https:\/\/carrilho.studio\/en\/project\/congresso-internacional-appa-pefots-2012\/\" title=\"International APPA Congress \u2013 PEFOTS 2012\">\n\t\t\t\t\t\t\t\t\t\t\t\t\t<span class=\"et_portfolio_image\">\n\t\t\t\t\t\t\t\t<img loading=\"lazy\" decoding=\"async\" src=\"https:\/\/carrilho.studio\/wp-content\/uploads\/2018\/07\/2-PEFOTS-APPA-Congresso-2012-400x284.jpg\" alt=\"CONGRESSO Internacional APPA &#8211; PEFOTS 2012\" width=\"400\" height=\"284\" srcset=\"https:\/\/carrilho.studio\/wp-content\/uploads\/2018\/07\/2-PEFOTS-APPA-Congresso-2012.jpg 479w, https:\/\/carrilho.studio\/wp-content\/uploads\/2018\/07\/2-PEFOTS-APPA-Congresso-2012-400x284.jpg 480w\" sizes=\"(max-width:479px) 479px, 100vw\" \/>\t\t\t\t\t\t\t\t<span class=\"et_overlay et_pb_inline_icon\" data-icon=\"\uf06e\"><\/span>\t\t\t\t\t\t\t<\/span>\n\t\t\t\t\t\t\t\t\t\t\t<\/a>\n\t\t\t\t\t\n\t\t\t\t\t<h6 class=\"et_pb_module_header\"><a href=\"https:\/\/carrilho.studio\/en\/project\/congresso-internacional-appa-pefots-2012\/\" title=\"International APPA Congress \u2013 PEFOTS 2012\">International APPA Congress \u2013 PEFOTS 2012<\/a><\/h6>\n\t\t\t\t<\/div>\n\t\t\t\t\t\t\t\t<div id=\"post-336735\" class=\"post-336735 project type-project status-publish has-post-thumbnail hentry project_category-revistas project_tag-gremio-lusitano et_pb_portfolio_item et_pb_portfolio_item_0_1 et_pb_grid_item\">\n\n\t\t\t\t\t\t\t\t\t\t<a href=\"https:\/\/carrilho.studio\/en\/project\/gremio-lusitano-design-editorial-revista\/\" title=\"Gr\u00e9mio Lusitano &#8211; Design Editorial da Revista\">\n\t\t\t\t\t\t\t\t\t\t\t\t\t<span class=\"et_portfolio_image\">\n\t\t\t\t\t\t\t\t<img loading=\"lazy\" decoding=\"async\" src=\"https:\/\/carrilho.studio\/wp-content\/uploads\/Gremio-Lusitano-26-400x284.jpg\" alt=\"Gr\u00e9mio Lusitano &#8211; Design Editorial da Revista\" width=\"400\" height=\"284\" srcset=\"https:\/\/carrilho.studio\/wp-content\/uploads\/Gremio-Lusitano-26.jpg 479w, https:\/\/carrilho.studio\/wp-content\/uploads\/Gremio-Lusitano-26-400x284.jpg 480w\" sizes=\"(max-width:479px) 479px, 100vw\" \/>\t\t\t\t\t\t\t\t<span class=\"et_overlay et_pb_inline_icon\" data-icon=\"\uf06e\"><\/span>\t\t\t\t\t\t\t<\/span>\n\t\t\t\t\t\t\t\t\t\t\t<\/a>\n\t\t\t\t\t\n\t\t\t\t\t<h6 class=\"et_pb_module_header\"><a href=\"https:\/\/carrilho.studio\/en\/project\/gremio-lusitano-design-editorial-revista\/\" title=\"Gr\u00e9mio Lusitano &#8211; Design Editorial da Revista\">Gr\u00e9mio Lusitano &#8211; Design Editorial da Revista<\/a><\/h6>\n\t\t\t\t<\/div>\n\t\t\t\t\t\t\t\t<div id=\"post-336601\" class=\"post-336601 project type-project status-publish has-post-thumbnail hentry project_category-congressos-e-eventos project_tag-sindicato-dos-oficiais-de-justica et_pb_portfolio_item et_pb_portfolio_item_0_2 et_pb_grid_item\">\n\n\t\t\t\t\t\t\t\t\t\t<a href=\"https:\/\/carrilho.studio\/en\/project\/sindicato-dos-oficiais-de-justica-1-o-congresso\/\" title=\"Sheriffs&#039; Union \u2013 1st Congress\">\n\t\t\t\t\t\t\t\t\t\t\t\t\t<span class=\"et_portfolio_image\">\n\t\t\t\t\t\t\t\t<img loading=\"lazy\" decoding=\"async\" src=\"https:\/\/carrilho.studio\/wp-content\/uploads\/Sindicato_OJ_0006_Prposta-01-400x284.jpg\" alt=\"Sindicato dos Oficiais de Justi\u00e7a &#8211; 1.\u00ba Congresso\" width=\"400\" height=\"284\" srcset=\"https:\/\/carrilho.studio\/wp-content\/uploads\/Sindicato_OJ_0006_Prposta-01.jpg 479w, https:\/\/carrilho.studio\/wp-content\/uploads\/Sindicato_OJ_0006_Prposta-01-400x284.jpg 480w\" sizes=\"(max-width:479px) 479px, 100vw\" \/>\t\t\t\t\t\t\t\t<span class=\"et_overlay et_pb_inline_icon\" data-icon=\"\uf06e\"><\/span>\t\t\t\t\t\t\t<\/span>\n\t\t\t\t\t\t\t\t\t\t\t<\/a>\n\t\t\t\t\t\n\t\t\t\t\t<h6 class=\"et_pb_module_header\"><a href=\"https:\/\/carrilho.studio\/en\/project\/sindicato-dos-oficiais-de-justica-1-o-congresso\/\" title=\"Sheriffs&#039; Union \u2013 1st Congress\">Sheriffs' Union \u2013 1st Congress<\/a><\/h6>\n\t\t\t\t<\/div>\n\t\t\t\t\t\t\t\t<div id=\"post-336585\" class=\"post-336585 project type-project status-publish has-post-thumbnail hentry project_category-ilustracao project_tag-antonio-valdemar project_tag-jornal-o-figueirense et_pb_portfolio_item et_pb_portfolio_item_0_3 et_pb_grid_item\">\n\n\t\t\t\t\t\t\t\t\t\t<a href=\"https:\/\/carrilho.studio\/en\/project\/ilustracoes-o-figueirense\/\" title=\"Ilustra\u00e7\u00f5es \u00abO Figueirense\u00bb\">\n\t\t\t\t\t\t\t\t\t\t\t\t\t<span class=\"et_portfolio_image\">\n\t\t\t\t\t\t\t\t<img loading=\"lazy\" decoding=\"async\" src=\"https:\/\/carrilho.studio\/wp-content\/uploads\/Ilustra_0001s_0001_Figueirence-25-Abril-400x284.jpg\" alt=\"Ilustra\u00e7\u00f5es \u00abO Figueirense\u00bb\" width=\"400\" height=\"284\" srcset=\"https:\/\/carrilho.studio\/wp-content\/uploads\/Ilustra_0001s_0001_Figueirence-25-Abril.jpg 479w, https:\/\/carrilho.studio\/wp-content\/uploads\/Ilustra_0001s_0001_Figueirence-25-Abril-400x284.jpg 480w\" sizes=\"(max-width:479px) 479px, 100vw\" \/>\t\t\t\t\t\t\t\t<span class=\"et_overlay et_pb_inline_icon\" data-icon=\"\uf06e\"><\/span>\t\t\t\t\t\t\t<\/span>\n\t\t\t\t\t\t\t\t\t\t\t<\/a>\n\t\t\t\t\t\n\t\t\t\t\t<h6 class=\"et_pb_module_header\"><a href=\"https:\/\/carrilho.studio\/en\/project\/ilustracoes-o-figueirense\/\" title=\"Ilustra\u00e7\u00f5es \u00abO Figueirense\u00bb\">Ilustra\u00e7\u00f5es \u00abO Figueirense\u00bb<\/a><\/h6>\n\t\t\t\t<\/div>\n\t\t\t\t\t\t\t\t<div id=\"post-336577\" class=\"post-336577 project type-project status-publish has-post-thumbnail hentry project_category-ilustracao project_tag-inatel project_tag-revista-tempo-livre et_pb_portfolio_item et_pb_portfolio_item_0_4 et_pb_grid_item\">\n\n\t\t\t\t\t\t\t\t\t\t<a href=\"https:\/\/carrilho.studio\/en\/project\/revista-tempo-livre-inatel\/\" title=\"Revista \u00abTempo Livre\u00bb\">\n\t\t\t\t\t\t\t\t\t\t\t\t\t<span class=\"et_portfolio_image\">\n\t\t\t\t\t\t\t\t<img loading=\"lazy\" decoding=\"async\" src=\"https:\/\/carrilho.studio\/wp-content\/uploads\/Ilustra_0002s_0001_TempoLivre-Pecanha-400x284.jpg\" alt=\"Revista \u00abTempo Livre\u00bb\" width=\"400\" height=\"284\" srcset=\"https:\/\/carrilho.studio\/wp-content\/uploads\/Ilustra_0002s_0001_TempoLivre-Pecanha.jpg 479w, https:\/\/carrilho.studio\/wp-content\/uploads\/Ilustra_0002s_0001_TempoLivre-Pecanha-400x284.jpg 480w\" sizes=\"(max-width:479px) 479px, 100vw\" \/>\t\t\t\t\t\t\t\t<span class=\"et_overlay et_pb_inline_icon\" data-icon=\"\uf06e\"><\/span>\t\t\t\t\t\t\t<\/span>\n\t\t\t\t\t\t\t\t\t\t\t<\/a>\n\t\t\t\t\t\n\t\t\t\t\t<h6 class=\"et_pb_module_header\"><a href=\"https:\/\/carrilho.studio\/en\/project\/revista-tempo-livre-inatel\/\" title=\"Revista \u00abTempo Livre\u00bb\">Revista \u00abTempo Livre\u00bb<\/a><\/h6>\n\t\t\t\t<\/div>\n\t\t\t\t\t\t\t\t<div id=\"post-336562\" class=\"post-336562 project type-project status-publish has-post-thumbnail hentry project_category-ilustracao project_tag-personalidades project_tag-revista-sabado et_pb_portfolio_item et_pb_portfolio_item_0_5 et_pb_grid_item\">\n\n\t\t\t\t\t\t\t\t\t\t<a href=\"https:\/\/carrilho.studio\/en\/project\/revista-sabado\/\" title=\"Revista S\u00e1bado\">\n\t\t\t\t\t\t\t\t\t\t\t\t\t<span class=\"et_portfolio_image\">\n\t\t\t\t\t\t\t\t<img loading=\"lazy\" decoding=\"async\" src=\"https:\/\/carrilho.studio\/wp-content\/uploads\/Ilustra_0000s_0003_Burlao-Pag-dupla-400x284.jpg\" alt=\"Revista S\u00e1bado\" width=\"400\" height=\"284\" srcset=\"https:\/\/carrilho.studio\/wp-content\/uploads\/Ilustra_0000s_0003_Burlao-Pag-dupla.jpg 479w, https:\/\/carrilho.studio\/wp-content\/uploads\/Ilustra_0000s_0003_Burlao-Pag-dupla-400x284.jpg 480w\" sizes=\"(max-width:479px) 479px, 100vw\" \/>\t\t\t\t\t\t\t\t<span class=\"et_overlay et_pb_inline_icon\" data-icon=\"\uf06e\"><\/span>\t\t\t\t\t\t\t<\/span>\n\t\t\t\t\t\t\t\t\t\t\t<\/a>\n\t\t\t\t\t\n\t\t\t\t\t<h6 class=\"et_pb_module_header\"><a href=\"https:\/\/carrilho.studio\/en\/project\/revista-sabado\/\" title=\"Revista S\u00e1bado\">Revista S\u00e1bado<\/a><\/h6>\n\t\t\t\t<\/div>\n\t\t\t\t\t\t\t\t<div id=\"post-336703\" class=\"post-336703 project type-project status-publish has-post-thumbnail hentry project_category-web project_tag-gremio-lusitano et_pb_portfolio_item et_pb_portfolio_item_0_6 et_pb_grid_item\">\n\n\t\t\t\t\t\t\t\t\t\t<a href=\"https:\/\/carrilho.studio\/en\/project\/design-do-website-do-gremio-lusitano\/\" title=\"Gr\u00e9mio Lusitano \u2013 Website\">\n\t\t\t\t\t\t\t\t\t\t\t\t\t<span class=\"et_portfolio_image\">\n\t\t\t\t\t\t\t\t<img loading=\"lazy\" decoding=\"async\" src=\"https:\/\/carrilho.studio\/wp-content\/uploads\/Gremio-Lusitano-site-featured-400x284.jpg\" alt=\"Gr\u00e9mio Lusitano &#8211; Website\" width=\"400\" height=\"284\" srcset=\"https:\/\/carrilho.studio\/wp-content\/uploads\/Gremio-Lusitano-site-featured.jpg 479w, https:\/\/carrilho.studio\/wp-content\/uploads\/Gremio-Lusitano-site-featured-400x284.jpg 480w\" sizes=\"(max-width:479px) 479px, 100vw\" \/>\t\t\t\t\t\t\t\t<span class=\"et_overlay et_pb_inline_icon\" data-icon=\"\uf06e\"><\/span>\t\t\t\t\t\t\t<\/span>\n\t\t\t\t\t\t\t\t\t\t\t<\/a>\n\t\t\t\t\t\n\t\t\t\t\t<h6 class=\"et_pb_module_header\"><a href=\"https:\/\/carrilho.studio\/en\/project\/design-do-website-do-gremio-lusitano\/\" title=\"Gr\u00e9mio Lusitano \u2013 Website\">Gr\u00e9mio Lusitano \u2013 Website<\/a><\/h6>\n\t\t\t\t<\/div>\n\t\t\t\t\t\t\t\t<div id=\"post-336664\" class=\"post-336664 project type-project status-publish has-post-thumbnail hentry project_category-branding project_tag-gremio-lusitano et_pb_portfolio_item et_pb_portfolio_item_0_7 et_pb_grid_item\">\n\n\t\t\t\t\t\t\t\t\t\t<a href=\"https:\/\/carrilho.studio\/en\/project\/gremio-lusitano-restyle-logo-insignia\/\" title=\"Gr\u00e9mio Lusitano \u2013 Insignia logo re-style\">\n\t\t\t\t\t\t\t\t\t\t\t\t\t<span class=\"et_portfolio_image\">\n\t\t\t\t\t\t\t\t<img loading=\"lazy\" decoding=\"async\" src=\"https:\/\/carrilho.studio\/wp-content\/uploads\/Gremio-Lusitano-Logo-transicao-digital-400x284.jpg\" alt=\"Gr\u00e9mio Lusitano &#8211; Re-style do logo ins\u00edgnia\" width=\"400\" height=\"284\" srcset=\"https:\/\/carrilho.studio\/wp-content\/uploads\/Gremio-Lusitano-Logo-transicao-digital.jpg 479w, https:\/\/carrilho.studio\/wp-content\/uploads\/Gremio-Lusitano-Logo-transicao-digital-400x284.jpg 480w\" sizes=\"(max-width:479px) 479px, 100vw\" \/>\t\t\t\t\t\t\t\t<span class=\"et_overlay et_pb_inline_icon\" data-icon=\"\uf06e\"><\/span>\t\t\t\t\t\t\t<\/span>\n\t\t\t\t\t\t\t\t\t\t\t<\/a>\n\t\t\t\t\t\n\t\t\t\t\t<h6 class=\"et_pb_module_header\"><a href=\"https:\/\/carrilho.studio\/en\/project\/gremio-lusitano-restyle-logo-insignia\/\" title=\"Gr\u00e9mio Lusitano \u2013 Insignia logo re-style\">Gr\u00e9mio Lusitano \u2013 Insignia logo re-style<\/a><\/h6>\n\t\t\t\t<\/div>\n\t\t\t\t\n\t\t\t\t\t<\/div>\n\t\t\t\t\t\n\t\t\t\t<\/div>\n\t\t\t<\/div>\n\t\t\t<\/div>\n\t\t\t\t\n\t\t\t\t\n\t\t\t\t\n\t\t\t\t\n\t\t\t<\/div>\n\t\t\t\t\n\t\t\t\t\n\t\t\t<\/div><div class=\"et_d4_element et_pb_section et_pb_section_4 et_pb_with_background  et_pb_css_mix_blend_mode et_section_regular et_block_section\" >\n\t\t\t\t\n\t\t\t\t\n\t\t\t\t\n\t\t\t\t\n\t\t\t\t\n\t\t\t\t\n\t\t\t\t\n\t\t\t\t\n\t\t\t\t\n\t\t\t<\/div>","protected":false},"excerpt":{"rendered":"<p>Design da linha gr\u00e1fica da publica\u00e7\u00e3o impressa e digital do Supremo Tribunal de Justi\u00e7a &#8211; \u00aba Revista\u00bb.<\/p>","protected":false},"author":5,"featured_media":336416,"comment_status":"closed","ping_status":"closed","template":"","meta":{"_monsterinsights_skip_tracking":false,"_monsterinsights_sitenote_active":false,"_monsterinsights_sitenote_note":"","_monsterinsights_sitenote_category":0,"_et_pb_use_builder":"on","_et_pb_old_content":"","_et_gb_content_width":"","footnotes":""},"project_category":[153],"project_tag":[95],"class_list":["post-335923","project","type-project","status-publish","has-post-thumbnail","hentry","project_category-destaques","project_tag-cooper"],"yoast_head":"<!-- This site is optimized with the Yoast SEO plugin v27.4 - https:\/\/yoast.com\/product\/yoast-seo-wordpress\/ -->\n<title>A Revista - Supremo Tribunal de Justi\u00e7a | Carrilho.Studio<\/title>\n<meta name=\"description\" content=\"Design da linha gr\u00e1fica da publica\u00e7\u00e3o impressa e digital do Supremo Tribunal de Justi\u00e7a - \u00aba Revista\u00bb.\" \/>\n<meta name=\"robots\" content=\"index, follow, max-snippet:-1, max-image-preview:large, max-video-preview:-1\" \/>\n<link rel=\"canonical\" href=\"https:\/\/carrilho.studio\/en\/project\/a-revista-supremo-tribunal-de-justica\/\" \/>\n<meta property=\"og:locale\" content=\"en_US\" \/>\n<meta property=\"og:type\" content=\"article\" \/>\n<meta property=\"og:title\" content=\"A Revista - Supremo Tribunal de Justi\u00e7a | Carrilho.Studio\" \/>\n<meta property=\"og:description\" content=\"Design da linha gr\u00e1fica da publica\u00e7\u00e3o impressa e digital do Supremo Tribunal de Justi\u00e7a - \u00aba Revista\u00bb.\" \/>\n<meta property=\"og:url\" content=\"https:\/\/carrilho.studio\/en\/project\/a-revista-supremo-tribunal-de-justica\/\" \/>\n<meta property=\"og:site_name\" content=\"Carrilho.Studio\" \/>\n<meta property=\"article:modified_time\" content=\"2024-08-23T13:20:54+00:00\" \/>\n<meta property=\"og:image\" content=\"https:\/\/carrilho.studio\/wp-content\/uploads\/STJ-Header-2.jpg\" \/>\n\t<meta property=\"og:image:width\" content=\"250\" \/>\n\t<meta property=\"og:image:height\" content=\"250\" \/>\n\t<meta property=\"og:image:type\" content=\"image\/jpeg\" \/>\n<meta name=\"twitter:card\" content=\"summary_large_image\" \/>\n<meta name=\"twitter:label1\" content=\"Est. reading time\" \/>\n\t<meta name=\"twitter:data1\" content=\"7 minutes\" \/>\n<script type=\"application\/ld+json\" class=\"yoast-schema-graph\">{\"@context\":\"https:\\\/\\\/schema.org\",\"@graph\":[{\"@type\":[\"Article\",\"BlogPosting\"],\"@id\":\"https:\\\/\\\/carrilho.studio\\\/project\\\/a-revista-supremo-tribunal-de-justica\\\/#article\",\"isPartOf\":{\"@id\":\"https:\\\/\\\/carrilho.studio\\\/project\\\/a-revista-supremo-tribunal-de-justica\\\/\"},\"author\":{\"name\":\"AlvaroCarrilho\",\"@id\":\"https:\\\/\\\/carrilho.studio\\\/#\\\/schema\\\/person\\\/dd752e8cf9509a1509167a8c07dd12c1\"},\"headline\":\"A Revista &#8211; Supremo Tribunal de Justi\u00e7a\",\"datePublished\":\"2022-08-28T11:21:55+00:00\",\"dateModified\":\"2024-08-23T13:20:54+00:00\",\"mainEntityOfPage\":{\"@id\":\"https:\\\/\\\/carrilho.studio\\\/project\\\/a-revista-supremo-tribunal-de-justica\\\/\"},\"wordCount\":2791,\"image\":{\"@id\":\"https:\\\/\\\/carrilho.studio\\\/project\\\/a-revista-supremo-tribunal-de-justica\\\/#primaryimage\"},\"thumbnailUrl\":\"https:\\\/\\\/carrilho.studio\\\/wp-content\\\/uploads\\\/STJ-Header-2.jpg\",\"inLanguage\":\"en-US\"},{\"@type\":\"WebPage\",\"@id\":\"https:\\\/\\\/carrilho.studio\\\/project\\\/a-revista-supremo-tribunal-de-justica\\\/\",\"url\":\"https:\\\/\\\/carrilho.studio\\\/project\\\/a-revista-supremo-tribunal-de-justica\\\/\",\"name\":\"A Revista - Supremo Tribunal de Justi\u00e7a | Carrilho.Studio\",\"isPartOf\":{\"@id\":\"https:\\\/\\\/carrilho.studio\\\/#website\"},\"primaryImageOfPage\":{\"@id\":\"https:\\\/\\\/carrilho.studio\\\/project\\\/a-revista-supremo-tribunal-de-justica\\\/#primaryimage\"},\"image\":{\"@id\":\"https:\\\/\\\/carrilho.studio\\\/project\\\/a-revista-supremo-tribunal-de-justica\\\/#primaryimage\"},\"thumbnailUrl\":\"https:\\\/\\\/carrilho.studio\\\/wp-content\\\/uploads\\\/STJ-Header-2.jpg\",\"datePublished\":\"2022-08-28T11:21:55+00:00\",\"dateModified\":\"2024-08-23T13:20:54+00:00\",\"description\":\"Design da linha gr\u00e1fica da publica\u00e7\u00e3o impressa e digital do Supremo Tribunal de Justi\u00e7a - \u00aba Revista\u00bb.\",\"breadcrumb\":{\"@id\":\"https:\\\/\\\/carrilho.studio\\\/project\\\/a-revista-supremo-tribunal-de-justica\\\/#breadcrumb\"},\"inLanguage\":\"en-US\",\"potentialAction\":[{\"@type\":\"ReadAction\",\"target\":[\"https:\\\/\\\/carrilho.studio\\\/project\\\/a-revista-supremo-tribunal-de-justica\\\/\"]}]},{\"@type\":\"ImageObject\",\"inLanguage\":\"en-US\",\"@id\":\"https:\\\/\\\/carrilho.studio\\\/project\\\/a-revista-supremo-tribunal-de-justica\\\/#primaryimage\",\"url\":\"https:\\\/\\\/carrilho.studio\\\/wp-content\\\/uploads\\\/STJ-Header-2.jpg\",\"contentUrl\":\"https:\\\/\\\/carrilho.studio\\\/wp-content\\\/uploads\\\/STJ-Header-2.jpg\",\"width\":250,\"height\":250},{\"@type\":\"BreadcrumbList\",\"@id\":\"https:\\\/\\\/carrilho.studio\\\/project\\\/a-revista-supremo-tribunal-de-justica\\\/#breadcrumb\",\"itemListElement\":[{\"@type\":\"ListItem\",\"position\":1,\"name\":\"Home\",\"item\":\"https:\\\/\\\/carrilho.studio\\\/\"},{\"@type\":\"ListItem\",\"position\":2,\"name\":\"Projects\",\"item\":\"https:\\\/\\\/carrilho.studio\\\/project\\\/\"},{\"@type\":\"ListItem\",\"position\":3,\"name\":\"A Revista &#8211; Supremo Tribunal de Justi\u00e7a\"}]},{\"@type\":\"WebSite\",\"@id\":\"https:\\\/\\\/carrilho.studio\\\/#website\",\"url\":\"https:\\\/\\\/carrilho.studio\\\/\",\"name\":\"Carrilho.Studio\",\"description\":\"Promo\u00e7\u00e3o de Conte\u00fados Institucionais\",\"potentialAction\":[{\"@type\":\"SearchAction\",\"target\":{\"@type\":\"EntryPoint\",\"urlTemplate\":\"https:\\\/\\\/carrilho.studio\\\/?s={search_term_string}\"},\"query-input\":{\"@type\":\"PropertyValueSpecification\",\"valueRequired\":true,\"valueName\":\"search_term_string\"}}],\"inLanguage\":\"en-US\"},{\"@type\":\"Person\",\"@id\":\"https:\\\/\\\/carrilho.studio\\\/#\\\/schema\\\/person\\\/dd752e8cf9509a1509167a8c07dd12c1\",\"name\":\"AlvaroCarrilho\"}]}<\/script>\n<!-- \/ Yoast SEO plugin. -->","yoast_head_json":{"title":"A Revista - Supremo Tribunal de Justi\u00e7a | Carrilho.Studio","description":"Design da linha gr\u00e1fica da publica\u00e7\u00e3o impressa e digital do Supremo Tribunal de Justi\u00e7a - \u00aba Revista\u00bb.","robots":{"index":"index","follow":"follow","max-snippet":"max-snippet:-1","max-image-preview":"max-image-preview:large","max-video-preview":"max-video-preview:-1"},"canonical":"https:\/\/carrilho.studio\/en\/project\/a-revista-supremo-tribunal-de-justica\/","og_locale":"en_US","og_type":"article","og_title":"A Revista - Supremo Tribunal de Justi\u00e7a | Carrilho.Studio","og_description":"Design da linha gr\u00e1fica da publica\u00e7\u00e3o impressa e digital do Supremo Tribunal de Justi\u00e7a - \u00aba Revista\u00bb.","og_url":"https:\/\/carrilho.studio\/en\/project\/a-revista-supremo-tribunal-de-justica\/","og_site_name":"Carrilho.Studio","article_modified_time":"2024-08-23T13:20:54+00:00","og_image":[{"width":250,"height":250,"url":"https:\/\/carrilho.studio\/wp-content\/uploads\/STJ-Header-2.jpg","type":"image\/jpeg"}],"twitter_card":"summary_large_image","twitter_misc":{"Est. reading time":"7 minutes"},"schema":{"@context":"https:\/\/schema.org","@graph":[{"@type":["Article","BlogPosting"],"@id":"https:\/\/carrilho.studio\/project\/a-revista-supremo-tribunal-de-justica\/#article","isPartOf":{"@id":"https:\/\/carrilho.studio\/project\/a-revista-supremo-tribunal-de-justica\/"},"author":{"name":"AlvaroCarrilho","@id":"https:\/\/carrilho.studio\/#\/schema\/person\/dd752e8cf9509a1509167a8c07dd12c1"},"headline":"A Revista &#8211; Supremo Tribunal de Justi\u00e7a","datePublished":"2022-08-28T11:21:55+00:00","dateModified":"2024-08-23T13:20:54+00:00","mainEntityOfPage":{"@id":"https:\/\/carrilho.studio\/project\/a-revista-supremo-tribunal-de-justica\/"},"wordCount":2791,"image":{"@id":"https:\/\/carrilho.studio\/project\/a-revista-supremo-tribunal-de-justica\/#primaryimage"},"thumbnailUrl":"https:\/\/carrilho.studio\/wp-content\/uploads\/STJ-Header-2.jpg","inLanguage":"en-US"},{"@type":"WebPage","@id":"https:\/\/carrilho.studio\/project\/a-revista-supremo-tribunal-de-justica\/","url":"https:\/\/carrilho.studio\/project\/a-revista-supremo-tribunal-de-justica\/","name":"A Revista - Supremo Tribunal de Justi\u00e7a | Carrilho.Studio","isPartOf":{"@id":"https:\/\/carrilho.studio\/#website"},"primaryImageOfPage":{"@id":"https:\/\/carrilho.studio\/project\/a-revista-supremo-tribunal-de-justica\/#primaryimage"},"image":{"@id":"https:\/\/carrilho.studio\/project\/a-revista-supremo-tribunal-de-justica\/#primaryimage"},"thumbnailUrl":"https:\/\/carrilho.studio\/wp-content\/uploads\/STJ-Header-2.jpg","datePublished":"2022-08-28T11:21:55+00:00","dateModified":"2024-08-23T13:20:54+00:00","description":"Design da linha gr\u00e1fica da publica\u00e7\u00e3o impressa e digital do Supremo Tribunal de Justi\u00e7a - \u00aba Revista\u00bb.","breadcrumb":{"@id":"https:\/\/carrilho.studio\/project\/a-revista-supremo-tribunal-de-justica\/#breadcrumb"},"inLanguage":"en-US","potentialAction":[{"@type":"ReadAction","target":["https:\/\/carrilho.studio\/project\/a-revista-supremo-tribunal-de-justica\/"]}]},{"@type":"ImageObject","inLanguage":"en-US","@id":"https:\/\/carrilho.studio\/project\/a-revista-supremo-tribunal-de-justica\/#primaryimage","url":"https:\/\/carrilho.studio\/wp-content\/uploads\/STJ-Header-2.jpg","contentUrl":"https:\/\/carrilho.studio\/wp-content\/uploads\/STJ-Header-2.jpg","width":250,"height":250},{"@type":"BreadcrumbList","@id":"https:\/\/carrilho.studio\/project\/a-revista-supremo-tribunal-de-justica\/#breadcrumb","itemListElement":[{"@type":"ListItem","position":1,"name":"Home","item":"https:\/\/carrilho.studio\/"},{"@type":"ListItem","position":2,"name":"Projects","item":"https:\/\/carrilho.studio\/project\/"},{"@type":"ListItem","position":3,"name":"A Revista &#8211; Supremo Tribunal de Justi\u00e7a"}]},{"@type":"WebSite","@id":"https:\/\/carrilho.studio\/#website","url":"https:\/\/carrilho.studio\/","name":"Carrilho.Studio","description":"Promo\u00e7\u00e3o de Conte\u00fados Institucionais","potentialAction":[{"@type":"SearchAction","target":{"@type":"EntryPoint","urlTemplate":"https:\/\/carrilho.studio\/?s={search_term_string}"},"query-input":{"@type":"PropertyValueSpecification","valueRequired":true,"valueName":"search_term_string"}}],"inLanguage":"en-US"},{"@type":"Person","@id":"https:\/\/carrilho.studio\/#\/schema\/person\/dd752e8cf9509a1509167a8c07dd12c1","name":"AlvaroCarrilho"}]}},"_links":{"self":[{"href":"https:\/\/carrilho.studio\/en\/wp-json\/wp\/v2\/project\/335923","targetHints":{"allow":["GET"]}}],"collection":[{"href":"https:\/\/carrilho.studio\/en\/wp-json\/wp\/v2\/project"}],"about":[{"href":"https:\/\/carrilho.studio\/en\/wp-json\/wp\/v2\/types\/project"}],"author":[{"embeddable":true,"href":"https:\/\/carrilho.studio\/en\/wp-json\/wp\/v2\/users\/5"}],"replies":[{"embeddable":true,"href":"https:\/\/carrilho.studio\/en\/wp-json\/wp\/v2\/comments?post=335923"}],"version-history":[{"count":0,"href":"https:\/\/carrilho.studio\/en\/wp-json\/wp\/v2\/project\/335923\/revisions"}],"wp:featuredmedia":[{"embeddable":true,"href":"https:\/\/carrilho.studio\/en\/wp-json\/wp\/v2\/media\/336416"}],"wp:attachment":[{"href":"https:\/\/carrilho.studio\/en\/wp-json\/wp\/v2\/media?parent=335923"}],"wp:term":[{"taxonomy":"project_category","embeddable":true,"href":"https:\/\/carrilho.studio\/en\/wp-json\/wp\/v2\/project_category?post=335923"},{"taxonomy":"project_tag","embeddable":true,"href":"https:\/\/carrilho.studio\/en\/wp-json\/wp\/v2\/project_tag?post=335923"}],"curies":[{"name":"wp","href":"https:\/\/api.w.org\/{rel}","templated":true}]}}